{"id":4059,"date":"2023-11-22T09:26:37","date_gmt":"2023-11-22T08:26:37","guid":{"rendered":"https:\/\/test.aci-laser.com\/?page_id=4059"},"modified":"2025-07-15T17:40:48","modified_gmt":"2025-07-15T15:40:48","slug":"economy-fiber","status":"publish","type":"page","link":"https:\/\/aci-laser.com\/es\/productos-soluciones\/marcadores-laser\/economy-fiber\/","title":{"rendered":"Economy Fiber &#8211; ES"},"content":{"rendered":"<section id=\"default-aci\" class=\"split-block split-block-id-69f513e102a2b split-block-layout-fullWidth split-block-select-layout-2 default-aci\">\r\n                            \r\n                <div class=\"container-fluid\">\r\n                    \r\n                    <div class=\"split-wrapper\">\r\n                        <div class=\"row\">\r\n                        \r\n                            <div class=\"col-12 col-xl-6 pe-xl-0 mob order-last order-lg-first\">\r\n                                <div class=\"content bg-white\">\r\n                                    <div class=\"content-wrapper\">\r\n                                        <p class='subheadline petrol'>L\u00e1ser de fibra<\/p>\r\n                                        <h1 class='headline petrol'>Economy Fiber<\/h1>\r\n                                        <div class=\"con-wrapper\">\n<p class=\"wp-block-wt-split-block\">El sistema de marcaje DFL Ventus es un l\u00e1ser de fibra de la serie econ\u00f3mica adecuado para el marcaje r\u00e1pido y sencillo de superficies <strong>met\u00e1licas <\/strong>y <strong>pl\u00e1sticas<\/strong>. El sistema se caracteriza por su alta fiabilidad y su capacidad para producir marcas negras en <strong>acero <\/strong>inoxidable. El enfoque autom\u00e1tico del rayo l\u00e1ser mediante <strong>Auto Focus<\/strong> permite obtener resultados de mecanizado precisos con gran exactitud de repetici\u00f3n para componentes cambiantes, diferentes alturas de piezas o tolerancias de producci\u00f3n muy variables.<br><br>La serie Economy Fiber ofrece una alternativa rentable a los sistemas Business Fiber para aplicaciones est\u00e1ndar con tecnolog\u00eda l\u00e1ser de fibra. Los sistemas son ideales para el procesamiento de materiales por l\u00e1ser de nivel b\u00e1sico y tambi\u00e9n pueden utilizarse como elementos de integraci\u00f3n en sistemas automatizados.<\/p>\n<\/div>\r\n                                        <div class=\"btn-wrapper\">\r\n                                            <a href=\"#\" class=\"pdf-download\" data-pdf-token=\"MlBkS0hRZm56WUxLQWpKdnVTUzY0SldJc2l0T2RkYWppSjh1ZWhkVjdJZzE0SXRwQll5ZzdWWG1zaWVZOVYxVWRacTNXUFcwK3JHbEdmZ1N4Rm5lK1BWc3grSzArL1BsSGNDM0d0djVPdmM9OjrkJGYBLwP91EjC9TU7aqte\">\r\n                                <div class=\"wt-btn-petrol btn-with-icon\">\r\n                                    <span class=\"icon-white-download\"><\/span><span>Folleto del producto<\/span>\r\n                                <\/div>\r\n                            <\/a>\r\n                                            \r\n                                            \r\n                                        <\/div>                                        \r\n                                    <\/div>\r\n                                <\/div>\r\n                            <\/div>\r\n                            \r\n                            <div class=\"col-12 col-xl-6 ps-xl-0 mob d-flex align-items-center\">\r\n                                <div class='split-block-slider-wrapper'><div class='slide'>\r\n                            <div class='slide-image-wrapper'>\r\n                                <img loading=\"lazy\" decoding=\"async\" width=\"860\" height=\"860\" src=\"\/wp-content\/uploads\/2025\/08\/ImageText_ACI_EconomyFiberID.webp\" class=\"attachment-full size-full\" alt=\"Faserlaser DFL Ventus Marker der Economy Fiber Serie im Industrial und Standard Design\" srcset=\"\/wp-content\/uploads\/2025\/08\/ImageText_ACI_EconomyFiberID.webp 860w, \/wp-content\/uploads\/2025\/08\/ImageText_ACI_EconomyFiberID-300x300.webp 300w, \/wp-content\/uploads\/2025\/08\/ImageText_ACI_EconomyFiberID-150x150.webp 150w, \/wp-content\/uploads\/2025\/08\/ImageText_ACI_EconomyFiberID-768x768.webp 768w\" sizes=\"auto, (max-width: 860px) 100vw, 860px\" \/>\r\n                            <\/div>                            \r\n                        <\/div><div class='slide'>\r\n                            <div class='slide-image-wrapper'>\r\n                                <img loading=\"lazy\" decoding=\"async\" width=\"860\" height=\"860\" src=\"\/wp-content\/uploads\/2025\/08\/ImageText_ACI_EconomyFiber.webp\" class=\"attachment-full size-full\" alt=\"Faserlaser DFL Ventus Marker der Economy Fiber Serie in Standardausf\u00fchrung\" srcset=\"\/wp-content\/uploads\/2025\/08\/ImageText_ACI_EconomyFiber.webp 860w, \/wp-content\/uploads\/2025\/08\/ImageText_ACI_EconomyFiber-300x300.webp 300w, \/wp-content\/uploads\/2025\/08\/ImageText_ACI_EconomyFiber-150x150.webp 150w, \/wp-content\/uploads\/2025\/08\/ImageText_ACI_EconomyFiber-768x768.webp 768w\" sizes=\"auto, (max-width: 860px) 100vw, 860px\" \/>\r\n                            <\/div>                            \r\n                        <\/div><div class='slide'>\r\n                            <div class='slide-image-wrapper'>\r\n                                <img loading=\"lazy\" decoding=\"async\" width=\"860\" height=\"860\" src=\"\/wp-content\/uploads\/2025\/08\/ImageText_ACI_BusinessFiberID.webp\" class=\"attachment-full size-full\" alt=\"Faserlaser DFL Ventus Marker der Business Fiber Serie im Industrial Design\" srcset=\"\/wp-content\/uploads\/2025\/08\/ImageText_ACI_BusinessFiberID.webp 860w, \/wp-content\/uploads\/2025\/08\/ImageText_ACI_BusinessFiberID-300x300.webp 300w, \/wp-content\/uploads\/2025\/08\/ImageText_ACI_BusinessFiberID-150x150.webp 150w, \/wp-content\/uploads\/2025\/08\/ImageText_ACI_BusinessFiberID-768x768.webp 768w\" sizes=\"auto, (max-width: 860px) 100vw, 860px\" \/>\r\n                            <\/div>                            \r\n                        <\/div><\/div>\r\n                            <\/div>\r\n                            \r\n                        <\/div>\r\n                    <\/div>                            \r\n                <\/div>\r\n                                                  \r\n            <\/section>\r\n<div class=\"modal fade pdf-brochure\" id=\"pdf-download-modal\" tabindex=\"-1\" aria-labelledby=\"pdf-download-modal-label\">\r\n  <div class=\"modal-dialog modal-xl modal-dialog-centered\">\r\n    <div class=\"modal-content\">\r\n      <div class=\"modal-header\">\r\n         <p class=\"modal-title\" id=\"pdf-download-modal-label\">Solicitud de descarga<\/p>\r\n         <div class=\"modal-header-button\">\r\n             <button type=\"button\" class=\"btn-close\" data-bs-dismiss=\"modal\">&times;<\/button>\r\n         <\/div>\r\n      <\/div>\r\n      <div class=\"modal-body\">\r\n           \n<div class=\"wpcf7 no-js\" id=\"wpcf7-f16624-o1\" lang=\"de-DE\" dir=\"ltr\" data-wpcf7-id=\"16624\">\n<div class=\"screen-reader-response\"><p role=\"status\" aria-live=\"polite\" aria-atomic=\"true\"><\/p> <ul><\/ul><\/div>\n<form action=\"\/es\/wp-json\/wp\/v2\/pages\/4059#wpcf7-f16624-o1\" method=\"post\" class=\"wpcf7-form init\" aria-label=\"Kontaktformular\" novalidate=\"novalidate\" data-status=\"init\" data-form-name=\"PDF-Login-Formular (ES)\">\n<fieldset class=\"hidden-fields-container\"><input type=\"hidden\" name=\"_wpcf7\" value=\"16624\" \/><input type=\"hidden\" name=\"_wpcf7_version\" value=\"6.1.5\" \/><input type=\"hidden\" name=\"_wpcf7_locale\" value=\"de_DE\" \/><input type=\"hidden\" name=\"_wpcf7_unit_tag\" value=\"wpcf7-f16624-o1\" \/><input type=\"hidden\" name=\"_wpcf7_container_post\" value=\"0\" \/><input type=\"hidden\" name=\"_wpcf7_posted_data_hash\" value=\"\" \/><input type=\"hidden\" name=\"_wpcf7_recaptcha_response\" value=\"\" \/>\n<\/fieldset>\n<div class=\"container section-form hidden-field-quelle\">\n\t<div class=\"row\">\n\t\t<p>Para poder responder a sus necesidades de la mejor manera posible, le pedimos que nos facilite una vez sus datos de contacto. La descarga se iniciar\u00e1 directamente despu\u00e9s. No es necesario introducir m\u00e1s datos para otras descargas, se inician autom\u00e1ticamente.\n\t\t<\/p>\n\t\t<div class=\"col-md-6 col-12\">\n\t\t\t<p><label> Nombre* <span class=\"wpcf7-form-control-wrap\" data-name=\"field-firstname\"><input size=\"40\" maxlength=\"400\" class=\"wpcf7-form-control wpcf7-text wpcf7-validates-as-required\" aria-required=\"true\" aria-invalid=\"false\" value=\"\" type=\"text\" name=\"field-firstname\" \/><\/span> <\/label>\n\t\t\t<\/p>\n\t\t<\/div>\n\t\t<div class=\"col-md-6 col-12\">\n\t\t\t<p><label> Apellido* <span class=\"wpcf7-form-control-wrap\" data-name=\"field-lastname\"><input size=\"40\" maxlength=\"400\" class=\"wpcf7-form-control wpcf7-text wpcf7-validates-as-required\" aria-required=\"true\" aria-invalid=\"false\" value=\"\" type=\"text\" name=\"field-lastname\" \/><\/span> <\/label>\n\t\t\t<\/p>\n\t\t<\/div>\n\t\t<div class=\"col-md-6 col-12\">\n\t\t\t<p><label> Direcci\u00f3n de correo electr\u00f3nico* <span class=\"wpcf7-form-control-wrap\" data-name=\"field-email\"><input size=\"40\" maxlength=\"400\" class=\"wpcf7-form-control wpcf7-email wpcf7-validates-as-required wpcf7-text wpcf7-validates-as-email\" aria-required=\"true\" aria-invalid=\"false\" value=\"\" type=\"email\" name=\"field-email\" \/><\/span> <\/label>\n\t\t\t<\/p>\n\t\t<\/div>\n\t\t<div class=\"col-md-6 col-12\">\n\t\t\t<p><label> Empresa* <span class=\"wpcf7-form-control-wrap\" data-name=\"field-company\"><input size=\"40\" maxlength=\"400\" class=\"wpcf7-form-control wpcf7-text wpcf7-validates-as-required\" aria-required=\"true\" aria-invalid=\"false\" value=\"\" type=\"text\" name=\"field-company\" \/><\/span> <\/label>\n\t\t\t<\/p>\n\t\t<\/div>\n\t\t<div class=\"col-md-6 col-12\">\n\t\t\t<p><label> Tel\u00e9fono* <span class=\"wpcf7-form-control-wrap\" data-name=\"field-telephone\"><input size=\"40\" maxlength=\"400\" class=\"wpcf7-form-control wpcf7-text wpcf7-validates-as-required\" aria-required=\"true\" aria-invalid=\"false\" value=\"\" type=\"text\" name=\"field-telephone\" \/><\/span> <\/label>\n\t\t\t<\/p>\n\t\t<\/div>\n\t\t<div class=\"col-md-6 col-12\">\n\t\t\t<p><label> Pa\u00eds* <span class=\"wpcf7-form-control-wrap\" data-name=\"field-country\"><input size=\"40\" maxlength=\"400\" class=\"wpcf7-form-control wpcf7-text wpcf7-validates-as-required\" aria-required=\"true\" aria-invalid=\"false\" value=\"\" type=\"text\" name=\"field-country\" \/><\/span> <\/label>\n\t\t\t<\/p>\n\t\t<\/div>\n\t\t<div class=\"col-md-6 col-12\">\n\t\t\t<p><label> C\u00f3digo postal* <span class=\"wpcf7-form-control-wrap\" data-name=\"field-plz\"><input size=\"40\" maxlength=\"400\" class=\"wpcf7-form-control wpcf7-text wpcf7-validates-as-required\" aria-required=\"true\" aria-invalid=\"false\" value=\"\" type=\"text\" name=\"field-plz\" \/><\/span> <\/label>\n\t\t\t<\/p>\n\t\t<\/div>\n\t\t<div class=\"col-md-6 col-12\">\n\t\t\t<p><label> Ubicaci\u00f3n* <span class=\"wpcf7-form-control-wrap\" data-name=\"field-ort\"><input size=\"40\" maxlength=\"400\" class=\"wpcf7-form-control wpcf7-text wpcf7-validates-as-required\" aria-required=\"true\" aria-invalid=\"false\" value=\"\" type=\"text\" name=\"field-ort\" \/><\/span> <\/label>\n\t\t\t<\/p>\n\t\t<\/div>\n\t\t<div class=\"col-12\">\n\t\t\t<p class=\"mb-0\">Su mensaje (opcional)\n\t\t\t<\/p>\n\t\t\t<p class=\"mb-0\"><span class=\"wpcf7-form-control-wrap\" data-name=\"your-message\"><textarea cols=\"40\" rows=\"10\" maxlength=\"2000\" class=\"wpcf7-form-control wpcf7-textarea\" aria-invalid=\"false\" name=\"your-message\"><\/textarea><\/span>\n\t\t\t<\/p>\n\t\t<\/div>\n\t\t<div class=\"col-12\">\n\t\t\t<p class=\"mt-4\"><b> <\/b><b>\u00bfTiene un proyecto actual?*<\/b>\n\t\t\t<\/p>\n\t\t\t<div class=\"radio-buttons-login-in\">\n\t\t\t\t<p><span class=\"wpcf7-form-control-wrap\" data-name=\"proyecto\"><span class=\"wpcf7-form-control wpcf7-radio\"><span class=\"wpcf7-list-item first\"><label><input type=\"radio\" name=\"proyecto\" value=\"S\u00ed, actual y urgente\" \/><span class=\"wpcf7-list-item-label\">S\u00ed, actual y urgente<\/span><\/label><\/span><span class=\"wpcf7-list-item\"><label><input type=\"radio\" name=\"proyecto\" value=\"S\u00ed, en los pr\u00f3ximos 6 meses\" \/><span class=\"wpcf7-list-item-label\">S\u00ed, en los pr\u00f3ximos 6 meses<\/span><\/label><\/span><span class=\"wpcf7-list-item\"><label><input type=\"radio\" name=\"proyecto\" value=\"S\u00ed, en los pr\u00f3ximos 6-12 meses\" \/><span class=\"wpcf7-list-item-label\">S\u00ed, en los pr\u00f3ximos 6-12 meses<\/span><\/label><\/span><span class=\"wpcf7-list-item\"><label><input type=\"radio\" name=\"proyecto\" value=\"S\u00ed, en los pr\u00f3ximos 12+ meses\" \/><span class=\"wpcf7-list-item-label\">S\u00ed, en los pr\u00f3ximos 12+ meses<\/span><\/label><\/span><span class=\"wpcf7-list-item last\"><label><input type=\"radio\" name=\"proyecto\" value=\"No hay proyecto planeado\" \/><span class=\"wpcf7-list-item-label\">No hay proyecto planeado<\/span><\/label><\/span><\/span><\/span>\n\t\t\t\t<\/p>\n\t\t\t<\/div>\n\t\t<\/div>\n\t\t<div class=\"col-12\">\n\t\t\t<p><span class=\"wpcf7-form-control-wrap\" data-name=\"dsgvo\"><span class=\"wpcf7-form-control wpcf7-checkbox wpcf7-validates-as-required\"><span class=\"wpcf7-list-item first last\"><label><input type=\"checkbox\" name=\"dsgvo[]\" value=\"Acepto la transmisi\u00f3n\/procesamiento de mis datos de acuerdo con la pol\u00edtica de privacidad.*\" \/><span class=\"wpcf7-list-item-label\">Acepto la transmisi\u00f3n\/procesamiento de mis datos de acuerdo con la pol\u00edtica de privacidad.*<\/span><\/label><\/span><\/span><\/span> Lea nuestra <a href=\"https:\/\/www.aci-laser.com\/es\/declaracion-de-proteccion-de-datos\/\" target=\"_blank\">pol\u00edtica de privacidad<\/a>.\n\t\t\t<\/p>\n\t\t\t<p>* = Campo obligatorio\n\t\t\t<\/p>\n\t\t<div class=\"wpcf7-response-output\" aria-hidden=\"true\"><\/div>\n\t\t<input class=\"wpcf7-form-control wpcf7-hidden\" id=\"cf7-link-downloaded\" value=\"\" type=\"hidden\" name=\"cf7-link-downloaded\" \/>\n\t\t\t<div style=\"margin-bottom: 1rem\">\n\t\t\t<span class=\"wpcf7-form-control-wrap recaptcha\" data-name=\"recaptcha\"><span data-sitekey=\"6LchRHsqAAAAAMwH10ot0qoLut1f_AYOknfq4FQf\" class=\"wpcf7-form-control wpcf7-recaptcha g-recaptcha\"><\/span>\r\n<noscript>\r\n\t<div class=\"grecaptcha-noscript\">\r\n\t\t<iframe loading=\"lazy\" src=\"https:\/\/www.google.com\/recaptcha\/api\/fallback?k=6LchRHsqAAAAAMwH10ot0qoLut1f_AYOknfq4FQf\" frameborder=\"0\" scrolling=\"no\" width=\"310\" height=\"430\">\r\n\t\t<\/iframe>\r\n\t\t<textarea name=\"g-recaptcha-response\" rows=\"3\" cols=\"40\" placeholder=\"reCaptcha Response Here\">\r\n\t\t<\/textarea>\r\n\t<\/div>\r\n<\/noscript>\r\n<\/span>\n\t\t\t<\/div>\n\t\t\t<p><input class=\"wpcf7-form-control wpcf7-submit has-spinner wt-btn-petrol\" type=\"submit\" value=\"Enviar\" \/>\n\t\t\t<\/p>\n\t\t<\/div>\n\t<\/div>\n<\/div>\n<\/form>\n<\/div>\n\r\n      <\/div>\r\n    <\/div>\r\n  <\/div>\r\n<\/div>\n\n<section class=\"newsletter-form-section newsletter-section-wrap newsletter-form-69f513e105125 \">\n                <div class=\"jarallax newsletter-window\" style=\"background-image: url(\/wp-content\/uploads\/2023\/11\/Prismengrafik_1900x400.jpg);\">\n                    <div class=\"container\">\n                        <div class=\"row\">\n                            <div class=\"col-12\">\n                                <div class=\"textbanner-wrapper d-flex align-items-center justify-content-md-between flex-column flex-md-row gap-2\">\n                                    \n                                    <div class=\"newsletter-form-info\">\n                                        <div class=\"textbanner-text\">\n                                            \u00bfTiene alguna pregunta sobre los productos o desea asesoramiento?\n                                        <\/div>\n                                    <\/div>\n                                    \n                                    <div class=\"newsletter-form-group\">\n                                        \n                                        <div>\n                                            <a href=\"\/es\/contacto\/internacional-ventas\/\" class=\"dynamic-button-banner\" data-href=\"\/es\/contacto\/internacional-ventas\/\" data-target=\"\">\n                           <div class=\"wt-btn-outline\"><span>Enviar solicitud <\/span><\/div>\n                         <\/a>    \n                                        <\/div>\n                                        \n                                    <\/div>\n                                <\/div>\n                            <\/div>\n                        <\/div>\n                    <\/div>\n                <\/div>\n            <\/section><script>\ndocument.addEventListener(\"DOMContentLoaded\", function () {\n    document.querySelectorAll(\".dynamic-button-banner\").forEach(button => {\n        button.addEventListener(\"click\", function (event) {\n            event.preventDefault();\n\n            let inputField = document.querySelector(\"input.wpcf7-form-control.wpcf7-hidden[name='field-quelle']\");\n            let originalUrl = this.dataset.href;\n            let targetId = this.dataset.target;\n\n            if (originalUrl) {\n                let url = new URL(originalUrl, window.location.origin);\n                let params = new URLSearchParams(url.search);\n\n                if (inputField) {\n                    let paramValue = params.get(\"type\") || \"default_value\";\n                    inputField.value = paramValue;\n                }\n\n                const is_external = url.origin !== window.location.origin;\n                if (is_external) {\n                    let extHref = url.href.split(\"#\")[0];\n                    if (targetId) {\n                        extHref += \"#\" + targetId;\n                    }\n                    window.open(extHref, \"_blank\", \"noopener\");\n                    return;\n                }\n\n                let newUrl = url.pathname;\n                if (params.toString()) {\n                    newUrl += `?${params.toString()}`;\n                }\n\n                if (window.location.pathname !== url.pathname) {\n                    window.location.href = newUrl + (targetId ? \"#\" + targetId : \"\");\n                    return;\n                }\n\n                window.history.replaceState({}, \"\", newUrl + (targetId ? \"#\" + targetId : \"\"));\n            }\n\n            if (targetId) {\n                let targetElement = document.getElementById(targetId);\n\n                if (targetElement) {\n                    const headlineTarget = targetElement.querySelector(\".textBlock-headline\");\n                    if (headlineTarget) {\n                        targetElement = headlineTarget;\n                    }\n\n                    targetElement.style.scrollMarginTop = window.innerWidth <= 991 ? \"-600px\" : \"-200px\";\n                    targetElement.scrollIntoView({\n                        behavior: \"smooth\",\n                        block: \"start\"\n                    });\n                }\n            }\n        });\n    });\n});\n<\/script>\n\n\n            <section id=\"\" class=\"acc-block acc-block-id-69f513e1051a4 tab-table-block  \">\n                \n                <div class=\"container\">                        \n                      \n        <div class=\"accWrapper\">                                                \n            \n            <div class=\"row\">\n                <div class=\"col-12\">\n                    <div class=\"acc-box\">\n                        \n                        <div class=\"click-area\">                            \n                            <div>\n                                <div class=\"plus\"><\/div>\n                            <\/div>                           \n                            \n                            <span class=\"title\">Materiales<\/span>\n                        <\/div>\n                        \n                        <div class=\"content-area add-content position-layout-table-100 add-content-type-table\">\n                            \n                            <div class=\"content\">\n                                <div class=\"text-wrapper\"><\/div>\n                                <div class=\"add-content-wrapper\">\n                                    <div class=\"table-responsive external-function-call id-8517\">\n            <table class=\"table\">\n                <thead><tr><th>Material y procedimientos<\/th><th>DFL Ventus Marker Eco<\/th><th>DFL Ventus Marker Eco - Industrial Design<\/th><\/tr><\/thead>\n                <tbody>\n                    <tr><td>Metal templado<\/td><td><span class=\"symbol-hook\"><\/span><\/td><td><span class=\"symbol-hook\"><\/span><\/td><\/tr><tr><td>Grabar metal<\/td><td><span class=\"symbol-hook\"><\/span><\/td><td><span class=\"symbol-hook\"><\/span><\/td><\/tr><tr><td>Quitar metal<\/td><td><span class=\"symbol-hook\"><\/span><\/td><td><span class=\"symbol-hook\"><\/span><\/td><\/tr><tr><td>Pl\u00e1stico de espuma<\/td><td><span class=\"symbol-hook\"><\/span><\/td><td><span class=\"symbol-hook\"><\/span><\/td><\/tr><tr><td>Carbonizar pl\u00e1stico<\/td><td><span class=\"symbol-hook\"><\/span><\/td><td><span class=\"symbol-hook\"><\/span><\/td><\/tr><tr><td>Grabar pl\u00e1stico<\/td><td><span class=\"symbol-x\"><\/span><\/td><td><span class=\"symbol-x\"><\/span><\/td><\/tr><tr><td>Eliminaci\u00f3n de l\u00e1minas<\/td><td><span class=\"symbol-hook\"><\/span><\/td><td><span class=\"symbol-hook\"><\/span><\/td><\/tr><tr><td>Cubierta de color de l\u00e1mina<\/td><td><span class=\"symbol-minus\"><\/span><\/td><td><span class=\"symbol-minus\"><\/span><\/td><\/tr><tr><td>Vidrio<\/td><td><span class=\"symbol-x\"><\/span><\/td><td><span class=\"symbol-x\"><\/span><\/td><\/tr><tr><td>Cer\u00e1mica<\/td><td><span class=\"symbol-minus\"><\/span><\/td><td><span class=\"symbol-minus\"><\/span><\/td><\/tr><tr><td>Madera, papel, cuero<\/td><td><span class=\"symbol-x\"><\/span><\/td><td><span class=\"symbol-x\"><\/span><\/td><\/tr>\n                <\/tbody>\n            <\/table>\n            \n    <div class=\"symbol-container d-none\">\n        <p><span class=\"symbol-black-circle\"><\/span> sehr gut<\/p>\n        <p><span class=\"symbol-white-circle\"><\/span> gut<\/p>\n        <p><span class=\"symbol-line\"><\/span> ungeeignet<\/p>\n    <\/div>\n        <\/div>\n                                <\/div>\n                            <\/div>\n                            \n                        <\/div>\n                        \n                    <\/div> \n                <\/div>\n            <\/div>\n            <div class=\"row\">\n                <div class=\"col-12\">\n                    <div class=\"acc-box\">\n                        \n                        <div class=\"click-area\">                            \n                            <div>\n                                <div class=\"plus\"><\/div>\n                            <\/div>                           \n                            \n                            <span class=\"title\">Caracter\u00edsticas<\/span>\n                        <\/div>\n                        \n                        <div class=\"content-area  position-left \">\n                            \n                            <div class=\"content\">\n                                <div class=\"text-wrapper\"><ul>\n<li>100 % refrigerado por aire<\/li>\n<li>Bajo consumo<\/li>\n<li>Control con PC externo<\/li>\n<li>F\u00e1cil integraci\u00f3n gracias a sus reducidas dimensiones y peso<\/li>\n<li>3 m de longitud de fibra<\/li>\n<li>Posibilidad de elegir entre diferentes lentes para distintos tama\u00f1os de campo de marcado<\/li>\n<\/ul>\n<\/div>\n                                \n                            <\/div>\n                            \n                        <\/div>\n                        \n                    <\/div> \n                <\/div>\n            <\/div>\n            <div class=\"row\">\n                <div class=\"col-12\">\n                    <div class=\"acc-box\">\n                        \n                        <div class=\"click-area\">                            \n                            <div>\n                                <div class=\"plus\"><\/div>\n                            <\/div>                           \n                            \n                            <span class=\"title\">Accesorios opcionales<\/span>\n                        <\/div>\n                        \n                        <div class=\"content-area  position-left \">\n                            \n                            <div class=\"content\">\n                                <div class=\"text-wrapper\"><ul>\n<li>Enfoque autom\u00e1tico del haz l\u00e1ser (Auto Focus)<\/li>\n<li><a href=\"https:\/\/www.aci-laser.com\/es\/productos-soluciones\/sistemas-vision-lecturas-codigos\/\">Sistemas de visi\u00f3n<\/a> para la identificaci\u00f3n autom\u00e1tica de objetos (<a href=\"https:\/\/www.aci-laser.com\/es\/productos-soluciones\/sistemas-vision-lecturas-codigos\/aoi-vision-system\/\">Sistema de visi\u00f3n AOI<\/a>) Posicionamiento de marcas asistido por c\u00e1mara (<a href=\"https:\/\/www.aci-laser.com\/es\/productos-soluciones\/sistemas-vision-lecturas-codigos\/cpm-vision-system\/\">Sistema de visi\u00f3n CPM<\/a>)<\/li>\n<li>Sistemas de lectura de c\u00f3digos<\/li>\n<li>Salida USB externa, por ejemplo, para aplicaciones de c\u00e1mara<\/li>\n<li>Buscador de enfoque externo<\/li>\n<\/ul>\n<\/div>\n                                \n                            <\/div>\n                            \n                        <\/div>\n                        \n                    <\/div> \n                <\/div>\n            <\/div>\n            <div class=\"row\">\n                <div class=\"col-12\">\n                    <div class=\"acc-box\">\n                        \n                        <div class=\"click-area\">                            \n                            <div>\n                                <div class=\"plus\"><\/div>\n                            <\/div>                           \n                            \n                            <span class=\"title\">Software<\/span>\n                        <\/div>\n                        \n                        <div class=\"content-area  position-left \">\n                            \n                            <div class=\"content\">\n                                <div class=\"text-wrapper\"><p><strong>Magic Mark<\/strong><\/p>\n<p>El sistema l\u00e1ser se controla mediante nuestro software propio Magic Mark. Permite etiquetar piezas con texto, gr\u00e1ficos, c\u00f3digos (c\u00f3digos DataMatrix, c\u00f3digos de barras), n\u00fameros de serie y logotipos. Tambi\u00e9n es posible realizar el etiquetado circunferencial en componentes con simetr\u00eda de rotaci\u00f3n sin necesidad de un accesorio. La gesti\u00f3n inteligente de autorizaciones permite crear diferentes grupos de operarios. Esto permite adaptar el sistema l\u00e1ser a las necesidades de cada usuario. El funcionamiento totalmente autom\u00e1tico con intercambio de datos a varias fuentes de datos es f\u00e1cilmente posible cuando se utiliza en l\u00edneas de producci\u00f3n automatizadas. Las funciones de Magic Mark pueden ampliarse opcionalmente mediante plug-ins como el m\u00f3dulo de c\u00f3digo o script.<\/p>\n<p><a href=\"https:\/\/www.aci-laser.com\/es\/productos-soluciones\/software\/magic-mark\/\">M\u00e1s informaci\u00f3n sobre Magic Mark<\/a><\/p>\n<\/div>\n                                \n                            <\/div>\n                            \n                        <\/div>\n                        \n                    <\/div> \n                <\/div>\n            <\/div>\n            <div class=\"row\">\n                <div class=\"col-12\">\n                    <div class=\"acc-box\">\n                        \n                        <div class=\"click-area\">                            \n                            <div>\n                                <div class=\"plus\"><\/div>\n                            <\/div>                           \n                            \n                            <span class=\"title\">Seguridad functional<\/span>\n                        <\/div>\n                        \n                        <div class=\"content-area  position-left \">\n                            \n                            <div class=\"content\">\n                                <div class=\"text-wrapper\"><p>Todos los sistemas l\u00e1ser est\u00e1n equipados con un dispositivo de seguridad (SD) certificado conforme a la norma EN ISO 13849 de acuerdo con los requisitos de seguridad funcional, garantizando as\u00ed al usuario la m\u00e1xima protecci\u00f3n posible contra fallos de funcionamiento y un estado seguro de su sistema l\u00e1ser. (EN 13849 PLe Cat. 4).<\/p>\n<\/div>\n                                \n                            <\/div>\n                            \n                        <\/div>\n                        \n                    <\/div> \n                <\/div>\n            <\/div>                                                \n        <\/div>                        \n                <\/div>                                            \n                                      \n            <\/section>\n            <noscript>\n                    <style>\n                        \n                        .acc-block .acc-box .content {\n                            font-size: 18pt;\n                            line-height: 26pt;\n                            opacity: 1 !important;\n                            visibility: visible !important;\n                            max-height: inherit !important;\n                        }\n                        .acc-block .acc-box .content-area {\n                            padding-bottom: 20px !important;\n                            padding-top: 20px !important;\n                        }\n                        \n                    <\/style>\n                <\/noscript>\n\n\n<div style=\"height:100px\" aria-hidden=\"true\" class=\"wp-block-spacer\"><\/div>\n\n\n            \r\n            <section id=\"default-aci\" class=\"split-block split-block-id-69f513e105722 split-block-layout-boxed split-block-select-layout-3 default-aci\">\r\n                            \r\n                    <div class=\"container\">                        \r\n                        \r\n                        <div class=\"split-wrapper\">\r\n                            <div class=\"row\">\r\n                            \r\n                                <div class=\"col-12 col-xl-6 pe-xl-0 mob d-flex align-items-center\">\r\n                                    <div class='split-block-slider-wrapper'><div class='slide'>\r\n                            <div class='slide-image-wrapper'>\r\n                                <img loading=\"lazy\" decoding=\"async\" width=\"856\" height=\"571\" src=\"\/wp-content\/uploads\/2023\/12\/CTA-ACI_Applikationsbeispiel_EconomyFiber_Tierohrmarke_Kunststoff.jpg\" class=\"attachment-full size-full\" alt=\"Laserbeschriftung auf einer Tierohrmarke aus Kunststoff\" srcset=\"\/wp-content\/uploads\/2023\/12\/CTA-ACI_Applikationsbeispiel_EconomyFiber_Tierohrmarke_Kunststoff.jpg 856w, \/wp-content\/uploads\/2023\/12\/CTA-ACI_Applikationsbeispiel_EconomyFiber_Tierohrmarke_Kunststoff-300x200.jpg 300w, \/wp-content\/uploads\/2023\/12\/CTA-ACI_Applikationsbeispiel_EconomyFiber_Tierohrmarke_Kunststoff-768x512.jpg 768w\" sizes=\"auto, (max-width: 856px) 100vw, 856px\" \/>\r\n                            <\/div>                            \r\n                        <\/div><div class='slide'>\r\n                            <div class='slide-image-wrapper'>\r\n                                <img loading=\"lazy\" decoding=\"async\" width=\"856\" height=\"571\" src=\"\/wp-content\/uploads\/2023\/12\/CTA-ACI_Applikationsbeispiel_EconomyFiber_Anlassbeschriftung-auf-Sensorengehaeuse-aus-Metall.jpg\" class=\"attachment-full size-full\" alt=\"Beschriftung auf einem Sensorgeh\u00e4use aus Metall mittels Laserbeschriftung\" srcset=\"\/wp-content\/uploads\/2023\/12\/CTA-ACI_Applikationsbeispiel_EconomyFiber_Anlassbeschriftung-auf-Sensorengehaeuse-aus-Metall.jpg 856w, \/wp-content\/uploads\/2023\/12\/CTA-ACI_Applikationsbeispiel_EconomyFiber_Anlassbeschriftung-auf-Sensorengehaeuse-aus-Metall-300x200.jpg 300w, \/wp-content\/uploads\/2023\/12\/CTA-ACI_Applikationsbeispiel_EconomyFiber_Anlassbeschriftung-auf-Sensorengehaeuse-aus-Metall-768x512.jpg 768w\" sizes=\"auto, (max-width: 856px) 100vw, 856px\" \/>\r\n                            <\/div>                            \r\n                        <\/div><div class='slide'>\r\n                            <div class='slide-image-wrapper'>\r\n                                <img loading=\"lazy\" decoding=\"async\" width=\"856\" height=\"571\" src=\"\/wp-content\/uploads\/2023\/12\/CTA-ACI_Applikationsbeispiel_EconomyFiber_Anlassbeschriftung_Edelstahl.jpg\" class=\"attachment-full size-full\" alt=\"Beschriftung auf einem Metallzylinder mittels Laserbeschriftung\" srcset=\"\/wp-content\/uploads\/2023\/12\/CTA-ACI_Applikationsbeispiel_EconomyFiber_Anlassbeschriftung_Edelstahl.jpg 856w, \/wp-content\/uploads\/2023\/12\/CTA-ACI_Applikationsbeispiel_EconomyFiber_Anlassbeschriftung_Edelstahl-300x200.jpg 300w, \/wp-content\/uploads\/2023\/12\/CTA-ACI_Applikationsbeispiel_EconomyFiber_Anlassbeschriftung_Edelstahl-768x512.jpg 768w\" sizes=\"auto, (max-width: 856px) 100vw, 856px\" \/>\r\n                            <\/div>                            \r\n                        <\/div><div class='slide'>\r\n                            <div class='slide-image-wrapper'>\r\n                                <img loading=\"lazy\" decoding=\"async\" width=\"856\" height=\"571\" src=\"\/wp-content\/uploads\/2023\/12\/CTA-ACI_Applikationsbeispiel_EconomyFiber_Ventil.jpg\" class=\"attachment-full size-full\" alt=\"Beschriftung auf einem Ventil aus Metall mittels Laserbeschriftung\" srcset=\"\/wp-content\/uploads\/2023\/12\/CTA-ACI_Applikationsbeispiel_EconomyFiber_Ventil.jpg 856w, \/wp-content\/uploads\/2023\/12\/CTA-ACI_Applikationsbeispiel_EconomyFiber_Ventil-300x200.jpg 300w, \/wp-content\/uploads\/2023\/12\/CTA-ACI_Applikationsbeispiel_EconomyFiber_Ventil-768x512.jpg 768w\" sizes=\"auto, (max-width: 856px) 100vw, 856px\" \/>\r\n                            <\/div>                            \r\n                        <\/div><\/div>\r\n                                <\/div>\r\n                                \r\n                                <div class=\"col-12 col-xl-6 mob ps-xl-0\">\r\n                                    <div class=\"content bg-gray\">\r\n                                       \r\n                                       <div class=\"content-wrapper\">\r\n                                            <span class='subheadline white'>Economy Fiber<\/span>\r\n                                            <h2 class='headline white'>Aplicaciones<\/h2>\r\n                                            <div class=\"con-wrapper\">\n<p class=\"wp-block-wt-split-block\">Al marcar un producto o componente, el objetivo es crear un marcado que sea permanente, de alto contraste y alta resoluci\u00f3n. Adem\u00e1s, s\u00f3lo debe causar una tensi\u00f3n m\u00ednima en el material o modificar sus propiedades. Los sistemas l\u00e1ser de la serie Economy Fiber cumplen estos requisitos de forma \u00f3ptima.<\/p>\n<\/div>\r\n                                            <div class=\"btn-wrapper\">\r\n                                                <a href=\"\/es\/contacto\/internacional-ventas\/\"  class=\"button-1 mb-3\">\r\n                            <div class=\"wt-btn-outline \">\r\n                                <span>Contacto ventas<\/span>\r\n                            <\/div>\r\n                        <\/a>\r\n                                                \r\n                                                \r\n                                            <\/div>\r\n                                       <\/div>\r\n                                    <\/div>\r\n                                <\/div>\r\n                                \r\n                            <\/div>\r\n                        <\/div>                            \r\n                    <\/div>\r\n                                                  \r\n            <\/section>\r\n<div class=\"modal fade pdf-brochure\" id=\"pdf-download-modal\" tabindex=\"-1\" aria-labelledby=\"pdf-download-modal-label\">\r\n  <div class=\"modal-dialog modal-xl modal-dialog-centered\">\r\n    <div class=\"modal-content\">\r\n      <div class=\"modal-header\">\r\n         <p class=\"modal-title\" id=\"pdf-download-modal-label\">Solicitud de descarga<\/p>\r\n         <div class=\"modal-header-button\">\r\n             <button type=\"button\" class=\"btn-close\" data-bs-dismiss=\"modal\">&times;<\/button>\r\n         <\/div>\r\n      <\/div>\r\n      <div class=\"modal-body\">\r\n           \n<div class=\"wpcf7 no-js\" id=\"wpcf7-f16624-o2\" lang=\"de-DE\" dir=\"ltr\" data-wpcf7-id=\"16624\">\n<div class=\"screen-reader-response\"><p role=\"status\" aria-live=\"polite\" aria-atomic=\"true\"><\/p> <ul><\/ul><\/div>\n<form action=\"\/es\/wp-json\/wp\/v2\/pages\/4059#wpcf7-f16624-o2\" method=\"post\" class=\"wpcf7-form init\" aria-label=\"Kontaktformular\" novalidate=\"novalidate\" data-status=\"init\" data-form-name=\"PDF-Login-Formular (ES)\">\n<fieldset class=\"hidden-fields-container\"><input type=\"hidden\" name=\"_wpcf7\" value=\"16624\" \/><input type=\"hidden\" name=\"_wpcf7_version\" value=\"6.1.5\" \/><input type=\"hidden\" name=\"_wpcf7_locale\" value=\"de_DE\" \/><input type=\"hidden\" name=\"_wpcf7_unit_tag\" value=\"wpcf7-f16624-o2\" \/><input type=\"hidden\" name=\"_wpcf7_container_post\" value=\"0\" \/><input type=\"hidden\" name=\"_wpcf7_posted_data_hash\" value=\"\" \/><input type=\"hidden\" name=\"_wpcf7_recaptcha_response\" value=\"\" \/>\n<\/fieldset>\n<div class=\"container section-form hidden-field-quelle\">\n\t<div class=\"row\">\n\t\t<p>Para poder responder a sus necesidades de la mejor manera posible, le pedimos que nos facilite una vez sus datos de contacto. La descarga se iniciar\u00e1 directamente despu\u00e9s. No es necesario introducir m\u00e1s datos para otras descargas, se inician autom\u00e1ticamente.\n\t\t<\/p>\n\t\t<div class=\"col-md-6 col-12\">\n\t\t\t<p><label> Nombre* <span class=\"wpcf7-form-control-wrap\" data-name=\"field-firstname\"><input size=\"40\" maxlength=\"400\" class=\"wpcf7-form-control wpcf7-text wpcf7-validates-as-required\" aria-required=\"true\" aria-invalid=\"false\" value=\"\" type=\"text\" name=\"field-firstname\" \/><\/span> <\/label>\n\t\t\t<\/p>\n\t\t<\/div>\n\t\t<div class=\"col-md-6 col-12\">\n\t\t\t<p><label> Apellido* <span class=\"wpcf7-form-control-wrap\" data-name=\"field-lastname\"><input size=\"40\" maxlength=\"400\" class=\"wpcf7-form-control wpcf7-text wpcf7-validates-as-required\" aria-required=\"true\" aria-invalid=\"false\" value=\"\" type=\"text\" name=\"field-lastname\" \/><\/span> <\/label>\n\t\t\t<\/p>\n\t\t<\/div>\n\t\t<div class=\"col-md-6 col-12\">\n\t\t\t<p><label> Direcci\u00f3n de correo electr\u00f3nico* <span class=\"wpcf7-form-control-wrap\" data-name=\"field-email\"><input size=\"40\" maxlength=\"400\" class=\"wpcf7-form-control wpcf7-email wpcf7-validates-as-required wpcf7-text wpcf7-validates-as-email\" aria-required=\"true\" aria-invalid=\"false\" value=\"\" type=\"email\" name=\"field-email\" \/><\/span> <\/label>\n\t\t\t<\/p>\n\t\t<\/div>\n\t\t<div class=\"col-md-6 col-12\">\n\t\t\t<p><label> Empresa* <span class=\"wpcf7-form-control-wrap\" data-name=\"field-company\"><input size=\"40\" maxlength=\"400\" class=\"wpcf7-form-control wpcf7-text wpcf7-validates-as-required\" aria-required=\"true\" aria-invalid=\"false\" value=\"\" type=\"text\" name=\"field-company\" \/><\/span> <\/label>\n\t\t\t<\/p>\n\t\t<\/div>\n\t\t<div class=\"col-md-6 col-12\">\n\t\t\t<p><label> Tel\u00e9fono* <span class=\"wpcf7-form-control-wrap\" data-name=\"field-telephone\"><input size=\"40\" maxlength=\"400\" class=\"wpcf7-form-control wpcf7-text wpcf7-validates-as-required\" aria-required=\"true\" aria-invalid=\"false\" value=\"\" type=\"text\" name=\"field-telephone\" \/><\/span> <\/label>\n\t\t\t<\/p>\n\t\t<\/div>\n\t\t<div class=\"col-md-6 col-12\">\n\t\t\t<p><label> Pa\u00eds* <span class=\"wpcf7-form-control-wrap\" data-name=\"field-country\"><input size=\"40\" maxlength=\"400\" class=\"wpcf7-form-control wpcf7-text wpcf7-validates-as-required\" aria-required=\"true\" aria-invalid=\"false\" value=\"\" type=\"text\" name=\"field-country\" \/><\/span> <\/label>\n\t\t\t<\/p>\n\t\t<\/div>\n\t\t<div class=\"col-md-6 col-12\">\n\t\t\t<p><label> C\u00f3digo postal* <span class=\"wpcf7-form-control-wrap\" data-name=\"field-plz\"><input size=\"40\" maxlength=\"400\" class=\"wpcf7-form-control wpcf7-text wpcf7-validates-as-required\" aria-required=\"true\" aria-invalid=\"false\" value=\"\" type=\"text\" name=\"field-plz\" \/><\/span> <\/label>\n\t\t\t<\/p>\n\t\t<\/div>\n\t\t<div class=\"col-md-6 col-12\">\n\t\t\t<p><label> Ubicaci\u00f3n* <span class=\"wpcf7-form-control-wrap\" data-name=\"field-ort\"><input size=\"40\" maxlength=\"400\" class=\"wpcf7-form-control wpcf7-text wpcf7-validates-as-required\" aria-required=\"true\" aria-invalid=\"false\" value=\"\" type=\"text\" name=\"field-ort\" \/><\/span> <\/label>\n\t\t\t<\/p>\n\t\t<\/div>\n\t\t<div class=\"col-12\">\n\t\t\t<p class=\"mb-0\">Su mensaje (opcional)\n\t\t\t<\/p>\n\t\t\t<p class=\"mb-0\"><span class=\"wpcf7-form-control-wrap\" data-name=\"your-message\"><textarea cols=\"40\" rows=\"10\" maxlength=\"2000\" class=\"wpcf7-form-control wpcf7-textarea\" aria-invalid=\"false\" name=\"your-message\"><\/textarea><\/span>\n\t\t\t<\/p>\n\t\t<\/div>\n\t\t<div class=\"col-12\">\n\t\t\t<p class=\"mt-4\"><b> <\/b><b>\u00bfTiene un proyecto actual?*<\/b>\n\t\t\t<\/p>\n\t\t\t<div class=\"radio-buttons-login-in\">\n\t\t\t\t<p><span class=\"wpcf7-form-control-wrap\" data-name=\"proyecto\"><span class=\"wpcf7-form-control wpcf7-radio\"><span class=\"wpcf7-list-item first\"><label><input type=\"radio\" name=\"proyecto\" value=\"S\u00ed, actual y urgente\" \/><span class=\"wpcf7-list-item-label\">S\u00ed, actual y urgente<\/span><\/label><\/span><span class=\"wpcf7-list-item\"><label><input type=\"radio\" name=\"proyecto\" value=\"S\u00ed, en los pr\u00f3ximos 6 meses\" \/><span class=\"wpcf7-list-item-label\">S\u00ed, en los pr\u00f3ximos 6 meses<\/span><\/label><\/span><span class=\"wpcf7-list-item\"><label><input type=\"radio\" name=\"proyecto\" value=\"S\u00ed, en los pr\u00f3ximos 6-12 meses\" \/><span class=\"wpcf7-list-item-label\">S\u00ed, en los pr\u00f3ximos 6-12 meses<\/span><\/label><\/span><span class=\"wpcf7-list-item\"><label><input type=\"radio\" name=\"proyecto\" value=\"S\u00ed, en los pr\u00f3ximos 12+ meses\" \/><span class=\"wpcf7-list-item-label\">S\u00ed, en los pr\u00f3ximos 12+ meses<\/span><\/label><\/span><span class=\"wpcf7-list-item last\"><label><input type=\"radio\" name=\"proyecto\" value=\"No hay proyecto planeado\" \/><span class=\"wpcf7-list-item-label\">No hay proyecto planeado<\/span><\/label><\/span><\/span><\/span>\n\t\t\t\t<\/p>\n\t\t\t<\/div>\n\t\t<\/div>\n\t\t<div class=\"col-12\">\n\t\t\t<p><span class=\"wpcf7-form-control-wrap\" data-name=\"dsgvo\"><span class=\"wpcf7-form-control wpcf7-checkbox wpcf7-validates-as-required\"><span class=\"wpcf7-list-item first last\"><label><input type=\"checkbox\" name=\"dsgvo[]\" value=\"Acepto la transmisi\u00f3n\/procesamiento de mis datos de acuerdo con la pol\u00edtica de privacidad.*\" \/><span class=\"wpcf7-list-item-label\">Acepto la transmisi\u00f3n\/procesamiento de mis datos de acuerdo con la pol\u00edtica de privacidad.*<\/span><\/label><\/span><\/span><\/span> Lea nuestra <a href=\"https:\/\/www.aci-laser.com\/es\/declaracion-de-proteccion-de-datos\/\" target=\"_blank\">pol\u00edtica de privacidad<\/a>.\n\t\t\t<\/p>\n\t\t\t<p>* = Campo obligatorio\n\t\t\t<\/p>\n\t\t<div class=\"wpcf7-response-output\" aria-hidden=\"true\"><\/div>\n\t\t<input class=\"wpcf7-form-control wpcf7-hidden\" value=\"\" type=\"hidden\" name=\"cf7-link-downloaded\" \/>\n\t\t\t<div style=\"margin-bottom: 1rem\">\n\t\t\t<span class=\"wpcf7-form-control-wrap recaptcha\" data-name=\"recaptcha\"><span data-sitekey=\"6LchRHsqAAAAAMwH10ot0qoLut1f_AYOknfq4FQf\" class=\"wpcf7-form-control wpcf7-recaptcha g-recaptcha\"><\/span>\r\n<noscript>\r\n\t<div class=\"grecaptcha-noscript\">\r\n\t\t<iframe loading=\"lazy\" src=\"https:\/\/www.google.com\/recaptcha\/api\/fallback?k=6LchRHsqAAAAAMwH10ot0qoLut1f_AYOknfq4FQf\" frameborder=\"0\" scrolling=\"no\" width=\"310\" height=\"430\">\r\n\t\t<\/iframe>\r\n\t\t<textarea name=\"g-recaptcha-response\" rows=\"3\" cols=\"40\" placeholder=\"reCaptcha Response Here\">\r\n\t\t<\/textarea>\r\n\t<\/div>\r\n<\/noscript>\r\n<\/span>\n\t\t\t<\/div>\n\t\t\t<p><input class=\"wpcf7-form-control wpcf7-submit has-spinner wt-btn-petrol\" type=\"submit\" value=\"Enviar\" \/>\n\t\t\t<\/p>\n\t\t<\/div>\n\t<\/div>\n<\/div>\n<\/form>\n<\/div>\n\r\n      <\/div>\r\n    <\/div>\r\n  <\/div>\r\n<\/div>\n\n\n<div style=\"height:100px\" aria-hidden=\"true\" class=\"wp-block-spacer\"><\/div>\n\n\n<section id=\"\" class=\"wt-video-block\" data-source=\"self\" data-url=\"\/wp-content\/uploads\/2023\/11\/DFL-Ventus-Marker-Economy-Fibre.mp4 \">\r\n        <div class=\"container \">\r\n            <div class=\"row\">\r\n                <div class=\"col-12 wt-video-block-output-wrapper\">                    \r\n                        <div class=\"wt-vid-wrapper\">\r\n                        <video controls=\"\" preload=\"none\" poster=\"\/wp-content\/uploads\/2024\/11\/ACI-Video-Thumb__Ventus-Marker-Eco_YouTube.jpg\">\r\n                            <source src=\"\/wp-content\/uploads\/2023\/11\/DFL-Ventus-Marker-Economy-Fibre.mp4\" type=\"video\/mp4\">\r\n                            Su navegador no soporta la etiqueta de v\u00eddeo.\r\n                        <\/video>\r\n                    <\/div>\r\n                <\/div>\r\n            <\/div>\r\n        <\/div>\r\n    <\/section>\n\n\n<div style=\"height:80px\" aria-hidden=\"true\" class=\"wp-block-spacer\"><\/div>\n\n\n\r\n    <style>\r\n                    .testimonial-block-id-69f513e106f28 .testimonial-post-wrapper {\r\n                            background:url(\/wp-content\/uploads\/2024\/10\/Prismengrafik_1900x400.webp) no-repeat center center;\r\n                        }\r\n                        @media(max-width:767px) {\r\n                        .testimonial-block-id-69f513e106f28 .testimonial-post-wrapper {\r\n                            background-size: cover;\r\n                            background-attachment: scroll;\r\n                        }}\r\n                        \r\n                    <\/style>\r\n            \r\n            <div class=\"testimonial-block-wrapper testimonial-block-id-69f513e106f28\">\r\n                \r\n                <div class=\"testimonial-post-wrapper\">\r\n                    <div class=\"container\">\r\n                         <div class=\"row testimonialPost align-items-center\">\r\n                             <h2 class=\"wt-h1 text-center w-100\">Nuestros clientes<\/h2>\r\n\r\n                        <div class=\"col-1 d-flex justify-content-start align-items-center arrow-align\">\r\n                          <div class=\"testimonial-arrow-prev\">\r\n                         <span class=\"arrow\">\r\n                        <span><\/span>\r\n                        <span><\/span>\r\n                      <\/span>\r\n                      <\/div>\r\n                     <\/div>\r\n\r\n                <div class=\"col-10\">\r\n                <div class=\"testimonial-slider\">\r\n                    <div class=\"col-12 col-md-6 col-lg-4 post-img testimonial-block-wrapper\">\r\n    <div class=\"post\">\r\n        <div class=\"d-flex flex-column align-items-center\">\r\n            <div class=\"quote-wrapper\">S\u00f3lo quer\u00eda agradecerles que todo haya ido tan bien con su servicio aqu\u00ed en Jap\u00f3n. Cambiamos 5 l\u00e1seres de dongle de hardware a dongle de software y la comunicaci\u00f3n con su departamento de servicio aqu\u00ed fue muy buena.<\/div><div class=\"company-wrapper\"><p><span>Un cliente satisfecho de ACI<\/span> <\/p><\/div><div class=\"job-wrapper\"><p><\/p><\/div>\r\n            <\/div>\r\n        <\/div>\r\n      <\/div><div class=\"col-12 col-md-6 col-lg-4 post-img testimonial-block-wrapper\">\r\n    <div class=\"post\">\r\n        <div class=\"d-flex flex-column align-items-center\">\r\n            <div class=\"quote-wrapper\">Muchas gracias al Sr. Janicke por el r\u00e1pido y profesional servicio de reparaci\u00f3n y a todos los implicados por la rapidez del proceso.<\/div><div class=\"company-wrapper\"><p><span>ECOM Instruments GmbH<\/span> | Werner Gebert<\/p><\/div><div class=\"job-wrapper\"><p>Jefe de Operaciones<\/p><\/div>\r\n            <\/div>\r\n        <\/div>\r\n      <\/div><div class=\"col-12 col-md-6 col-lg-4 post-img testimonial-block-wrapper\">\r\n    <div class=\"post\">\r\n        <div class=\"d-flex flex-column align-items-center\">\r\n            <div class=\"quote-wrapper\">Agradezco la colaboraci\u00f3n con ACI y me complace que nuestros esfuerzos iniciales est\u00e9n dando sus frutos. Creo que una gran ventaja de ACI es la facilidad con que nos atienden, su cualificaci\u00f3n y la rapidez con que nos informan.<\/div><div class=\"company-wrapper\"><p><span>Pepperl+Fuchs SE<\/span> | C. Ahlheim<\/p><\/div><div class=\"job-wrapper\"><p>Experto en proyectos<\/p><\/div>\r\n            <\/div>\r\n        <\/div>\r\n      <\/div><div class=\"col-12 col-md-6 col-lg-4 post-img testimonial-block-wrapper\">\r\n    <div class=\"post\">\r\n        <div class=\"d-flex flex-column align-items-center\">\r\n            <div class=\"quote-wrapper\">El l\u00e1ser funciona de forma excelente y conseguimos muy buenos resultados. La c\u00e1mara es una herramienta maravillosa para piezas de joyer\u00eda m\u00e1s peque\u00f1as. Nuestros empleados est\u00e1n orgullosos de fabricar productos individuales con el l\u00e1ser de fibra.<\/div><div class=\"company-wrapper\"><p><span>The Engraving Crew<\/span> | T. Evans<\/p><\/div><div class=\"job-wrapper\"><p><\/p><\/div>\r\n            <\/div>\r\n        <\/div>\r\n      <\/div><div class=\"col-12 col-md-6 col-lg-4 post-img testimonial-block-wrapper\">\r\n    <div class=\"post\">\r\n        <div class=\"d-flex flex-column align-items-center\">\r\n            <div class=\"quote-wrapper\">Un producto perfecto combinado con el mejor servicio, un equipo supercompetente y el jefe m\u00e1s simp\u00e1tico del mundo, siempre disponible y totalmente comprometido con su empresa. Muy recomendable.Un producto perfecto combinado con el mejor servicio, un equipo supercompetente y el jefe m\u00e1s simp\u00e1tico del mundo, siempre disponible y totalmente comprometido con su empresa. Muy recomendable.<\/div><div class=\"company-wrapper\"><p><span>Goldschmiede Arthur M\u00fcller<\/span> | S. Thon<\/p><\/div><div class=\"job-wrapper\"><p>Soporte<\/p><\/div>\r\n            <\/div>\r\n        <\/div>\r\n      <\/div><div class=\"col-12 col-md-6 col-lg-4 post-img testimonial-block-wrapper\">\r\n    <div class=\"post\">\r\n        <div class=\"d-flex flex-column align-items-center\">\r\n            <div class=\"quote-wrapper\">Estamos muy satisfechos con el sistema l\u00e1ser de ACI desde hace muchos a\u00f1os. Opciones de configuraci\u00f3n flexibles, una amplia gama de funciones, un buen servicio y la mejora continua del software de aplicaci\u00f3n son puntos que confirman que hemos hecho la elecci\u00f3n correcta con un producto de ACI.<\/div><div class=\"company-wrapper\"><p><span>STILLE Pr\u00e4zisionsmesstechnik GmbH<\/span> | M. Leipold<\/p><\/div><div class=\"job-wrapper\"><p>Direcci\u00f3n comercial<\/p><\/div>\r\n            <\/div>\r\n        <\/div>\r\n      <\/div><div class=\"col-12 col-md-6 col-lg-4 post-img testimonial-block-wrapper\">\r\n    <div class=\"post\">\r\n        <div class=\"d-flex flex-column align-items-center\">\r\n            <div class=\"quote-wrapper\">l soporte con etiquetado de muestra gratuito para nuevos proyectos siempre se desarrolla sin problemas, con la mayor rapidez posible y con una calidad de documentaci\u00f3n que ahorra mucho trabajo y tiempo cuando el proyecto se ejecuta posteriormente. Llevamos utilizando los sistemas l\u00e1ser de ACI desde 2015 y solo podemos confirmar la buena calidad de los dispositivos.<\/div><div class=\"company-wrapper\"><p><span>Technomatik GmbH<\/span> | J. Ga\u00dfner<\/p><\/div><div class=\"job-wrapper\"><p>Jefe de Desarrollo de ProcesosJefe de Desarrollo de Procesos<\/p><\/div>\r\n            <\/div>\r\n        <\/div>\r\n      <\/div><div class=\"col-12 col-md-6 col-lg-4 post-img testimonial-block-wrapper\">\r\n    <div class=\"post\">\r\n        <div class=\"d-flex flex-column align-items-center\">\r\n            <div class=\"quote-wrapper\">Llevamos utilizando los fiables l\u00e1seres de ACI desde 2005 y con cada nuevo proyecto estoy encantado con el competente asesoramiento, los r\u00e1pidos tiempos de respuesta, los precios justos y el gran apoyo. En definitiva, \u00a1simplemente un asunto redondo y limpio!<\/div><div class=\"company-wrapper\"><p><span>Diato GmbH<\/span> | R. Heydel<\/p><\/div><div class=\"job-wrapper\"><p>Jefe de producci\u00f3n<\/p><\/div>\r\n            <\/div>\r\n        <\/div>\r\n      <\/div><div class=\"col-12 col-md-6 col-lg-4 post-img testimonial-block-wrapper\">\r\n    <div class=\"post\">\r\n        <div class=\"d-flex flex-column align-items-center\">\r\n            <div class=\"quote-wrapper\">La puesta en marcha fue como la seda. Quiero darles las gracias por la r\u00e1pida y sencilla realizaci\u00f3n de este proyecto.<\/div><div class=\"company-wrapper\"><p><span>Harmonic Drive SE<\/span> | T. Knapp<\/p><\/div><div class=\"job-wrapper\"><p>T\u00e9cnico de producci\u00f3n mec\u00e1nica<\/p><\/div>\r\n            <\/div>\r\n        <\/div>\r\n      <\/div><div class=\"col-12 col-md-6 col-lg-4 post-img testimonial-block-wrapper\">\r\n    <div class=\"post\">\r\n        <div class=\"d-flex flex-column align-items-center\">\r\n            <div class=\"quote-wrapper\">Llevamos trabajando con el sistema l\u00e1ser desde 2007 sin ning\u00fan problema y estamos muy satisfechos con el servicio competente y el asesoramiento profesional.<\/div><div class=\"company-wrapper\"><p><span>von den Steinen GmbH & Co. KG Pr\u00e4zisionsschneidwerkzeuge<\/span> | U. B\u00e4cker<\/p><\/div><div class=\"job-wrapper\"><p>Asesoramiento t\u00e9cnico<\/p><\/div>\r\n            <\/div>\r\n        <\/div>\r\n      <\/div><div class=\"col-12 col-md-6 col-lg-4 post-img testimonial-block-wrapper\">\r\n    <div class=\"post\">\r\n        <div class=\"d-flex flex-column align-items-center\">\r\n            <div class=\"quote-wrapper\">En nombre de Matthias Wetzel INDUSTRIEBESCHRIFTUNGEN, quiero dar las gracias a los t\u00e9cnicos de servicio por su trabajo sencillo y concienzudo. En nuestra planta se reequip\u00f3 un p\u00f3rtico en X reforzado. Estamos muy satisfechos con esta soluci\u00f3n.<\/div><div class=\"company-wrapper\"><p><span>MAK<\/span> | T. Lammert<\/p><\/div><div class=\"job-wrapper\"><p>Dise\u00f1ador t\u00e9cnico de productos<\/p><\/div>\r\n            <\/div>\r\n        <\/div>\r\n      <\/div><div class=\"col-12 col-md-6 col-lg-4 post-img testimonial-block-wrapper\">\r\n    <div class=\"post\">\r\n        <div class=\"d-flex flex-column align-items-center\">\r\n            <div class=\"quote-wrapper\">Con un nuevo plugin de ACI, he podido ofrecer a varios clientes finales la soluci\u00f3n ideal para sus proyectos de marcado por l\u00e1ser. La nueva funci\u00f3n del software es perfecta y el equipo de ACI es sencillamente el mejor.<\/div><div class=\"company-wrapper\"><p><span>HoLaP<\/span> | L. Chalet<\/p><\/div><div class=\"job-wrapper\"><p>Director<\/p><\/div>\r\n            <\/div>\r\n        <\/div>\r\n      <\/div>\r\n                <\/div>\r\n                <\/div>\r\n\r\n                 <div class=\"col-1 d-flex justify-content-end align-items-center arrow-align\">\r\n                        <div class=\"testimonial-arrow-next\">\r\n                        <span class=\"arrow\">\r\n                        <span><\/span>\r\n                        <span><\/span>\r\n                        <\/span>\r\n                        <\/div>\r\n                    <\/div>\r\n                <\/div>\r\n                <\/div>\r\n                <\/div>              \r\n                \r\n                <div class=\"container\">\r\n                \t                   \t\r\n                   \t<div class=\"row\">\r\n                   \t    <div class=\"col\">\r\n                   \t        <div class=\"d-flex justify-content-end\">                   \t            \r\n                                <div>\r\n                   \t                <div class=\"testimonial-teaser-dots\"><\/div>\r\n                                <\/div>                   \t                      \r\n                            <\/div>\r\n                        <\/div>\r\n                    <\/div>\r\n                    \r\n                <\/div>             \r\n                \r\n            <\/div>\n\n\n<div style=\"height:100px\" aria-hidden=\"true\" class=\"wp-block-spacer\"><\/div>\n\n\n\r\n            <section id=\"image-text-block-default-aci\" class=\"image-text-block-header default-aci\">\r\n                <div class=\"container\">\r\n                    <div class=\"row\">\r\n                        <div class=\"col\">\r\n                            <div class=\"d-flex justify-content-between align-items-center\">\r\n                                <h2 class=\"main-headline\">Estaciones l\u00e1ser adecuadas <\/h2>\r\n                                <div class=\"d-flex\">\r\n                                    <div class=\"wt-btn-petrol image-text-arrow-prev\">\r\n                                        <span class=\"arrow\">\r\n                                            <span><\/span>\r\n                                            <span><\/span>\r\n                                        <\/span>\r\n                                    <\/div>\r\n                                    <div class=\"wt-btn-petrol image-text-arrow-next\">\r\n                                        <span class=\"arrow\">\r\n                                            <span><\/span>\r\n                                            <span><\/span>\r\n                                        <\/span>\r\n                                    <\/div>                                    \r\n                                <\/div>\r\n                            <\/div>                            \r\n                        <\/div>\r\n                    <\/div>\r\n                    \r\n                <\/div>\r\n            <\/section>\r\n\r\n            <section class=\"image-text-block-wrapper\">\r\n                <div class=\"container\">\r\n                \t<div class=\"row image-text justify-content-center\">\r\n                        <div class=\"image-text-slider\">\r\n                            \r\n                <div class=\"col-12 col-md-6 col-lg-4 post-img post-block-wrapper\">\r\n                    <a href=\"\/es\/productos-soluciones\/estaciones-laser\/workstation-professional\/\" class=\"post-ovelay-link\" >\r\n                     \r\n                        <div class=\"post\">\r\n                            <div class=\"post-thumbnail\">\r\n                                <div class=\"post-thumbnail-layer\">\r\n                                    <img loading=\"lazy\" decoding=\"async\" width=\"700\" height=\"700\" src=\"\/wp-content\/uploads\/2024\/03\/ACI-Laser_WorkstationProfessional.jpg\" class=\"attachment-full size-full\" alt=\"Estaci\u00f3n l\u00e1ser Workstation Professional equipada con un l\u00e1ser de fibra DFL Ventus Marker de la serie Business Fiber y un eje de rotaci\u00f3n\" srcset=\"\/wp-content\/uploads\/2024\/03\/ACI-Laser_WorkstationProfessional.jpg 700w, \/wp-content\/uploads\/2024\/03\/ACI-Laser_WorkstationProfessional-300x300.jpg 300w, \/wp-content\/uploads\/2024\/03\/ACI-Laser_WorkstationProfessional-150x150.jpg 150w\" sizes=\"auto, (max-width: 700px) 100vw, 700px\" \/>\r\n                                <\/div>\r\n                                <div class=\"post-mobile-info wt-post-mobile\">\r\n                                    \r\n                                    <p class=\"headline\">\r\n                                        Workstation Professional\r\n                                    <\/p>\r\n                                    <div class=\"excerpt\">\r\n                                        Estaci\u00f3n l\u00e1ser de gama alta para componentes y cantidades grandes y pesados\r\n                                    <\/div>\r\n                                <\/div>\r\n                            <\/div>\r\n                            \r\n                        <\/div>\r\n                        \r\n                        <div class=\"wt-bt d-inline-block\">\r\n                            <span class=\"arrow\">\r\n                                <span><\/span>\r\n                                <span><\/span>\r\n                            <\/span>                                                \r\n                        <\/div>\r\n                    \r\n                    <\/a> \r\n                    \r\n                <\/div>\r\n                <div class=\"col-12 col-md-6 col-lg-4 post-img post-block-wrapper\">\r\n                    <a href=\"\/es\/productos-soluciones\/estaciones-laser\/workstation-classic\/\" class=\"post-ovelay-link\" >\r\n                     \r\n                        <div class=\"post\">\r\n                            <div class=\"post-thumbnail\">\r\n                                <div class=\"post-thumbnail-layer\">\r\n                                    <img loading=\"lazy\" decoding=\"async\" width=\"700\" height=\"700\" src=\"\/wp-content\/uploads\/2024\/03\/ACI-Laser_WorkstationClassic.jpg\" class=\"attachment-full size-full\" alt=\"Estaci\u00f3n l\u00e1ser Workstation Classic equipada con un l\u00e1ser de fibra DFL Ventus Marker de la serie Business Fiber y eje de rotaci\u00f3n\" srcset=\"\/wp-content\/uploads\/2024\/03\/ACI-Laser_WorkstationClassic.jpg 700w, \/wp-content\/uploads\/2024\/03\/ACI-Laser_WorkstationClassic-300x300.jpg 300w, \/wp-content\/uploads\/2024\/03\/ACI-Laser_WorkstationClassic-150x150.jpg 150w\" sizes=\"auto, (max-width: 700px) 100vw, 700px\" \/>\r\n                                <\/div>\r\n                                <div class=\"post-mobile-info wt-post-mobile\">\r\n                                    \r\n                                    <p class=\"headline\">\r\n                                        Workstation Classic\r\n                                    <\/p>\r\n                                    <div class=\"excerpt\">\r\n                                        Carcasa protectora compacta para la producci\u00f3n de piezas individuales hasta grandes lotes\r\n                                    <\/div>\r\n                                <\/div>\r\n                            <\/div>\r\n                            \r\n                        <\/div>\r\n                        \r\n                        <div class=\"wt-bt d-inline-block\">\r\n                            <span class=\"arrow\">\r\n                                <span><\/span>\r\n                                <span><\/span>\r\n                            <\/span>                                                \r\n                        <\/div>\r\n                    \r\n                    <\/a> \r\n                    \r\n                <\/div>\r\n                <div class=\"col-12 col-md-6 col-lg-4 post-img post-block-wrapper\">\r\n                    <a href=\"\/es\/productos-soluciones\/estaciones-laser\/workstation-rt\/\" class=\"post-ovelay-link\" >\r\n                     \r\n                        <div class=\"post\">\r\n                            <div class=\"post-thumbnail\">\r\n                                <div class=\"post-thumbnail-layer\">\r\n                                    <img loading=\"lazy\" decoding=\"async\" width=\"700\" height=\"700\" src=\"\/wp-content\/uploads\/2024\/03\/ACI-Laser_WorkstationRT400.jpg\" class=\"attachment-full size-full\" alt=\"Estaci\u00f3n de trabajo l\u00e1ser RT 400 con l\u00e1ser de fibra DFL Ventus Marker\" srcset=\"\/wp-content\/uploads\/2024\/03\/ACI-Laser_WorkstationRT400.jpg 700w, \/wp-content\/uploads\/2024\/03\/ACI-Laser_WorkstationRT400-300x300.jpg 300w, \/wp-content\/uploads\/2024\/03\/ACI-Laser_WorkstationRT400-150x150.jpg 150w\" sizes=\"auto, (max-width: 700px) 100vw, 700px\" \/>\r\n                                <\/div>\r\n                                <div class=\"post-mobile-info wt-post-mobile\">\r\n                                    \r\n                                    <p class=\"headline\">\r\n                                        Workstation RT400\r\n                                    <\/p>\r\n                                    <div class=\"excerpt\">\r\n                                        Plato divisor para un etiquetado pr\u00e1cticamente ininterrumpido de los productos\r\n                                    <\/div>\r\n                                <\/div>\r\n                            <\/div>\r\n                            \r\n                        <\/div>\r\n                        \r\n                        <div class=\"wt-bt d-inline-block\">\r\n                            <span class=\"arrow\">\r\n                                <span><\/span>\r\n                                <span><\/span>\r\n                            <\/span>                                                \r\n                        <\/div>\r\n                    \r\n                    <\/a> \r\n                    \r\n                <\/div>\r\n                <div class=\"col-12 col-md-6 col-lg-4 post-img post-block-wrapper\">\r\n                    <a href=\"\/es\/productos-soluciones\/estaciones-laser\/foil-star\/\" class=\"post-ovelay-link\" >\r\n                     \r\n                        <div class=\"post\">\r\n                            <div class=\"post-thumbnail\">\r\n                                <div class=\"post-thumbnail-layer\">\r\n                                    <img loading=\"lazy\" decoding=\"async\" width=\"700\" height=\"700\" src=\"\/wp-content\/uploads\/2024\/03\/ACI-Laser_FoilStar.jpg\" class=\"attachment-full size-full\" alt=\"Estaci\u00f3n l\u00e1ser Foil Star equipada con un l\u00e1ser de fibra DFL Ventus Marker de la serie Business Fiber\" srcset=\"\/wp-content\/uploads\/2024\/03\/ACI-Laser_FoilStar.jpg 700w, \/wp-content\/uploads\/2024\/03\/ACI-Laser_FoilStar-300x300.jpg 300w, \/wp-content\/uploads\/2024\/03\/ACI-Laser_FoilStar-150x150.jpg 150w\" sizes=\"auto, (max-width: 700px) 100vw, 700px\" \/>\r\n                                <\/div>\r\n                                <div class=\"post-mobile-info wt-post-mobile\">\r\n                                    \r\n                                    <p class=\"headline\">\r\n                                        Foil Star\r\n                                    <\/p>\r\n                                    <div class=\"excerpt\">\r\n                                        Sistema de manipulaci\u00f3n de pel\u00edculas para el etiquetado de alta calidad de pel\u00edculas y...\r\n                                    <\/div>\r\n                                <\/div>\r\n                            <\/div>\r\n                            \r\n                        <\/div>\r\n                        \r\n                        <div class=\"wt-bt d-inline-block\">\r\n                            <span class=\"arrow\">\r\n                                <span><\/span>\r\n                                <span><\/span>\r\n                            <\/span>                                                \r\n                        <\/div>\r\n                    \r\n                    <\/a> \r\n                    \r\n                <\/div>\r\n                <div class=\"col-12 col-md-6 col-lg-4 post-img post-block-wrapper\">\r\n                    <a href=\"\/es\/productos-soluciones\/estaciones-laser\/workstation-robotic\/\" class=\"post-ovelay-link\" >\r\n                     \r\n                        <div class=\"post\">\r\n                            <div class=\"post-thumbnail\">\r\n                                <div class=\"post-thumbnail-layer\">\r\n                                    <img loading=\"lazy\" decoding=\"async\" width=\"700\" height=\"700\" src=\"\/wp-content\/uploads\/2024\/03\/ACI-Laser_WorkstationRobotic.jpg\" class=\"attachment-full size-full\" alt=\"Estaci\u00f3n de trabajo l\u00e1ser rob\u00f3tica con l\u00e1ser de fibra DFL Ventus Marker Dise\u00f1o industrial\" srcset=\"\/wp-content\/uploads\/2024\/03\/ACI-Laser_WorkstationRobotic.jpg 700w, \/wp-content\/uploads\/2024\/03\/ACI-Laser_WorkstationRobotic-300x300.jpg 300w, \/wp-content\/uploads\/2024\/03\/ACI-Laser_WorkstationRobotic-150x150.jpg 150w\" sizes=\"auto, (max-width: 700px) 100vw, 700px\" \/>\r\n                                <\/div>\r\n                                <div class=\"post-mobile-info wt-post-mobile\">\r\n                                    \r\n                                    <p class=\"headline\">\r\n                                        Workstation Robotic\r\n                                    <\/p>\r\n                                    <div class=\"excerpt\">\r\n                                        Estaci\u00f3n l\u00e1ser totalmente automatizada con robot integrado\r\n                                    <\/div>\r\n                                <\/div>\r\n                            <\/div>\r\n                            \r\n                        <\/div>\r\n                        \r\n                        <div class=\"wt-bt d-inline-block\">\r\n                            <span class=\"arrow\">\r\n                                <span><\/span>\r\n                                <span><\/span>\r\n                            <\/span>                                                \r\n                        <\/div>\r\n                    \r\n                    <\/a> \r\n                    \r\n                <\/div>\r\n                        <\/div>\r\n                   \t<\/div>\r\n                   \t\r\n                   \t<div class=\"row\">\r\n                   \t    <div class=\"col\">\r\n                   \t        <div class=\"d-flex justify-content-between align-items-center\">\r\n                   \t            \r\n                                <a href=\"\/es\/productos-soluciones\/estaciones-laser\/\">\r\n                                    <div class=\"wt-btn-petrol\">Ver todos<\/div>\r\n                                <\/a>\r\n                                \r\n                                <div>\r\n                   \t                <div class=\"image-text-dots\"><\/div>\r\n                                <\/div>\r\n                   \t                      \r\n                            <\/div>\r\n                        <\/div>\r\n                    <\/div>\r\n                <\/div>                \r\n                \r\n            <\/section>\n\n\n<div style=\"height:100px\" aria-hidden=\"true\" class=\"wp-block-spacer\"><\/div>\n\n\n<section class=\"newsletter-form-section newsletter-section-wrap newsletter-form-69f513e1075f7 \">\n                <div class=\"jarallax newsletter-window\" style=\"background-image: url(\/wp-content\/uploads\/2023\/11\/Prismengrafik_1900x400.jpg);\">\n                    <div class=\"container\">\n                        <div class=\"row\">\n                            <div class=\"col-12\">\n                                <div class=\"textbanner-wrapper d-flex align-items-center justify-content-md-between flex-column flex-md-row gap-2\">\n                                    \n                                    <div class=\"newsletter-form-info\">\n                                        <div class=\"textbanner-text\">\n                                            Como desarrolladores y fabricantes de sistemas l\u00e1ser, le ofrecemos un asesoramiento tecnol\u00f3gico completo e independiente.\n                                        <\/div>\n                                    <\/div>\n                                    \n                                    <div class=\"newsletter-form-group\">\n                                        \n                                        <div>\n                                            <a href=\"\/es\/contacto\/internacional-ventas\/\" class=\"dynamic-button-banner\" data-href=\"\/es\/contacto\/internacional-ventas\/\" data-target=\"\">\n                           <div class=\"wt-btn-outline\"><span>Contacto ventas<\/span><\/div>\n                         <\/a>    \n                                        <\/div>\n                                        \n                                    <\/div>\n                                <\/div>\n                            <\/div>\n                        <\/div>\n                    <\/div>\n                <\/div>\n            <\/section><script>\ndocument.addEventListener(\"DOMContentLoaded\", function () {\n    document.querySelectorAll(\".dynamic-button-banner\").forEach(button => {\n        button.addEventListener(\"click\", function (event) {\n            event.preventDefault();\n\n            let inputField = document.querySelector(\"input.wpcf7-form-control.wpcf7-hidden[name='field-quelle']\");\n            let originalUrl = this.dataset.href;\n            let targetId = this.dataset.target;\n\n            if (originalUrl) {\n                let url = new URL(originalUrl, window.location.origin);\n                let params = new URLSearchParams(url.search);\n\n                if (inputField) {\n                    let paramValue = params.get(\"type\") || \"default_value\";\n                    inputField.value = paramValue;\n                }\n\n                const is_external = url.origin !== window.location.origin;\n                if (is_external) {\n                    let extHref = url.href.split(\"#\")[0];\n                    if (targetId) {\n                        extHref += \"#\" + targetId;\n                    }\n                    window.open(extHref, \"_blank\", \"noopener\");\n                    return;\n                }\n\n                let newUrl = url.pathname;\n                if (params.toString()) {\n                    newUrl += `?${params.toString()}`;\n                }\n\n                if (window.location.pathname !== url.pathname) {\n                    window.location.href = newUrl + (targetId ? \"#\" + targetId : \"\");\n                    return;\n                }\n\n                window.history.replaceState({}, \"\", newUrl + (targetId ? \"#\" + targetId : \"\"));\n            }\n\n            if (targetId) {\n                let targetElement = document.getElementById(targetId);\n\n                if (targetElement) {\n                    const headlineTarget = targetElement.querySelector(\".textBlock-headline\");\n                    if (headlineTarget) {\n                        targetElement = headlineTarget;\n                    }\n\n                    targetElement.style.scrollMarginTop = window.innerWidth <= 991 ? \"-600px\" : \"-200px\";\n                    targetElement.scrollIntoView({\n                        behavior: \"smooth\",\n                        block: \"start\"\n                    });\n                }\n            }\n        });\n    });\n});\n<\/script>\n\n\n<div style=\"height:100px\" aria-hidden=\"true\" class=\"wp-block-spacer\"><\/div>\n","protected":false},"excerpt":{"rendered":"","protected":false},"author":2,"featured_media":0,"parent":503,"menu_order":6,"comment_status":"closed","ping_status":"closed","template":"","meta":{"footnotes":""},"class_list":["post-4059","page","type-page","status-publish","hentry"],"yoast_head":"<!-- This site is optimized with the Yoast SEO plugin v27.1.1 - https:\/\/yoast.com\/product\/yoast-seo-wordpress\/ -->\n<title>Economy Fiber \/ L\u00e1ser de fibra - ACI Laser<\/title>\n<meta name=\"description\" content=\"Descubra nuestro Economy Fiber, el sistema b\u00e1sico ideal para el marcaje l\u00e1ser con tecnolog\u00eda l\u00e1ser de fibra.\" \/>\n<meta name=\"robots\" content=\"index, follow, max-snippet:-1, max-image-preview:large, max-video-preview:-1\" \/>\n<link rel=\"canonical\" href=\"https:\/\/aci-laser.com\/es\/productos-soluciones\/marcadores-laser\/economy-fiber\/\" \/>\n<meta property=\"og:locale\" content=\"es_ES\" \/>\n<meta property=\"og:type\" content=\"article\" \/>\n<meta property=\"og:title\" content=\"Economy Fiber \/ L\u00e1ser de fibra - ACI Laser\" \/>\n<meta property=\"og:description\" content=\"Descubra nuestro Economy Fiber, el sistema b\u00e1sico ideal para el marcaje l\u00e1ser con tecnolog\u00eda l\u00e1ser de fibra.\" \/>\n<meta property=\"og:url\" content=\"https:\/\/aci-laser.com\/es\/productos-soluciones\/marcadores-laser\/economy-fiber\/\" \/>\n<meta property=\"og:site_name\" content=\"ACI Laser GmbH\" \/>\n<meta property=\"article:modified_time\" content=\"2025-07-15T15:40:48+00:00\" \/>\n<meta name=\"twitter:card\" content=\"summary_large_image\" \/>\n<meta name=\"twitter:label1\" content=\"Tiempo de lectura\" \/>\n\t<meta name=\"twitter:data1\" content=\"1 minuto\" \/>\n<script type=\"application\/ld+json\" class=\"yoast-schema-graph\">{\"@context\":\"https:\/\/schema.org\",\"@graph\":[{\"@type\":\"WebPage\",\"@id\":\"https:\/\/aci-laser.com\/es\/productos-soluciones\/marcadores-laser\/economy-fiber\/\",\"url\":\"https:\/\/aci-laser.com\/es\/productos-soluciones\/marcadores-laser\/economy-fiber\/\",\"name\":\"Economy Fiber \/ L\u00e1ser de fibra - ACI Laser\",\"isPartOf\":{\"@id\":\"https:\/\/aci-laser.com\/es\/#website\"},\"datePublished\":\"2023-11-22T08:26:37+00:00\",\"dateModified\":\"2025-07-15T15:40:48+00:00\",\"description\":\"Descubra nuestro Economy Fiber, el sistema b\u00e1sico ideal para el marcaje l\u00e1ser con tecnolog\u00eda l\u00e1ser de fibra.\",\"breadcrumb\":{\"@id\":\"https:\/\/aci-laser.com\/es\/productos-soluciones\/marcadores-laser\/economy-fiber\/#breadcrumb\"},\"inLanguage\":\"es\",\"potentialAction\":[{\"@type\":\"ReadAction\",\"target\":[\"https:\/\/aci-laser.com\/es\/productos-soluciones\/marcadores-laser\/economy-fiber\/\"]}]},{\"@type\":\"BreadcrumbList\",\"@id\":\"https:\/\/aci-laser.com\/es\/productos-soluciones\/marcadores-laser\/economy-fiber\/#breadcrumb\",\"itemListElement\":[{\"@type\":\"ListItem\",\"position\":1,\"name\":\"Startseite\",\"item\":\"https:\/\/aci-laser.com\/es\/\"},{\"@type\":\"ListItem\",\"position\":2,\"name\":\"02_Produkte und L\u00f6sungen ES\",\"item\":\"https:\/\/aci-laser.com\/es\/productos-soluciones\/\"},{\"@type\":\"ListItem\",\"position\":3,\"name\":\"Beschriftungslaser ES\",\"item\":\"https:\/\/aci-laser.com\/es\/productos-soluciones\/marcadores-laser\/\"},{\"@type\":\"ListItem\",\"position\":4,\"name\":\"Economy Fiber &#8211; ES\"}]},{\"@type\":\"WebSite\",\"@id\":\"https:\/\/aci-laser.com\/es\/#website\",\"url\":\"https:\/\/aci-laser.com\/es\/\",\"name\":\"ACI Laser GmbH\",\"description\":\"\",\"potentialAction\":[{\"@type\":\"SearchAction\",\"target\":{\"@type\":\"EntryPoint\",\"urlTemplate\":\"https:\/\/aci-laser.com\/es\/?s={search_term_string}\"},\"query-input\":{\"@type\":\"PropertyValueSpecification\",\"valueRequired\":true,\"valueName\":\"search_term_string\"}}],\"inLanguage\":\"es\"}]}<\/script>\n<!-- \/ Yoast SEO plugin. -->","yoast_head_json":{"title":"Economy Fiber \/ L\u00e1ser de fibra - ACI Laser","description":"Descubra nuestro Economy Fiber, el sistema b\u00e1sico ideal para el marcaje l\u00e1ser con tecnolog\u00eda l\u00e1ser de fibra.","robots":{"index":"index","follow":"follow","max-snippet":"max-snippet:-1","max-image-preview":"max-image-preview:large","max-video-preview":"max-video-preview:-1"},"canonical":"https:\/\/aci-laser.com\/es\/productos-soluciones\/marcadores-laser\/economy-fiber\/","og_locale":"es_ES","og_type":"article","og_title":"Economy Fiber \/ L\u00e1ser de fibra - ACI Laser","og_description":"Descubra nuestro Economy Fiber, el sistema b\u00e1sico ideal para el marcaje l\u00e1ser con tecnolog\u00eda l\u00e1ser de fibra.","og_url":"https:\/\/aci-laser.com\/es\/productos-soluciones\/marcadores-laser\/economy-fiber\/","og_site_name":"ACI Laser GmbH","article_modified_time":"2025-07-15T15:40:48+00:00","twitter_card":"summary_large_image","twitter_misc":{"Tiempo de lectura":"1 minuto"},"schema":{"@context":"https:\/\/schema.org","@graph":[{"@type":"WebPage","@id":"https:\/\/aci-laser.com\/es\/productos-soluciones\/marcadores-laser\/economy-fiber\/","url":"https:\/\/aci-laser.com\/es\/productos-soluciones\/marcadores-laser\/economy-fiber\/","name":"Economy Fiber \/ L\u00e1ser de fibra - ACI Laser","isPartOf":{"@id":"https:\/\/aci-laser.com\/es\/#website"},"datePublished":"2023-11-22T08:26:37+00:00","dateModified":"2025-07-15T15:40:48+00:00","description":"Descubra nuestro Economy Fiber, el sistema b\u00e1sico ideal para el marcaje l\u00e1ser con tecnolog\u00eda l\u00e1ser de fibra.","breadcrumb":{"@id":"https:\/\/aci-laser.com\/es\/productos-soluciones\/marcadores-laser\/economy-fiber\/#breadcrumb"},"inLanguage":"es","potentialAction":[{"@type":"ReadAction","target":["https:\/\/aci-laser.com\/es\/productos-soluciones\/marcadores-laser\/economy-fiber\/"]}]},{"@type":"BreadcrumbList","@id":"https:\/\/aci-laser.com\/es\/productos-soluciones\/marcadores-laser\/economy-fiber\/#breadcrumb","itemListElement":[{"@type":"ListItem","position":1,"name":"Startseite","item":"https:\/\/aci-laser.com\/es\/"},{"@type":"ListItem","position":2,"name":"02_Produkte und L\u00f6sungen ES","item":"https:\/\/aci-laser.com\/es\/productos-soluciones\/"},{"@type":"ListItem","position":3,"name":"Beschriftungslaser ES","item":"https:\/\/aci-laser.com\/es\/productos-soluciones\/marcadores-laser\/"},{"@type":"ListItem","position":4,"name":"Economy Fiber &#8211; ES"}]},{"@type":"WebSite","@id":"https:\/\/aci-laser.com\/es\/#website","url":"https:\/\/aci-laser.com\/es\/","name":"ACI Laser GmbH","description":"","potentialAction":[{"@type":"SearchAction","target":{"@type":"EntryPoint","urlTemplate":"https:\/\/aci-laser.com\/es\/?s={search_term_string}"},"query-input":{"@type":"PropertyValueSpecification","valueRequired":true,"valueName":"search_term_string"}}],"inLanguage":"es"}]}},"_links":{"self":[{"href":"https:\/\/aci-laser.com\/es\/wp-json\/wp\/v2\/pages\/4059","targetHints":{"allow":["GET"]}}],"collection":[{"href":"https:\/\/aci-laser.com\/es\/wp-json\/wp\/v2\/pages"}],"about":[{"href":"https:\/\/aci-laser.com\/es\/wp-json\/wp\/v2\/types\/page"}],"author":[{"embeddable":true,"href":"https:\/\/aci-laser.com\/es\/wp-json\/wp\/v2\/users\/2"}],"replies":[{"embeddable":true,"href":"https:\/\/aci-laser.com\/es\/wp-json\/wp\/v2\/comments?post=4059"}],"version-history":[{"count":11,"href":"https:\/\/aci-laser.com\/es\/wp-json\/wp\/v2\/pages\/4059\/revisions"}],"predecessor-version":[{"id":17632,"href":"https:\/\/aci-laser.com\/es\/wp-json\/wp\/v2\/pages\/4059\/revisions\/17632"}],"up":[{"embeddable":true,"href":"https:\/\/aci-laser.com\/es\/wp-json\/wp\/v2\/pages\/503"}],"wp:attachment":[{"href":"https:\/\/aci-laser.com\/es\/wp-json\/wp\/v2\/media?parent=4059"}],"curies":[{"name":"wp","href":"https:\/\/api.w.org\/{rel}","templated":true}]}}