{"id":82,"date":"2023-04-17T14:21:52","date_gmt":"2023-04-17T12:21:52","guid":{"rendered":"https:\/\/test.aci-laser.com\/?page_id=82"},"modified":"2025-08-25T11:34:39","modified_gmt":"2025-08-25T09:34:39","slug":"startpage-es","status":"publish","type":"page","link":"https:\/\/aci-laser.com\/es\/","title":{"rendered":"01_Startseite ES"},"content":{"rendered":"\r\n        <section id=\"slider-section-default-aci-id\" class=\"slider-section slider-section-count-3 default-aci-id\">\r\n            <div class=\"slider-content-wrapper\">\r\n                <div class=\"main-slider\">\r\n            <div class=\"slide\">\r\n                <div class=\"image-area\">\r\n                    \r\n                    <img decoding=\"async\" width=\"1917\" height=\"780\" src=\"\/wp-content\/uploads\/2025\/10\/ACI-Einladung-zur-Messe-automatica-2025.webp\" class=\"attachment-full size-full\" alt=\"El l\u00e1ser crea la marca negra de un DMC en unas tijeras quir\u00fargicas de acero inoxidable\" loading=\"eager\" fetchpriority=\"high\" srcset=\"\/wp-content\/uploads\/2025\/10\/ACI-Einladung-zur-Messe-automatica-2025.webp 1917w, \/wp-content\/uploads\/2025\/10\/ACI-Einladung-zur-Messe-automatica-2025-300x122.webp 300w, \/wp-content\/uploads\/2025\/10\/ACI-Einladung-zur-Messe-automatica-2025-1024x417.webp 1024w, \/wp-content\/uploads\/2025\/10\/ACI-Einladung-zur-Messe-automatica-2025-768x312.webp 768w, \/wp-content\/uploads\/2025\/10\/ACI-Einladung-zur-Messe-automatica-2025-1536x625.webp 1536w\" sizes=\"(max-width: 1917px) 100vw, 1917px\" \/>\r\n                    <div class=\"slider-text container\">\r\n                        <div class=\"text-area no-text \">\r\n                            \r\n                            <div class=\"text-right-are text-color-weiss \">\r\n                                <h1 class=\"headline \">ACI en MedtecLIVE &#038; SurfaceTechnology GERMANY<\/h1>\r\n                                \r\n                            <\/div>\r\n                            \r\n                            <div class=\"text-btn-area  \">\r\n                                                                \r\n                                <a href=\"\/es\/surfacetechnology-medteclive-2026\/\" title=\"Solicitar boleto\" >\r\n                                <div class=\"wt-btn-outline\">                                        \r\n                                    <span>Solicitar boleto<\/span>\r\n                                <\/div>\r\n                             <\/a>                                \r\n                            <\/div>\r\n                            \r\n                        <\/div>\r\n                     <\/div>   \r\n                    <\/div>                     \r\n            <\/div>\r\n            <div class=\"slide\">\r\n                <div class=\"image-area\">\r\n                    \r\n                <div class=\"custom-video-wrapper\">\r\n                    <video muted playsinline preload=\"auto\">\r\n                        <source src=\"\/wp-content\/uploads\/2026\/01\/ACI-Beschriftungslaser-Anwendungen.mp4\" type=\"video\/mp4\">\r\n                        Your browser does not support the video tag.\r\n                    <\/video>\r\n                    <button class=\"icon-button-slider\" onclick=\"toggle_full_screen(this)\">\r\n                      <img alt=\"Fullscreen\" decoding=\"async\" loading=\"lazy\" class=\"icon-full-screen\" width=\"50\" height=\"50\" src=\"\/wp-content\/themes\/ACI-Laser\/img\/fullscreen.svg\" \/>\r\n                    <\/button>\r\n                <\/div>\r\n                <script>\r\n                       function toggle_full_screen(btn) {\r\n                        \/\/ Finds the wrapper specifically belonging to the clicked button\r\n                        const wrapper = btn.closest(\".custom-video-wrapper\");\r\n    \r\n                        if (document.fullscreenElement) {\r\n                            document.exitFullscreen();\r\n                        } else {\r\n                            wrapper.requestFullscreen();\r\n                        }\r\n                    }\r\n                <\/script>\r\n                    \r\n                    <div class=\"slider-text container\">\r\n                        <div class=\"text-area  \">\r\n                            \r\n                            <div class=\"text-right-are text-color-weiss \">\r\n                                <p class=\"headline \">Su aplicaci\u00f3n \u2013 Nuestra experiencia<\/p>\r\n                                <p class=\"text\">Soluciones flexibles del especialista en l\u00e1ser<\/p>\r\n                            <\/div>\r\n                            \r\n                            <div class=\"text-btn-area  \">\r\n                                                                \r\n                                <a href=\"\/de\/anwendungen\/\" title=\"M\u00e1s informaci\u00f3n\" >\r\n                                <div class=\"wt-btn-outline\">                                        \r\n                                    <span>M\u00e1s informaci\u00f3n<\/span>\r\n                                <\/div>\r\n                             <\/a>                                \r\n                            <\/div>\r\n                            \r\n                        <\/div>\r\n                     <\/div>   \r\n                    <\/div>                     \r\n            <\/div>\r\n            <div class=\"slide\">\r\n                <div class=\"image-area\">\r\n                    \r\n                <div class=\"custom-video-wrapper\">\r\n                    <video muted playsinline preload=\"auto\">\r\n                        <source src=\"\/wp-content\/uploads\/2025\/12\/ACI-Laser_Nova-Marker.mp4\" type=\"video\/mp4\">\r\n                        Your browser does not support the video tag.\r\n                    <\/video>\r\n                    <button class=\"icon-button-slider\" onclick=\"toggle_full_screen(this)\">\r\n                      <img alt=\"Fullscreen\" decoding=\"async\" loading=\"lazy\" class=\"icon-full-screen\" width=\"50\" height=\"50\" src=\"\/wp-content\/themes\/ACI-Laser\/img\/fullscreen.svg\" \/>\r\n                    <\/button>\r\n                <\/div>\r\n                <script>\r\n                       function toggle_full_screen(btn) {\r\n                        \/\/ Finds the wrapper specifically belonging to the clicked button\r\n                        const wrapper = btn.closest(\".custom-video-wrapper\");\r\n    \r\n                        if (document.fullscreenElement) {\r\n                            document.exitFullscreen();\r\n                        } else {\r\n                            wrapper.requestFullscreen();\r\n                        }\r\n                    }\r\n                <\/script>\r\n                    \r\n                    <div class=\"slider-text container\">\r\n                        <div class=\"text-area  \">\r\n                            \r\n                            <div class=\"text-right-are text-color-weiss \">\r\n                                <p class=\"headline \">Business Fiber UV<\/p>\r\n                                <p class=\"text\">Precisi\u00f3n y cuidado de los materiales en ultravioleta<\/p>\r\n                            <\/div>\r\n                            \r\n                            <div class=\"text-btn-area full-btn \">\r\n                                \r\n                        <a href=\"\/es\/productos-soluciones\/marcadores-laser\/business-fiber-uv\/\" title=\"Out now!\" >\r\n                            <div class=\"wt-btn-petrol\">\r\n                                <span>Out now!<\/span>\r\n                            <\/div>\r\n                        <\/a>                                \r\n                                                                \r\n                            <\/div>\r\n                            \r\n                        <\/div>\r\n                     <\/div>   \r\n                    <\/div>                     \r\n            <\/div><\/div> \r\n                                              \r\n            <\/div>\r\n            \r\n        <\/section>\n\n<section id=\"default-aci\" class=\"text-bild-block text-bild-block-id-69f70e4697150 default-aci\">                \n                    <div class=\"container\">                        \n                        <div class=\"row\">\n                            <div class=\"col-12 col-lg-8\">\n                                <div class=\"row\">                                        \r\n                            <div class=\"col\">\r\n                                <h1 class=\"wt-subheadline   default-aci\">Sistemas de l\u00e1ser de precisi\u00f3n para el sector industrial<\/h1>\r\n                            <\/div>                                        \r\n                        <\/div>\n                                <div class=\"row\">                                        \n                        <div class=\"col\">\n                                <p class=\"textBlock-headline  default-aci\">L\u00e1seres para tareas de grabado, marcado y recorte<\/p>\n                        <\/div>                                        \n                    <\/div>                        \r\n                                <div class=\"row text\">\r\n                        <div class=\"col\">\r\n                            <div class=\"textBlock-text\">\r\n                                \n<p class=\"wp-block-wt-text-bild-block\">Como fabricante de l\u00e1seres, le ayudamos a elegir el sistema adecuado, adaptado a sus requisitos y necesidades. Asesoramiento competente, muestras de marcaje l\u00e1ser, demostraciones de productos, un precio justo y la soluci\u00f3n acabada: esa es nuestra pretensi\u00f3n. Tambi\u00e9n recibir\u00e1 asistencia a largo plazo de nuestro equipo de expertos. Esto es m\u00e1s que marcado por l\u00e1ser.<br><br><strong>Aqu\u00ed<\/strong> <strong>ACI Laser.<\/strong><\/p>\n\r\n                            <\/div>\r\n                        <\/div>                                        \r\n                    <\/div>\r\n                            <\/div>\r\n                            <div class=\"col-12 col-lg-4\">\r\n                                <div class=\"d-flex justify-content-center\">\r\n                                <img decoding=\"async\" loading=\"lazy\" width=\"475\" height=\"413\" src=\"\/wp-content\/uploads\/2025\/08\/Automatisierte-Laserstation-mit-einem-YAG-Laser-und-einem-UV-Laser.webp\" class=\"text-block-image img-fluid\" alt=\"Estaci\u00f3n l\u00e1ser automatizada Estaci\u00f3n de trabajo rob\u00f3tica y dos l\u00e1seres de marcado para el sector industrial\" srcset=\"\/wp-content\/uploads\/2025\/08\/Automatisierte-Laserstation-mit-einem-YAG-Laser-und-einem-UV-Laser.webp 475w, \/wp-content\/uploads\/2025\/08\/Automatisierte-Laserstation-mit-einem-YAG-Laser-und-einem-UV-Laser-300x261.webp 300w\" sizes=\"auto, (max-width: 475px) 100vw, 475px\" \/>\r\n                                <\/div>                                                                \r\n                            <\/div>\r\n                        <\/div>                                                \r\n                    <\/div>                                \r\n            <\/section><style>.text-bild-block-id-69f70e4697150 .textBlock-headline{scroll-margin-top:100px;}@media(max-width:991px){.text-bild-block-id-69f70e4697150 .textBlock-headline{scroll-margin-top:300px;}}<\/style><script>\ndocument.addEventListener(\"DOMContentLoaded\", function () {\n    const targetId = \"default-aci\";\n\n    const scrollToHashTarget = function () {\n        if (window.location.hash !== \"#\" + targetId) {\n            return;\n        }\n\n        let targetElement = document.getElementById(targetId);\n        if (!targetElement) {\n            return;\n        }\n\n        const headlineTarget = targetElement.querySelector(\".textBlock-headline\");\n        if (headlineTarget) {\n            targetElement = headlineTarget;\n        }\n\n        window.setTimeout(function () {\n            targetElement.scrollIntoView({\n                behavior: \"smooth\",\n                block: \"start\"\n            });\n        }, 100);\n    };\n\n    scrollToHashTarget();\n    window.addEventListener(\"load\", scrollToHashTarget);\n    window.addEventListener(\"hashchange\", scrollToHashTarget);\n});\n<\/script>\n\n\n<div style=\"height:80px\" aria-hidden=\"true\" class=\"wp-block-spacer\"><\/div>\n\n\n            \r\n    <div id=\"bild-kachel-block-default-aci\" class=\"bild-kachel-block default-aci\">\r\n      \r\n        <div class=\"container\"><div class=\"row\">\r\n                             \r\n            <div class=\"col-12 col-lg-6 col-xxl-4 mb-4\">\r\n                <div class=\"card-main\">\r\n                    <div class=\"card-bildkachel\">\r\n                        <p class=\"card-bildkachel__title\">Marcadores l\u00e1ser<\/p>\r\n                        <img decoding=\"async\" loading=\"lazy\" width=\"450\" height=\"450\" src=\"\/wp-content\/uploads\/2025\/08\/ACI_Beschriftungslaser-1.webp\" class=\"card-bildkachel__image\" alt=\"All-in-One L\u00e1ser de marcado DPL Genesis Marker\" srcset=\"\/wp-content\/uploads\/2025\/08\/ACI_Beschriftungslaser-1.webp 450w, \/wp-content\/uploads\/2025\/08\/ACI_Beschriftungslaser-1-300x300.webp 300w, \/wp-content\/uploads\/2025\/08\/ACI_Beschriftungslaser-1-150x150.webp 150w\" sizes=\"auto, (max-width: 450px) 100vw, 450px\" \/>\r\n                        \r\n                    <\/div>\r\n                    <div class=\"card-bildkachel__hide\">\r\n                        <img decoding=\"async\" loading=\"lazy\" width=\"450\" height=\"450\" src=\"\/wp-content\/uploads\/2025\/08\/ACI_Beschriftungslaser_hover-1.webp\" class=\"card-bildkachel__imageHover\" alt=\"El rayo l\u00e1ser genera el DMC y el n\u00famero de serie en la herramienta de mango\" srcset=\"\/wp-content\/uploads\/2025\/08\/ACI_Beschriftungslaser_hover-1.webp 450w, \/wp-content\/uploads\/2025\/08\/ACI_Beschriftungslaser_hover-1-300x300.webp 300w, \/wp-content\/uploads\/2025\/08\/ACI_Beschriftungslaser_hover-1-150x150.webp 150w\" sizes=\"auto, (max-width: 450px) 100vw, 450px\" \/>\r\n                        <div class=\"card-bildkachel__info\">\r\n                            <p>Marcado y grabado con l\u00e1ser en todas las longitudes de onda habituales<\/p>\r\n                            <a class=\"card-bildkache__link\" href=\"\/es\/productos-soluciones\/marcadores-laser\/\"  aria-label=\" es\/productos-soluciones\/marcadores-laser \">\r\n                                <div class=\"wt-btn-petrol testimonial-arrow-next slick-arrow\" style=\"\">\r\n                                    <span class=\"arrow\">\r\n                                        <span><\/span>\r\n                                        <span><\/span>\r\n                                    <\/span>\r\n                                <\/div>\r\n                            <\/a>\r\n                        <\/div>\r\n                    <\/div>\r\n                <\/div>\r\n            <\/div>\r\n                             \r\n            <div class=\"col-12 col-lg-6 col-xxl-4 mb-4\">\r\n                <div class=\"card-main\">\r\n                    <div class=\"card-bildkachel\">\r\n                        <p class=\"card-bildkachel__title\">L\u00e1ser de pulso ultracorto<\/p>\r\n                        <img decoding=\"async\" loading=\"lazy\" width=\"450\" height=\"450\" src=\"\/wp-content\/uploads\/2025\/08\/ACI_Ultrakurzpulslaser-1-1.webp\" class=\"card-bildkachel__image\" alt=\"L\u00e1ser de pulsos ultracortos DFL Brevis Marker con unidad de alimentaci\u00f3n y cabezal l\u00e1ser\" srcset=\"\/wp-content\/uploads\/2025\/08\/ACI_Ultrakurzpulslaser-1-1.webp 450w, \/wp-content\/uploads\/2025\/08\/ACI_Ultrakurzpulslaser-1-1-300x300.webp 300w, \/wp-content\/uploads\/2025\/08\/ACI_Ultrakurzpulslaser-1-1-150x150.webp 150w\" sizes=\"auto, (max-width: 450px) 100vw, 450px\" \/>\r\n                        \r\n                    <\/div>\r\n                    <div class=\"card-bildkachel__hide\">\r\n                        <img decoding=\"async\" loading=\"lazy\" width=\"450\" height=\"450\" src=\"\/wp-content\/uploads\/2025\/08\/ACI_Ultrakurzpulslaser_hover-1.webp\" class=\"card-bildkachel__imageHover\" alt=\"Marca negra en tijeras quir\u00fargicas de acero inoxidable\" srcset=\"\/wp-content\/uploads\/2025\/08\/ACI_Ultrakurzpulslaser_hover-1.webp 450w, \/wp-content\/uploads\/2025\/08\/ACI_Ultrakurzpulslaser_hover-1-300x300.webp 300w, \/wp-content\/uploads\/2025\/08\/ACI_Ultrakurzpulslaser_hover-1-150x150.webp 150w\" sizes=\"auto, (max-width: 450px) 100vw, 450px\" \/>\r\n                        <div class=\"card-bildkachel__info\">\r\n                            <p>Corte, perforaci\u00f3n, ablaci\u00f3n y estructuraci\u00f3n a escala microm\u00e9trica<\/p>\r\n                            <a class=\"card-bildkache__link\" href=\"\/es\/productos-soluciones\/laser-de-pulsos-ultracortos\/\"  aria-label=\" es\/productos-soluciones\/laser-de-pulsos-ultracortos \">\r\n                                <div class=\"wt-btn-petrol testimonial-arrow-next slick-arrow\" style=\"\">\r\n                                    <span class=\"arrow\">\r\n                                        <span><\/span>\r\n                                        <span><\/span>\r\n                                    <\/span>\r\n                                <\/div>\r\n                            <\/a>\r\n                        <\/div>\r\n                    <\/div>\r\n                <\/div>\r\n            <\/div>\r\n                             \r\n            <div class=\"col-12 col-lg-6 col-xxl-4 mb-4\">\r\n                <div class=\"card-main\">\r\n                    <div class=\"card-bildkachel\">\r\n                        <p class=\"card-bildkachel__title\">L\u00e1ser de recorte<\/p>\r\n                        <img decoding=\"async\" loading=\"lazy\" width=\"450\" height=\"450\" src=\"\/wp-content\/uploads\/2025\/08\/ACI_Lasertrimmer-1.webp\" class=\"card-bildkachel__image\" alt=\"Recortadora l\u00e1ser DFL Ventus Recortadora de la serie Business Fiber TRIM con tecnolog\u00eda l\u00e1ser de fibra\" srcset=\"\/wp-content\/uploads\/2025\/08\/ACI_Lasertrimmer-1.webp 450w, \/wp-content\/uploads\/2025\/08\/ACI_Lasertrimmer-1-300x300.webp 300w, \/wp-content\/uploads\/2025\/08\/ACI_Lasertrimmer-1-150x150.webp 150w\" sizes=\"auto, (max-width: 450px) 100vw, 450px\" \/>\r\n                        \r\n                    <\/div>\r\n                    <div class=\"card-bildkachel__hide\">\r\n                        <img decoding=\"async\" loading=\"lazy\" width=\"450\" height=\"450\" src=\"\/wp-content\/uploads\/2025\/08\/ACI_Lasertrimmer_hover-1.webp\" class=\"card-bildkachel__imageHover\" alt=\"Resistencia electr\u00f3nica en placa de circuito, corte en L recortado por l\u00e1ser con recortadora l\u00e1ser ACI\" srcset=\"\/wp-content\/uploads\/2025\/08\/ACI_Lasertrimmer_hover-1.webp 450w, \/wp-content\/uploads\/2025\/08\/ACI_Lasertrimmer_hover-1-300x300.webp 300w, \/wp-content\/uploads\/2025\/08\/ACI_Lasertrimmer_hover-1-150x150.webp 150w\" sizes=\"auto, (max-width: 450px) 100vw, 450px\" \/>\r\n                        <div class=\"card-bildkachel__info\">\r\n                            <p>Recorte de resistencias electr\u00f3nicas con tecnolog\u00eda l\u00e1ser de fibra<\/p>\r\n                            <a class=\"card-bildkache__link\" href=\"\/es\/productos-soluciones\/laseres-de-recorte\/\"  aria-label=\" es\/productos-soluciones\/laseres-de-recorte \">\r\n                                <div class=\"wt-btn-petrol testimonial-arrow-next slick-arrow\" style=\"\">\r\n                                    <span class=\"arrow\">\r\n                                        <span><\/span>\r\n                                        <span><\/span>\r\n                                    <\/span>\r\n                                <\/div>\r\n                            <\/a>\r\n                        <\/div>\r\n                    <\/div>\r\n                <\/div>\r\n            <\/div>\r\n                             \r\n            <div class=\"col-12 col-lg-6 col-xxl-4 mb-4\">\r\n                <div class=\"card-main\">\r\n                    <div class=\"card-bildkachel\">\r\n                        <p class=\"card-bildkachel__title\">Estaciones l\u00e1ser<\/p>\r\n                        <img decoding=\"async\" loading=\"lazy\" width=\"450\" height=\"450\" src=\"\/wp-content\/uploads\/2025\/08\/ACI_Laserstationen-1.webp\" class=\"card-bildkachel__image\" alt=\"Estaciones l\u00e1ser Workstation Professional con marcador l\u00e1ser de fibra DFL Ventus y eje de rotaci\u00f3n\" srcset=\"\/wp-content\/uploads\/2025\/08\/ACI_Laserstationen-1.webp 450w, \/wp-content\/uploads\/2025\/08\/ACI_Laserstationen-1-300x300.webp 300w, \/wp-content\/uploads\/2025\/08\/ACI_Laserstationen-1-150x150.webp 150w\" sizes=\"auto, (max-width: 450px) 100vw, 450px\" \/>\r\n                        \r\n                    <\/div>\r\n                    <div class=\"card-bildkachel__hide\">\r\n                        <img decoding=\"async\" loading=\"lazy\" width=\"450\" height=\"450\" src=\"\/wp-content\/uploads\/2025\/08\/ACI_Laserstationen_hover-2.webp\" class=\"card-bildkachel__imageHover\" alt=\"Vista del cabezal del l\u00e1ser de fibra y la paleta de piezas de trabajo a trav\u00e9s del cristal de seguridad del l\u00e1ser\" srcset=\"\/wp-content\/uploads\/2025\/08\/ACI_Laserstationen_hover-2.webp 450w, \/wp-content\/uploads\/2025\/08\/ACI_Laserstationen_hover-2-300x300.webp 300w, \/wp-content\/uploads\/2025\/08\/ACI_Laserstationen_hover-2-150x150.webp 150w\" sizes=\"auto, (max-width: 450px) 100vw, 450px\" \/>\r\n                        <div class=\"card-bildkachel__info\">\r\n                            <p>Soluciones completas llave en mano, configurables individualmente<\/p>\r\n                            <a class=\"card-bildkache__link\" href=\"\/es\/productos-soluciones\/estaciones-laser\/\"  aria-label=\" es\/productos-soluciones\/estaciones-laser \">\r\n                                <div class=\"wt-btn-petrol testimonial-arrow-next slick-arrow\" style=\"\">\r\n                                    <span class=\"arrow\">\r\n                                        <span><\/span>\r\n                                        <span><\/span>\r\n                                    <\/span>\r\n                                <\/div>\r\n                            <\/a>\r\n                        <\/div>\r\n                    <\/div>\r\n                <\/div>\r\n            <\/div>\r\n                             \r\n            <div class=\"col-12 col-lg-6 col-xxl-4 mb-4\">\r\n                <div class=\"card-main\">\r\n                    <div class=\"card-bildkachel\">\r\n                        <p class=\"card-bildkachel__title\">Software l\u00e1ser<\/p>\r\n                        <img decoding=\"async\" loading=\"lazy\" width=\"450\" height=\"450\" src=\"\/wp-content\/uploads\/2025\/08\/Desktop-PC-mit-ACI-Lasersoftware-Magic-Mark-1.webp\" class=\"card-bildkachel__image\" alt=\"PC de sobremesa con software l\u00e1ser Interfaz de usuario del software l\u00e1ser Magic Mark V3 de ACI\" srcset=\"\/wp-content\/uploads\/2025\/08\/Desktop-PC-mit-ACI-Lasersoftware-Magic-Mark-1.webp 450w, \/wp-content\/uploads\/2025\/08\/Desktop-PC-mit-ACI-Lasersoftware-Magic-Mark-1-300x300.webp 300w, \/wp-content\/uploads\/2025\/08\/Desktop-PC-mit-ACI-Lasersoftware-Magic-Mark-1-150x150.webp 150w\" sizes=\"auto, (max-width: 450px) 100vw, 450px\" \/>\r\n                        \r\n                    <\/div>\r\n                    <div class=\"card-bildkachel__hide\">\r\n                        <img decoding=\"async\" loading=\"lazy\" width=\"450\" height=\"450\" src=\"\/wp-content\/uploads\/2025\/08\/ACI_Software_hover-1-1.webp\" class=\"card-bildkachel__imageHover\" alt=\"Hombre en el escritorio, mirando la interfaz de usuario del software l\u00e1ser Magic Mark\" srcset=\"\/wp-content\/uploads\/2025\/08\/ACI_Software_hover-1-1.webp 450w, \/wp-content\/uploads\/2025\/08\/ACI_Software_hover-1-1-300x300.webp 300w, \/wp-content\/uploads\/2025\/08\/ACI_Software_hover-1-1-150x150.webp 150w\" sizes=\"auto, (max-width: 450px) 100vw, 450px\" \/>\r\n                        <div class=\"card-bildkachel__info\">\r\n                            <p>Potente, f\u00e1cil de usar y ampliable con flexibilidad<\/p>\r\n                            <a class=\"card-bildkache__link\" href=\"\/es\/productos-soluciones\/software\/\"  aria-label=\" es\/productos-soluciones\/software \">\r\n                                <div class=\"wt-btn-petrol testimonial-arrow-next slick-arrow\" style=\"\">\r\n                                    <span class=\"arrow\">\r\n                                        <span><\/span>\r\n                                        <span><\/span>\r\n                                    <\/span>\r\n                                <\/div>\r\n                            <\/a>\r\n                        <\/div>\r\n                    <\/div>\r\n                <\/div>\r\n            <\/div>\r\n                             \r\n            <div class=\"col-12 col-lg-6 col-xxl-4 mb-4\">\r\n                <div class=\"card-main\">\r\n                    <div class=\"card-bildkachel\">\r\n                        <p class=\"card-bildkachel__title\">Soluciones especiales<\/p>\r\n                        <img decoding=\"async\" loading=\"lazy\" width=\"450\" height=\"450\" src=\"\/wp-content\/uploads\/2025\/08\/ACI_Sonderanlagen-1.webp\" class=\"card-bildkachel__image\" alt=\"Ilustraci\u00f3n de un brazo rob\u00f3tico UR3\" srcset=\"\/wp-content\/uploads\/2025\/08\/ACI_Sonderanlagen-1.webp 450w, \/wp-content\/uploads\/2025\/08\/ACI_Sonderanlagen-1-300x300.webp 300w, \/wp-content\/uploads\/2025\/08\/ACI_Sonderanlagen-1-150x150.webp 150w\" sizes=\"auto, (max-width: 450px) 100vw, 450px\" \/>\r\n                        \r\n                    <\/div>\r\n                    <div class=\"card-bildkachel__hide\">\r\n                        <img decoding=\"async\" loading=\"lazy\" width=\"450\" height=\"450\" src=\"\/wp-content\/uploads\/2025\/08\/ACI_Sonderanlagen_hover.webp\" class=\"card-bildkachel__imageHover\" alt=\"Vista de una l\u00ednea de producci\u00f3n con l\u00e1ser de etiquetado integrado\" srcset=\"\/wp-content\/uploads\/2025\/08\/ACI_Sonderanlagen_hover.webp 450w, \/wp-content\/uploads\/2025\/08\/ACI_Sonderanlagen_hover-300x300.webp 300w, \/wp-content\/uploads\/2025\/08\/ACI_Sonderanlagen_hover-150x150.webp 150w\" sizes=\"auto, (max-width: 450px) 100vw, 450px\" \/>\r\n                        <div class=\"card-bildkachel__info\">\r\n                            <p>Estaciones l\u00e1ser personalizadas y soluciones de integraci\u00f3n<\/p>\r\n                            <a class=\"card-bildkache__link\" href=\"\/es\/productos-soluciones\/soluciones-especiales\/\"  aria-label=\" es\/productos-soluciones\/soluciones-especiales \">\r\n                                <div class=\"wt-btn-petrol testimonial-arrow-next slick-arrow\" style=\"\">\r\n                                    <span class=\"arrow\">\r\n                                        <span><\/span>\r\n                                        <span><\/span>\r\n                                    <\/span>\r\n                                <\/div>\r\n                            <\/a>\r\n                        <\/div>\r\n                    <\/div>\r\n                <\/div>\r\n            <\/div><\/div>  <\/div>\r\n     \r\n    <\/div>\n\n\n<div style=\"height:80px\" aria-hidden=\"true\" class=\"wp-block-spacer\"><\/div>\n\n\n<section id=\"default-aci\" class=\"split-block split-block-id-69f70e4697f3b split-block-layout-fullWidth split-block-select-layout-0 default-aci\">\r\n                            \r\n                <div class=\"container-fluid\">\r\n                    \r\n                    <div class=\"split-wrapper\">\r\n                        <div class=\"row\">\r\n                        \r\n                            <div class=\"col-12 col-xl-6 pe-xl-0 mob \">\r\n                                <div class=\"content bg-prismen\">\r\n                                    <div class=\"content-wrapper\">\r\n                                        <span class='subheadline white'>Por tel\u00e9fono o formulario de contacto<\/span>\r\n                                        <h2 class='headline white'>Su contacto con ACI Laser<\/h2>\r\n                                        <div class=\"con-wrapper\">\n<p class=\"wp-block-wt-split-block\">\u00bfDesea informaci\u00f3n sobre el producto, asesoramiento sobre aplicaciones, muestras de etiquetado o una demostraci\u00f3n del sistema? P\u00f3ngase en contacto con nosotros. Nuestro equipo de ventas se pondr\u00e1 en contacto con usted lo antes posible.<\/p>\n<\/div>\r\n                                        <div class=\"btn-wrapper\">\r\n                                            <a href=\"\/es\/contacto\/internacional-ventas\/\"  class=\"button-1 mb-3\">\r\n                            <div class=\"wt-btn-outline \">\r\n                                <span>Contacto ventas<\/span>\r\n                            <\/div>\r\n                        <\/a>\r\n                                            <a href=\"\/es\/contacto\/atencion-al-cliente\/\"  class=\"button-2 mb-3\">\r\n                            <div class=\"wt-btn-outline \">\r\n                                <span>Servicio de contacto<\/span>\r\n                            <\/div>\r\n                        <\/a>\r\n                                            \r\n                                        <\/div>                                        \r\n                                    <\/div>\r\n                                <\/div>\r\n                            <\/div>\r\n                            \r\n                            <div class=\"col-12 col-xl-6 ps-xl-0 mob d-flex align-items-center\">\r\n                                <img decoding=\"async\" loading=\"lazy\" width=\"960\" height=\"600\" src=\"\/wp-content\/uploads\/2025\/08\/Geteiltes-Banner_Kontakt_960x600_1-1.webp\" class=\"img-fluid\" alt=\"El equipo de asistencia le ayudar\u00e1 a resolver sus dudas sobre el sistema l\u00e1ser y Magic Mark por tel\u00e9fono y en l\u00ednea\" srcset=\"\/wp-content\/uploads\/2025\/08\/Geteiltes-Banner_Kontakt_960x600_1-1.webp 960w, \/wp-content\/uploads\/2025\/08\/Geteiltes-Banner_Kontakt_960x600_1-1-300x188.webp 300w, \/wp-content\/uploads\/2025\/08\/Geteiltes-Banner_Kontakt_960x600_1-1-768x480.webp 768w\" sizes=\"auto, (max-width: 960px) 100vw, 960px\" \/>\r\n                            <\/div>\r\n                            \r\n                        <\/div>\r\n                    <\/div>                            \r\n                <\/div>\r\n                                                  \r\n            <\/section>\r\n<div class=\"modal fade pdf-brochure\" id=\"pdf-download-modal\" tabindex=\"-1\" aria-labelledby=\"pdf-download-modal-label\">\r\n  <div class=\"modal-dialog modal-xl modal-dialog-centered\">\r\n    <div class=\"modal-content\">\r\n      <div class=\"modal-header\">\r\n         <p class=\"modal-title\" id=\"pdf-download-modal-label\">Solicitud de descarga<\/p>\r\n         <div class=\"modal-header-button\">\r\n             <button type=\"button\" class=\"btn-close\" data-bs-dismiss=\"modal\">&times;<\/button>\r\n         <\/div>\r\n      <\/div>\r\n      <div class=\"modal-body\">\r\n           \n<div class=\"wpcf7 no-js\" id=\"wpcf7-f16624-o1\" lang=\"de-DE\" dir=\"ltr\" data-wpcf7-id=\"16624\">\n<div class=\"screen-reader-response\"><p role=\"status\" aria-live=\"polite\" aria-atomic=\"true\"><\/p> <ul><\/ul><\/div>\n<form action=\"\/es\/wp-json\/wp\/v2\/pages\/82#wpcf7-f16624-o1\" method=\"post\" class=\"wpcf7-form init\" aria-label=\"Kontaktformular\" novalidate=\"novalidate\" data-status=\"init\" data-form-name=\"PDF-Login-Formular (ES)\">\n<fieldset class=\"hidden-fields-container\"><input type=\"hidden\" name=\"_wpcf7\" value=\"16624\" \/><input type=\"hidden\" name=\"_wpcf7_version\" value=\"6.1.5\" \/><input type=\"hidden\" name=\"_wpcf7_locale\" value=\"de_DE\" \/><input type=\"hidden\" name=\"_wpcf7_unit_tag\" value=\"wpcf7-f16624-o1\" \/><input type=\"hidden\" name=\"_wpcf7_container_post\" value=\"0\" \/><input type=\"hidden\" name=\"_wpcf7_posted_data_hash\" value=\"\" \/><input type=\"hidden\" name=\"_wpcf7_recaptcha_response\" value=\"\" \/>\n<\/fieldset>\n<div class=\"container section-form hidden-field-quelle\">\n\t<div class=\"row\">\n\t\t<p>Para poder responder a sus necesidades de la mejor manera posible, le pedimos que nos facilite una vez sus datos de contacto. La descarga se iniciar\u00e1 directamente despu\u00e9s. No es necesario introducir m\u00e1s datos para otras descargas, se inician autom\u00e1ticamente.\n\t\t<\/p>\n\t\t<div class=\"col-md-6 col-12\">\n\t\t\t<p><label> Nombre* <span class=\"wpcf7-form-control-wrap\" data-name=\"field-firstname\"><input size=\"40\" maxlength=\"400\" class=\"wpcf7-form-control wpcf7-text wpcf7-validates-as-required\" aria-required=\"true\" aria-invalid=\"false\" value=\"\" type=\"text\" name=\"field-firstname\" \/><\/span> <\/label>\n\t\t\t<\/p>\n\t\t<\/div>\n\t\t<div class=\"col-md-6 col-12\">\n\t\t\t<p><label> Apellido* <span class=\"wpcf7-form-control-wrap\" data-name=\"field-lastname\"><input size=\"40\" maxlength=\"400\" class=\"wpcf7-form-control wpcf7-text wpcf7-validates-as-required\" aria-required=\"true\" aria-invalid=\"false\" value=\"\" type=\"text\" name=\"field-lastname\" \/><\/span> <\/label>\n\t\t\t<\/p>\n\t\t<\/div>\n\t\t<div class=\"col-md-6 col-12\">\n\t\t\t<p><label> Direcci\u00f3n de correo electr\u00f3nico* <span class=\"wpcf7-form-control-wrap\" data-name=\"field-email\"><input size=\"40\" maxlength=\"400\" class=\"wpcf7-form-control wpcf7-email wpcf7-validates-as-required wpcf7-text wpcf7-validates-as-email\" aria-required=\"true\" aria-invalid=\"false\" value=\"\" type=\"email\" name=\"field-email\" \/><\/span> <\/label>\n\t\t\t<\/p>\n\t\t<\/div>\n\t\t<div class=\"col-md-6 col-12\">\n\t\t\t<p><label> Empresa* <span class=\"wpcf7-form-control-wrap\" data-name=\"field-company\"><input size=\"40\" maxlength=\"400\" class=\"wpcf7-form-control wpcf7-text wpcf7-validates-as-required\" aria-required=\"true\" aria-invalid=\"false\" value=\"\" type=\"text\" name=\"field-company\" \/><\/span> <\/label>\n\t\t\t<\/p>\n\t\t<\/div>\n\t\t<div class=\"col-md-6 col-12\">\n\t\t\t<p><label> Tel\u00e9fono* <span class=\"wpcf7-form-control-wrap\" data-name=\"field-telephone\"><input size=\"40\" maxlength=\"400\" class=\"wpcf7-form-control wpcf7-text wpcf7-validates-as-required\" aria-required=\"true\" aria-invalid=\"false\" value=\"\" type=\"text\" name=\"field-telephone\" \/><\/span> <\/label>\n\t\t\t<\/p>\n\t\t<\/div>\n\t\t<div class=\"col-md-6 col-12\">\n\t\t\t<p><label> Pa\u00eds* <span class=\"wpcf7-form-control-wrap\" data-name=\"field-country\"><input size=\"40\" maxlength=\"400\" class=\"wpcf7-form-control wpcf7-text wpcf7-validates-as-required\" aria-required=\"true\" aria-invalid=\"false\" value=\"\" type=\"text\" name=\"field-country\" \/><\/span> <\/label>\n\t\t\t<\/p>\n\t\t<\/div>\n\t\t<div class=\"col-md-6 col-12\">\n\t\t\t<p><label> C\u00f3digo postal* <span class=\"wpcf7-form-control-wrap\" data-name=\"field-plz\"><input size=\"40\" maxlength=\"400\" class=\"wpcf7-form-control wpcf7-text wpcf7-validates-as-required\" aria-required=\"true\" aria-invalid=\"false\" value=\"\" type=\"text\" name=\"field-plz\" \/><\/span> <\/label>\n\t\t\t<\/p>\n\t\t<\/div>\n\t\t<div class=\"col-md-6 col-12\">\n\t\t\t<p><label> Ubicaci\u00f3n* <span class=\"wpcf7-form-control-wrap\" data-name=\"field-ort\"><input size=\"40\" maxlength=\"400\" class=\"wpcf7-form-control wpcf7-text wpcf7-validates-as-required\" aria-required=\"true\" aria-invalid=\"false\" value=\"\" type=\"text\" name=\"field-ort\" \/><\/span> <\/label>\n\t\t\t<\/p>\n\t\t<\/div>\n\t\t<div class=\"col-12\">\n\t\t\t<p class=\"mb-0\">Su mensaje (opcional)\n\t\t\t<\/p>\n\t\t\t<p class=\"mb-0\"><span class=\"wpcf7-form-control-wrap\" data-name=\"your-message\"><textarea cols=\"40\" rows=\"10\" maxlength=\"2000\" class=\"wpcf7-form-control wpcf7-textarea\" aria-invalid=\"false\" name=\"your-message\"><\/textarea><\/span>\n\t\t\t<\/p>\n\t\t<\/div>\n\t\t<div class=\"col-12\">\n\t\t\t<p class=\"mt-4\"><b> <\/b><b>\u00bfTiene un proyecto actual?*<\/b>\n\t\t\t<\/p>\n\t\t\t<div class=\"radio-buttons-login-in\">\n\t\t\t\t<p><span class=\"wpcf7-form-control-wrap\" data-name=\"proyecto\"><span class=\"wpcf7-form-control wpcf7-radio\"><span class=\"wpcf7-list-item first\"><label><input type=\"radio\" name=\"proyecto\" value=\"S\u00ed, actual y urgente\" \/><span class=\"wpcf7-list-item-label\">S\u00ed, actual y urgente<\/span><\/label><\/span><span class=\"wpcf7-list-item\"><label><input type=\"radio\" name=\"proyecto\" value=\"S\u00ed, en los pr\u00f3ximos 6 meses\" \/><span class=\"wpcf7-list-item-label\">S\u00ed, en los pr\u00f3ximos 6 meses<\/span><\/label><\/span><span class=\"wpcf7-list-item\"><label><input type=\"radio\" name=\"proyecto\" value=\"S\u00ed, en los pr\u00f3ximos 6-12 meses\" \/><span class=\"wpcf7-list-item-label\">S\u00ed, en los pr\u00f3ximos 6-12 meses<\/span><\/label><\/span><span class=\"wpcf7-list-item\"><label><input type=\"radio\" name=\"proyecto\" value=\"S\u00ed, en los pr\u00f3ximos 12+ meses\" \/><span class=\"wpcf7-list-item-label\">S\u00ed, en los pr\u00f3ximos 12+ meses<\/span><\/label><\/span><span class=\"wpcf7-list-item last\"><label><input type=\"radio\" name=\"proyecto\" value=\"No hay proyecto planeado\" \/><span class=\"wpcf7-list-item-label\">No hay proyecto planeado<\/span><\/label><\/span><\/span><\/span>\n\t\t\t\t<\/p>\n\t\t\t<\/div>\n\t\t<\/div>\n\t\t<div class=\"col-12\">\n\t\t\t<p><span class=\"wpcf7-form-control-wrap\" data-name=\"dsgvo\"><span class=\"wpcf7-form-control wpcf7-checkbox wpcf7-validates-as-required\"><span class=\"wpcf7-list-item first last\"><label><input type=\"checkbox\" name=\"dsgvo[]\" value=\"Acepto la transmisi\u00f3n\/procesamiento de mis datos de acuerdo con la pol\u00edtica de privacidad.*\" \/><span class=\"wpcf7-list-item-label\">Acepto la transmisi\u00f3n\/procesamiento de mis datos de acuerdo con la pol\u00edtica de privacidad.*<\/span><\/label><\/span><\/span><\/span> Lea nuestra <a href=\"https:\/\/www.aci-laser.com\/es\/declaracion-de-proteccion-de-datos\/\" target=\"_blank\">pol\u00edtica de privacidad<\/a>.\n\t\t\t<\/p>\n\t\t\t<p>* = Campo obligatorio\n\t\t\t<\/p>\n\t\t<div class=\"wpcf7-response-output\" aria-hidden=\"true\"><\/div>\n\t\t<input class=\"wpcf7-form-control wpcf7-hidden\" id=\"cf7-link-downloaded\" value=\"\" type=\"hidden\" name=\"cf7-link-downloaded\" \/>\n\t\t\t<div style=\"margin-bottom: 1rem\">\n\t\t\t<span class=\"wpcf7-form-control-wrap recaptcha\" data-name=\"recaptcha\"><span data-sitekey=\"6LchRHsqAAAAAMwH10ot0qoLut1f_AYOknfq4FQf\" class=\"wpcf7-form-control wpcf7-recaptcha g-recaptcha\"><\/span>\r\n<noscript>\r\n\t<div class=\"grecaptcha-noscript\">\r\n\t\t<iframe loading=\"lazy\" src=\"https:\/\/www.google.com\/recaptcha\/api\/fallback?k=6LchRHsqAAAAAMwH10ot0qoLut1f_AYOknfq4FQf\" frameborder=\"0\" scrolling=\"no\" width=\"310\" height=\"430\">\r\n\t\t<\/iframe>\r\n\t\t<textarea name=\"g-recaptcha-response\" rows=\"3\" cols=\"40\" placeholder=\"reCaptcha Response Here\">\r\n\t\t<\/textarea>\r\n\t<\/div>\r\n<\/noscript>\r\n<\/span>\n\t\t\t<\/div>\n\t\t\t<p><input class=\"wpcf7-form-control wpcf7-submit has-spinner wt-btn-petrol\" type=\"submit\" value=\"Enviar\" \/>\n\t\t\t<\/p>\n\t\t<\/div>\n\t<\/div>\n<\/div>\n<\/form>\n<\/div>\n\r\n      <\/div>\r\n    <\/div>\r\n  <\/div>\r\n<\/div>\n\n\n<div style=\"height:80px\" aria-hidden=\"true\" class=\"wp-block-spacer\"><\/div>\n\n\n<div id=\"referenz-block-header-default-aci\" class=\"referenz-block-header default-aci\">\r\n                <div class=\"container\">\r\n                    <div class=\"row\">\r\n                        <div class=\"col\">\r\n                            <div class=\"d-flex justify-content-between align-items-center\">\r\n                                <h2 class=\"main-headline wt-h1\">Referencias<\/h2>\r\n                                <div>\r\n                                    <div class=\"wt-btn-petrol referenz-arrow-prev\">\r\n                                        <span class=\"arrow\">\r\n                                            <span><\/span>\r\n                                            <span><\/span>\r\n                                        <\/span>\r\n                                    <\/div>\r\n                                    <div class=\"wt-btn-petrol referenz-arrow-next\">\r\n                                        <span class=\"arrow\">\r\n                                            <span><\/span>\r\n                                            <span><\/span>\r\n                                        <\/span>\r\n                                    <\/div>                                    \r\n                                <\/div>\r\n                            <\/div>                            \r\n                        <\/div>\r\n                    <\/div>\r\n                    \r\n                <\/div>\r\n            <\/div>\r\n\r\n            <div class=\"referenz-block-wrapper\">\r\n                <div class=\"container\">\r\n                \t<div class=\"row referenzPost justify-content-center\">\r\n                        <div class=\"referenz-slider\">\r\n                            <div class=\"col-12 col-md-6 col-lg-4 post-img referenz-block-wrapper\">\r\n                            <a href=\"https:\/\/www.abus.com\/es\" class=\"https:\/\/www.abus.com\/es\" target=\"_blank\" rel=\"noopener\">\r\n                                <div class=\"post\">\r\n                                    <img decoding=\"async\" loading=\"lazy\" width=\"300\" height=\"300\" src=\"\/wp-content\/uploads\/2025\/08\/Abus-Pfaffenhain-logo_300x300.webp\" class=\"img-fluid\" alt=\"Abus Pfaffenhain Logo\" srcset=\"\/wp-content\/uploads\/2025\/08\/Abus-Pfaffenhain-logo_300x300.webp 300w, \/wp-content\/uploads\/2025\/08\/Abus-Pfaffenhain-logo_300x300-150x150.webp 150w\" sizes=\"auto, (max-width: 300px) 100vw, 300px\" \/>\r\n                                <\/div>\r\n                            <\/a>                                                                \r\n                        <\/div><div class=\"col-12 col-md-6 col-lg-4 post-img referenz-block-wrapper\">\r\n                            <a href=\"https:\/\/abx.de\/\" class=\"https:\/\/abx.de\/\" target=\"_blank\" rel=\"noopener\">\r\n                                <div class=\"post\">\r\n                                    <img decoding=\"async\" loading=\"lazy\" width=\"300\" height=\"300\" src=\"\/wp-content\/uploads\/2025\/08\/ABX-logo_300x300.webp\" class=\"img-fluid\" alt=\"ABX Logo\" srcset=\"\/wp-content\/uploads\/2025\/08\/ABX-logo_300x300.webp 300w, \/wp-content\/uploads\/2025\/08\/ABX-logo_300x300-150x150.webp 150w\" sizes=\"auto, (max-width: 300px) 100vw, 300px\" \/>\r\n                                <\/div>\r\n                            <\/a>                                                                \r\n                        <\/div><div class=\"col-12 col-md-6 col-lg-4 post-img referenz-block-wrapper\">\r\n                            <a href=\"https:\/\/www.accomplast.de\/eng\/homepage.html\" class=\"https:\/\/www.accomplast.de\/eng\/homepage.html\" target=\"_blank\" rel=\"noopener\">\r\n                                <div class=\"post\">\r\n                                    <img decoding=\"async\" loading=\"lazy\" width=\"300\" height=\"300\" src=\"\/wp-content\/uploads\/2025\/08\/Accomplast-logo_300x300.webp\" class=\"img-fluid\" alt=\"Accomplast Logo\" srcset=\"\/wp-content\/uploads\/2025\/08\/Accomplast-logo_300x300.webp 300w, \/wp-content\/uploads\/2025\/08\/Accomplast-logo_300x300-150x150.webp 150w\" sizes=\"auto, (max-width: 300px) 100vw, 300px\" \/>\r\n                                <\/div>\r\n                            <\/a>                                                                \r\n                        <\/div><div class=\"col-12 col-md-6 col-lg-4 post-img referenz-block-wrapper\">\r\n                            <a href=\"https:\/\/www.assaabloy.com\/es\/es\" class=\"https:\/\/www.assaabloy.com\/es\/es\" target=\"_blank\" rel=\"noopener\">\r\n                                <div class=\"post\">\r\n                                    <img decoding=\"async\" loading=\"lazy\" width=\"300\" height=\"300\" src=\"\/wp-content\/uploads\/2025\/08\/Assa-logo_300x300.webp\" class=\"img-fluid\" alt=\"Assa Logo\" srcset=\"\/wp-content\/uploads\/2025\/08\/Assa-logo_300x300.webp 300w, \/wp-content\/uploads\/2025\/08\/Assa-logo_300x300-150x150.webp 150w\" sizes=\"auto, (max-width: 300px) 100vw, 300px\" \/>\r\n                                <\/div>\r\n                            <\/a>                                                                \r\n                        <\/div><div class=\"col-12 col-md-6 col-lg-4 post-img referenz-block-wrapper\">\r\n                            <a href=\"https:\/\/www.balluff.com\/es-es\" class=\"https:\/\/www.balluff.com\/es-es\" target=\"_blank\" rel=\"noopener\">\r\n                                <div class=\"post\">\r\n                                    <img decoding=\"async\" loading=\"lazy\" width=\"300\" height=\"300\" src=\"\/wp-content\/uploads\/2025\/08\/Balluff-logo_300x300.webp\" class=\"img-fluid\" alt=\"Balluff Logo\" srcset=\"\/wp-content\/uploads\/2025\/08\/Balluff-logo_300x300.webp 300w, \/wp-content\/uploads\/2025\/08\/Balluff-logo_300x300-150x150.webp 150w\" sizes=\"auto, (max-width: 300px) 100vw, 300px\" \/>\r\n                                <\/div>\r\n                            <\/a>                                                                \r\n                        <\/div><div class=\"col-12 col-md-6 col-lg-4 post-img referenz-block-wrapper\">\r\n                            <a href=\"https:\/\/www.bals.com\/en\/home\" class=\"https:\/\/www.bals.com\/en\/home\" target=\"_blank\" rel=\"noopener\">\r\n                                <div class=\"post\">\r\n                                    <img decoding=\"async\" loading=\"lazy\" width=\"300\" height=\"300\" src=\"\/wp-content\/uploads\/2025\/08\/Bals-logo_300x300.webp\" class=\"img-fluid\" alt=\"Bals Logo\" srcset=\"\/wp-content\/uploads\/2025\/08\/Bals-logo_300x300.webp 300w, \/wp-content\/uploads\/2025\/08\/Bals-logo_300x300-150x150.webp 150w\" sizes=\"auto, (max-width: 300px) 100vw, 300px\" \/>\r\n                                <\/div>\r\n                            <\/a>                                                                \r\n                        <\/div><div class=\"col-12 col-md-6 col-lg-4 post-img referenz-block-wrapper\">\r\n                            <a href=\"https:\/\/www.beyer-tech.de\" class=\"https:\/\/www.beyer-tech.de\" target=\"_blank\" rel=\"noopener\">\r\n                                <div class=\"post\">\r\n                                    <img decoding=\"async\" loading=\"lazy\" width=\"300\" height=\"300\" src=\"\/wp-content\/uploads\/2025\/08\/Beyer-logo_300x300.webp\" class=\"img-fluid\" alt=\"Beyer Logo\" srcset=\"\/wp-content\/uploads\/2025\/08\/Beyer-logo_300x300.webp 300w, \/wp-content\/uploads\/2025\/08\/Beyer-logo_300x300-150x150.webp 150w\" sizes=\"auto, (max-width: 300px) 100vw, 300px\" \/>\r\n                                <\/div>\r\n                            <\/a>                                                                \r\n                        <\/div><div class=\"col-12 col-md-6 col-lg-4 post-img referenz-block-wrapper\">\r\n                            <a href=\"https:\/\/www.bos.de\/en.html\" class=\"https:\/\/www.bos.de\/en.html\" target=\"_blank\" rel=\"noopener\">\r\n                                <div class=\"post\">\r\n                                    <img decoding=\"async\" loading=\"lazy\" width=\"300\" height=\"300\" src=\"\/wp-content\/uploads\/2025\/08\/BOS-Plastics-logo_300x300.webp\" class=\"img-fluid\" alt=\"BOS Plastics Logo\" srcset=\"\/wp-content\/uploads\/2025\/08\/BOS-Plastics-logo_300x300.webp 300w, \/wp-content\/uploads\/2025\/08\/BOS-Plastics-logo_300x300-150x150.webp 150w\" sizes=\"auto, (max-width: 300px) 100vw, 300px\" \/>\r\n                                <\/div>\r\n                            <\/a>                                                                \r\n                        <\/div><div class=\"col-12 col-md-6 col-lg-4 post-img referenz-block-wrapper\">\r\n                            <a href=\"https:\/\/www.dengler-cnc.de\/\" class=\"https:\/\/www.dengler-cnc.de\/\" target=\"_blank\" rel=\"noopener\">\r\n                                <div class=\"post\">\r\n                                    <img decoding=\"async\" loading=\"lazy\" width=\"300\" height=\"300\" src=\"\/wp-content\/uploads\/2025\/08\/Dengler-CNC-logo_300x300.webp\" class=\"img-fluid\" alt=\"Dengler CNC Logo\" srcset=\"\/wp-content\/uploads\/2025\/08\/Dengler-CNC-logo_300x300.webp 300w, \/wp-content\/uploads\/2025\/08\/Dengler-CNC-logo_300x300-150x150.webp 150w\" sizes=\"auto, (max-width: 300px) 100vw, 300px\" \/>\r\n                                <\/div>\r\n                            <\/a>                                                                \r\n                        <\/div><div class=\"col-12 col-md-6 col-lg-4 post-img referenz-block-wrapper\">\r\n                            <a href=\"https:\/\/www.diakonie-wl.de\" class=\"https:\/\/www.diakonie-wl.de\" target=\"_blank\" rel=\"noopener\">\r\n                                <div class=\"post\">\r\n                                    <img decoding=\"async\" loading=\"lazy\" width=\"300\" height=\"300\" src=\"\/wp-content\/uploads\/2025\/08\/Diakonie-WE-LO-logo_300x300.webp\" class=\"img-fluid\" alt=\"Diakonie Weimar Bad Lobenstein Logo\" srcset=\"\/wp-content\/uploads\/2025\/08\/Diakonie-WE-LO-logo_300x300.webp 300w, \/wp-content\/uploads\/2025\/08\/Diakonie-WE-LO-logo_300x300-150x150.webp 150w\" sizes=\"auto, (max-width: 300px) 100vw, 300px\" \/>\r\n                                <\/div>\r\n                            <\/a>                                                                \r\n                        <\/div><div class=\"col-12 col-md-6 col-lg-4 post-img referenz-block-wrapper\">\r\n                            <a href=\"https:\/\/www.diehl.com\/metering\/de\/\" class=\"https:\/\/www.diehl.com\/metering\/de\/\" target=\"_blank\" rel=\"noopener\">\r\n                                <div class=\"post\">\r\n                                    <img decoding=\"async\" loading=\"lazy\" width=\"300\" height=\"300\" src=\"\/wp-content\/uploads\/2025\/08\/Diehl-Metering-logo_300x300.webp\" class=\"img-fluid\" alt=\"Diehl Metering Logo\" srcset=\"\/wp-content\/uploads\/2025\/08\/Diehl-Metering-logo_300x300.webp 300w, \/wp-content\/uploads\/2025\/08\/Diehl-Metering-logo_300x300-150x150.webp 150w\" sizes=\"auto, (max-width: 300px) 100vw, 300px\" \/>\r\n                                <\/div>\r\n                            <\/a>                                                                \r\n                        <\/div><div class=\"col-12 col-md-6 col-lg-4 post-img referenz-block-wrapper\">\r\n                            <a href=\"https:\/\/www.drollinger.com\/index.php\/en\/\" class=\"https:\/\/www.drollinger.com\/index.php\/en\/\" target=\"_blank\" rel=\"noopener\">\r\n                                <div class=\"post\">\r\n                                    <img decoding=\"async\" loading=\"lazy\" width=\"300\" height=\"300\" src=\"\/wp-content\/uploads\/2025\/08\/Drollinger-logo_300x300.webp\" class=\"img-fluid\" alt=\"Drollinger Logo\" srcset=\"\/wp-content\/uploads\/2025\/08\/Drollinger-logo_300x300.webp 300w, \/wp-content\/uploads\/2025\/08\/Drollinger-logo_300x300-150x150.webp 150w\" sizes=\"auto, (max-width: 300px) 100vw, 300px\" \/>\r\n                                <\/div>\r\n                            <\/a>                                                                \r\n                        <\/div><div class=\"col-12 col-md-6 col-lg-4 post-img referenz-block-wrapper\">\r\n                            <a href=\"https:\/\/www.es.endress.com\/es?ii-country=es&#038;locale=es\" class=\"https:\/\/www.es.endress.com\/es?ii-country=es&#038;locale=es\" target=\"_blank\" rel=\"noopener\">\r\n                                <div class=\"post\">\r\n                                    <img decoding=\"async\" loading=\"lazy\" width=\"300\" height=\"300\" src=\"\/wp-content\/uploads\/2025\/08\/Endres-Hauser-logo_300x300.webp\" class=\"img-fluid\" alt=\"Endres Hauser Logo\" srcset=\"\/wp-content\/uploads\/2025\/08\/Endres-Hauser-logo_300x300.webp 300w, \/wp-content\/uploads\/2025\/08\/Endres-Hauser-logo_300x300-150x150.webp 150w\" sizes=\"auto, (max-width: 300px) 100vw, 300px\" \/>\r\n                                <\/div>\r\n                            <\/a>                                                                \r\n                        <\/div><div class=\"col-12 col-md-6 col-lg-4 post-img referenz-block-wrapper\">\r\n                            <a href=\"https:\/\/www.engmatec.de\/en\/\" class=\"https:\/\/www.engmatec.de\/en\/\" target=\"_blank\" rel=\"noopener\">\r\n                                <div class=\"post\">\r\n                                    <img decoding=\"async\" loading=\"lazy\" width=\"300\" height=\"300\" src=\"\/wp-content\/uploads\/2025\/08\/Engmatec-logo_300x300.webp\" class=\"img-fluid\" alt=\"Engmatec Logo\" srcset=\"\/wp-content\/uploads\/2025\/08\/Engmatec-logo_300x300.webp 300w, \/wp-content\/uploads\/2025\/08\/Engmatec-logo_300x300-150x150.webp 150w\" sizes=\"auto, (max-width: 300px) 100vw, 300px\" \/>\r\n                                <\/div>\r\n                            <\/a>                                                                \r\n                        <\/div><div class=\"col-12 col-md-6 col-lg-4 post-img referenz-block-wrapper\">\r\n                            <a href=\"https:\/\/harmonicdrive.de\/es\/inicio\" class=\"https:\/\/harmonicdrive.de\/es\/inicio\" target=\"_blank\" rel=\"noopener\">\r\n                                <div class=\"post\">\r\n                                    <img decoding=\"async\" loading=\"lazy\" width=\"300\" height=\"300\" src=\"\/wp-content\/uploads\/2025\/08\/Harmonic-Drive-AG-logo_300x300.webp\" class=\"img-fluid\" alt=\"Harmonic Drive AG Logo\" srcset=\"\/wp-content\/uploads\/2025\/08\/Harmonic-Drive-AG-logo_300x300.webp 300w, \/wp-content\/uploads\/2025\/08\/Harmonic-Drive-AG-logo_300x300-150x150.webp 150w\" sizes=\"auto, (max-width: 300px) 100vw, 300px\" \/>\r\n                                <\/div>\r\n                            <\/a>                                                                \r\n                        <\/div><div class=\"col-12 col-md-6 col-lg-4 post-img referenz-block-wrapper\">\r\n                            <a href=\"https:\/\/www.helmholz.de\/en\/\" class=\"https:\/\/www.helmholz.de\/en\/\" target=\"_blank\" rel=\"noopener\">\r\n                                <div class=\"post\">\r\n                                    <img decoding=\"async\" loading=\"lazy\" width=\"300\" height=\"300\" src=\"\/wp-content\/uploads\/2025\/08\/Helmholz-logo_300x300.webp\" class=\"img-fluid\" alt=\"Helmholz Logo\" srcset=\"\/wp-content\/uploads\/2025\/08\/Helmholz-logo_300x300.webp 300w, \/wp-content\/uploads\/2025\/08\/Helmholz-logo_300x300-150x150.webp 150w\" sizes=\"auto, (max-width: 300px) 100vw, 300px\" \/>\r\n                                <\/div>\r\n                            <\/a>                                                                \r\n                        <\/div><div class=\"col-12 col-md-6 col-lg-4 post-img referenz-block-wrapper\">\r\n                            <a href=\"https:\/\/www.huf-group.com\/en\" class=\"https:\/\/www.huf-group.com\/en\" target=\"_blank\" rel=\"noopener\">\r\n                                <div class=\"post\">\r\n                                    <img decoding=\"async\" loading=\"lazy\" width=\"300\" height=\"300\" src=\"\/wp-content\/uploads\/2025\/08\/Huf-Tools-logo_300x300.webp\" class=\"img-fluid\" alt=\"Huf Tools Logo\" srcset=\"\/wp-content\/uploads\/2025\/08\/Huf-Tools-logo_300x300.webp 300w, \/wp-content\/uploads\/2025\/08\/Huf-Tools-logo_300x300-150x150.webp 150w\" sizes=\"auto, (max-width: 300px) 100vw, 300px\" \/>\r\n                                <\/div>\r\n                            <\/a>                                                                \r\n                        <\/div><div class=\"col-12 col-md-6 col-lg-4 post-img referenz-block-wrapper\">\r\n                            <a href=\"https:\/\/www.hydac.com\/es-es\/\" class=\"https:\/\/www.hydac.com\/es-es\/\" target=\"_blank\" rel=\"noopener\">\r\n                                <div class=\"post\">\r\n                                    <img decoding=\"async\" loading=\"lazy\" width=\"300\" height=\"300\" src=\"\/wp-content\/uploads\/2025\/08\/Hydac-logo_300x300.webp\" class=\"img-fluid\" alt=\"Hydac Logo\" srcset=\"\/wp-content\/uploads\/2025\/08\/Hydac-logo_300x300.webp 300w, \/wp-content\/uploads\/2025\/08\/Hydac-logo_300x300-150x150.webp 150w\" sizes=\"auto, (max-width: 300px) 100vw, 300px\" \/>\r\n                                <\/div>\r\n                            <\/a>                                                                \r\n                        <\/div><div class=\"col-12 col-md-6 col-lg-4 post-img referenz-block-wrapper\">\r\n                            <a href=\"https:\/\/www.jongen-werkzeugtechnik.com\/index.php?cl=start\" class=\"https:\/\/www.jongen-werkzeugtechnik.com\/index.php?cl=start\" target=\"_blank\" rel=\"noopener\">\r\n                                <div class=\"post\">\r\n                                    <img decoding=\"async\" loading=\"lazy\" width=\"300\" height=\"300\" src=\"\/wp-content\/uploads\/2025\/08\/Jongen-logo_300x300.webp\" class=\"img-fluid\" alt=\"Hydac Logo\" srcset=\"\/wp-content\/uploads\/2025\/08\/Jongen-logo_300x300.webp 300w, \/wp-content\/uploads\/2025\/08\/Jongen-logo_300x300-150x150.webp 150w\" sizes=\"auto, (max-width: 300px) 100vw, 300px\" \/>\r\n                                <\/div>\r\n                            <\/a>                                                                \r\n                        <\/div><div class=\"col-12 col-md-6 col-lg-4 post-img referenz-block-wrapper\">\r\n                            <a href=\"https:\/\/www.kraus-hw.de\/\" class=\"https:\/\/www.kraus-hw.de\/\" target=\"_blank\" rel=\"noopener\">\r\n                                <div class=\"post\">\r\n                                    <img decoding=\"async\" loading=\"lazy\" width=\"300\" height=\"300\" src=\"\/wp-content\/uploads\/2025\/08\/Kraus-Hardware-logo_300x300.webp\" class=\"img-fluid\" alt=\"Kraus Hardware Logo\" srcset=\"\/wp-content\/uploads\/2025\/08\/Kraus-Hardware-logo_300x300.webp 300w, \/wp-content\/uploads\/2025\/08\/Kraus-Hardware-logo_300x300-150x150.webp 150w\" sizes=\"auto, (max-width: 300px) 100vw, 300px\" \/>\r\n                                <\/div>\r\n                            <\/a>                                                                \r\n                        <\/div><div class=\"col-12 col-md-6 col-lg-4 post-img referenz-block-wrapper\">\r\n                            <a href=\"https:\/\/kristen-goermann.de\/en\/\" class=\"https:\/\/kristen-goermann.de\/en\/\" target=\"_blank\" rel=\"noopener\">\r\n                                <div class=\"post\">\r\n                                    <img decoding=\"async\" loading=\"lazy\" width=\"300\" height=\"300\" src=\"\/wp-content\/uploads\/2025\/08\/Kristen-Goermann-logo_300x300.webp\" class=\"img-fluid\" alt=\"Kristen Goermann Logo\" srcset=\"\/wp-content\/uploads\/2025\/08\/Kristen-Goermann-logo_300x300.webp 300w, \/wp-content\/uploads\/2025\/08\/Kristen-Goermann-logo_300x300-150x150.webp 150w\" sizes=\"auto, (max-width: 300px) 100vw, 300px\" \/>\r\n                                <\/div>\r\n                            <\/a>                                                                \r\n                        <\/div><div class=\"col-12 col-md-6 col-lg-4 post-img referenz-block-wrapper\">\r\n                            <a href=\"https:\/\/www.laser-tattoo.info\" class=\"https:\/\/www.laser-tattoo.info\" target=\"_blank\" rel=\"noopener\">\r\n                                <div class=\"post\">\r\n                                    <img decoding=\"async\" loading=\"lazy\" width=\"300\" height=\"300\" src=\"\/wp-content\/uploads\/2025\/08\/Laser-Tattoo-logo_300x300.webp\" class=\"img-fluid\" alt=\"Laser Tattoo Logo\" srcset=\"\/wp-content\/uploads\/2025\/08\/Laser-Tattoo-logo_300x300.webp 300w, \/wp-content\/uploads\/2025\/08\/Laser-Tattoo-logo_300x300-150x150.webp 150w\" sizes=\"auto, (max-width: 300px) 100vw, 300px\" \/>\r\n                                <\/div>\r\n                            <\/a>                                                                \r\n                        <\/div><div class=\"col-12 col-md-6 col-lg-4 post-img referenz-block-wrapper\">\r\n                            <a href=\"https:\/\/www.lehrmess.de\/en\/\" class=\"https:\/\/www.lehrmess.de\/en\/\" target=\"_blank\" rel=\"noopener\">\r\n                                <div class=\"post\">\r\n                                    <img decoding=\"async\" loading=\"lazy\" width=\"300\" height=\"300\" src=\"\/wp-content\/uploads\/2025\/08\/Lehren-Messgeraete-logo_300x300.webp\" class=\"img-fluid\" alt=\"Lehren Messgeraete Logo\" srcset=\"\/wp-content\/uploads\/2025\/08\/Lehren-Messgeraete-logo_300x300.webp 300w, \/wp-content\/uploads\/2025\/08\/Lehren-Messgeraete-logo_300x300-150x150.webp 150w\" sizes=\"auto, (max-width: 300px) 100vw, 300px\" \/>\r\n                                <\/div>\r\n                            <\/a>                                                                \r\n                        <\/div><div class=\"col-12 col-md-6 col-lg-4 post-img referenz-block-wrapper\">\r\n                            <a href=\"https:\/\/www.senova.de\/en\/\" class=\"https:\/\/www.senova.de\/en\/\" target=\"_blank\" rel=\"noopener\">\r\n                                <div class=\"post\">\r\n                                    <img decoding=\"async\" loading=\"lazy\" width=\"300\" height=\"300\" src=\"\/wp-content\/uploads\/2025\/08\/Senova-logo_300x300.webp\" class=\"img-fluid\" alt=\"Senova Logo\" srcset=\"\/wp-content\/uploads\/2025\/08\/Senova-logo_300x300.webp 300w, \/wp-content\/uploads\/2025\/08\/Senova-logo_300x300-150x150.webp 150w\" sizes=\"auto, (max-width: 300px) 100vw, 300px\" \/>\r\n                                <\/div>\r\n                            <\/a>                                                                \r\n                        <\/div><div class=\"col-12 col-md-6 col-lg-4 post-img referenz-block-wrapper\">\r\n                            <a href=\"https:\/\/www.lewa.com\/es-ES\/\" class=\"https:\/\/www.lewa.com\/es-ES\/\" target=\"_blank\" rel=\"noopener\">\r\n                                <div class=\"post\">\r\n                                    <img decoding=\"async\" loading=\"lazy\" width=\"300\" height=\"300\" src=\"\/wp-content\/uploads\/2025\/08\/LEWA-logo_300x300.webp\" class=\"img-fluid\" alt=\"LEWA Logo\" srcset=\"\/wp-content\/uploads\/2025\/08\/LEWA-logo_300x300.webp 300w, \/wp-content\/uploads\/2025\/08\/LEWA-logo_300x300-150x150.webp 150w\" sizes=\"auto, (max-width: 300px) 100vw, 300px\" \/>\r\n                                <\/div>\r\n                            <\/a>                                                                \r\n                        <\/div><div class=\"col-12 col-md-6 col-lg-4 post-img referenz-block-wrapper\">\r\n                            <a href=\"https:\/\/www.neuman.at\" class=\"https:\/\/www.neuman.at\" target=\"_blank\" rel=\"noopener\">\r\n                                <div class=\"post\">\r\n                                    <img decoding=\"async\" loading=\"lazy\" width=\"300\" height=\"300\" src=\"\/wp-content\/uploads\/2025\/08\/Neumann-PWG-logo_300x300.webp\" class=\"img-fluid\" alt=\"Neumann PWG Logo\" srcset=\"\/wp-content\/uploads\/2025\/08\/Neumann-PWG-logo_300x300.webp 300w, \/wp-content\/uploads\/2025\/08\/Neumann-PWG-logo_300x300-150x150.webp 150w\" sizes=\"auto, (max-width: 300px) 100vw, 300px\" \/>\r\n                                <\/div>\r\n                            <\/a>                                                                \r\n                        <\/div><div class=\"col-12 col-md-6 col-lg-4 post-img referenz-block-wrapper\">\r\n                            <a href=\"https:\/\/www.pepperl-fuchs.com\/spain\/es\/index.htm\" class=\"https:\/\/www.pepperl-fuchs.com\/spain\/es\/index.htm\" target=\"_blank\" rel=\"noopener\">\r\n                                <div class=\"post\">\r\n                                    <img decoding=\"async\" loading=\"lazy\" width=\"300\" height=\"300\" src=\"\/wp-content\/uploads\/2025\/08\/Pepperl-Fuchs-logo_300x300.webp\" class=\"img-fluid\" alt=\"Pepperl Fuchs Logo\" srcset=\"\/wp-content\/uploads\/2025\/08\/Pepperl-Fuchs-logo_300x300.webp 300w, \/wp-content\/uploads\/2025\/08\/Pepperl-Fuchs-logo_300x300-150x150.webp 150w\" sizes=\"auto, (max-width: 300px) 100vw, 300px\" \/>\r\n                                <\/div>\r\n                            <\/a>                                                                \r\n                        <\/div><div class=\"col-12 col-md-6 col-lg-4 post-img referenz-block-wrapper\">\r\n                            <a href=\"https:\/\/www.photonic-sense.com\" class=\"https:\/\/www.photonic-sense.com\" target=\"_blank\" rel=\"noopener\">\r\n                                <div class=\"post\">\r\n                                    <img decoding=\"async\" loading=\"lazy\" width=\"300\" height=\"300\" src=\"\/wp-content\/uploads\/2025\/08\/Photonic-Sense-logo_300x300.webp\" class=\"img-fluid\" alt=\"Photonic Sense Logo\" srcset=\"\/wp-content\/uploads\/2025\/08\/Photonic-Sense-logo_300x300.webp 300w, \/wp-content\/uploads\/2025\/08\/Photonic-Sense-logo_300x300-150x150.webp 150w\" sizes=\"auto, (max-width: 300px) 100vw, 300px\" \/>\r\n                                <\/div>\r\n                            <\/a>                                                                \r\n                        <\/div><div class=\"col-12 col-md-6 col-lg-4 post-img referenz-block-wrapper\">\r\n                            <a href=\"https:\/\/pmb-bobertag.de\/en\/\" class=\"https:\/\/pmb-bobertag.de\/en\/\" target=\"_blank\" rel=\"noopener\">\r\n                                <div class=\"post\">\r\n                                    <img decoding=\"async\" loading=\"lazy\" width=\"300\" height=\"300\" src=\"\/wp-content\/uploads\/2023\/11\/PMB-Bobertag-logo_300x300.jpg\" class=\"img-fluid\" alt=\"PMB Bobertag Logo\" srcset=\"\/wp-content\/uploads\/2023\/11\/PMB-Bobertag-logo_300x300.jpg 300w, \/wp-content\/uploads\/2023\/11\/PMB-Bobertag-logo_300x300-150x150.jpg 150w\" sizes=\"auto, (max-width: 300px) 100vw, 300px\" \/>\r\n                                <\/div>\r\n                            <\/a>                                                                \r\n                        <\/div><div class=\"col-12 col-md-6 col-lg-4 post-img referenz-block-wrapper\">\r\n                            <a href=\"https:\/\/www.possehl.de\/en\" class=\"https:\/\/www.possehl.de\/en\" target=\"_blank\" rel=\"noopener\">\r\n                                <div class=\"post\">\r\n                                    <img decoding=\"async\" loading=\"lazy\" width=\"300\" height=\"300\" src=\"\/wp-content\/uploads\/2025\/08\/Possehl-Electronics-logo_300x300.webp\" class=\"img-fluid\" alt=\"Possehl Electronics Logo\" srcset=\"\/wp-content\/uploads\/2025\/08\/Possehl-Electronics-logo_300x300.webp 300w, \/wp-content\/uploads\/2025\/08\/Possehl-Electronics-logo_300x300-150x150.webp 150w\" sizes=\"auto, (max-width: 300px) 100vw, 300px\" \/>\r\n                                <\/div>\r\n                            <\/a>                                                                \r\n                        <\/div><div class=\"col-12 col-md-6 col-lg-4 post-img referenz-block-wrapper\">\r\n                            <a href=\"https:\/\/www.pulsotronic-anlagentechnik.de\/?lang=en\" class=\"https:\/\/www.pulsotronic-anlagentechnik.de\/?lang=en\" target=\"_blank\" rel=\"noopener\">\r\n                                <div class=\"post\">\r\n                                    <img decoding=\"async\" loading=\"lazy\" width=\"300\" height=\"300\" src=\"\/wp-content\/uploads\/2025\/08\/Pulsotronic-logo_300x300.webp\" class=\"img-fluid\" alt=\"Pulsotronic Logo\" srcset=\"\/wp-content\/uploads\/2025\/08\/Pulsotronic-logo_300x300.webp 300w, \/wp-content\/uploads\/2025\/08\/Pulsotronic-logo_300x300-150x150.webp 150w\" sizes=\"auto, (max-width: 300px) 100vw, 300px\" \/>\r\n                                <\/div>\r\n                            <\/a>                                                                \r\n                        <\/div><div class=\"col-12 col-md-6 col-lg-4 post-img referenz-block-wrapper\">\r\n                            <a href=\"https:\/\/www.sensopart.com\/en\/\" class=\"https:\/\/www.sensopart.com\/en\/\" target=\"_blank\" rel=\"noopener\">\r\n                                <div class=\"post\">\r\n                                    <img decoding=\"async\" loading=\"lazy\" width=\"300\" height=\"300\" src=\"\/wp-content\/uploads\/2025\/08\/Sensopart-logo_300x300.webp\" class=\"img-fluid\" alt=\"Sensopart Logo\" srcset=\"\/wp-content\/uploads\/2025\/08\/Sensopart-logo_300x300.webp 300w, \/wp-content\/uploads\/2025\/08\/Sensopart-logo_300x300-150x150.webp 150w\" sizes=\"auto, (max-width: 300px) 100vw, 300px\" \/>\r\n                                <\/div>\r\n                            <\/a>                                                                \r\n                        <\/div><div class=\"col-12 col-md-6 col-lg-4 post-img referenz-block-wrapper\">\r\n                            <a href=\"https:\/\/www.signal-construct.de\/en\/\" class=\"https:\/\/www.signal-construct.de\/en\/\" target=\"_blank\" rel=\"noopener\">\r\n                                <div class=\"post\">\r\n                                    <img decoding=\"async\" loading=\"lazy\" width=\"300\" height=\"300\" src=\"\/wp-content\/uploads\/2025\/08\/Signal-Construct-logo_300x300.webp\" class=\"img-fluid\" alt=\"Signal Construct Logo\" srcset=\"\/wp-content\/uploads\/2025\/08\/Signal-Construct-logo_300x300.webp 300w, \/wp-content\/uploads\/2025\/08\/Signal-Construct-logo_300x300-150x150.webp 150w\" sizes=\"auto, (max-width: 300px) 100vw, 300px\" \/>\r\n                                <\/div>\r\n                            <\/a>                                                                \r\n                        <\/div><div class=\"col-12 col-md-6 col-lg-4 post-img referenz-block-wrapper\">\r\n                            <a href=\"https:\/\/www.stille-gmbh.de\/sites\/en\/home.html\" class=\"https:\/\/www.stille-gmbh.de\/sites\/en\/home.html\" target=\"_blank\" rel=\"noopener\">\r\n                                <div class=\"post\">\r\n                                    <img decoding=\"async\" loading=\"lazy\" width=\"300\" height=\"300\" src=\"\/wp-content\/uploads\/2025\/08\/Stille-logo_300x300.webp\" class=\"img-fluid\" alt=\"Stille Logo\" srcset=\"\/wp-content\/uploads\/2025\/08\/Stille-logo_300x300.webp 300w, \/wp-content\/uploads\/2025\/08\/Stille-logo_300x300-150x150.webp 150w\" sizes=\"auto, (max-width: 300px) 100vw, 300px\" \/>\r\n                                <\/div>\r\n                            <\/a>                                                                \r\n                        <\/div><div class=\"col-12 col-md-6 col-lg-4 post-img referenz-block-wrapper\">\r\n                            <a href=\"https:\/\/www.thomas-group.com\/\" class=\"https:\/\/www.thomas-group.com\/\" target=\"_blank\" rel=\"noopener\">\r\n                                <div class=\"post\">\r\n                                    <img decoding=\"async\" loading=\"lazy\" width=\"300\" height=\"300\" src=\"\/wp-content\/uploads\/2025\/08\/Thomas-Magnete-logo_300x300.webp\" class=\"img-fluid\" alt=\"Thomas Magnete Logo\" srcset=\"\/wp-content\/uploads\/2025\/08\/Thomas-Magnete-logo_300x300.webp 300w, \/wp-content\/uploads\/2025\/08\/Thomas-Magnete-logo_300x300-150x150.webp 150w\" sizes=\"auto, (max-width: 300px) 100vw, 300px\" \/>\r\n                                <\/div>\r\n                            <\/a>                                                                \r\n                        <\/div><div class=\"col-12 col-md-6 col-lg-4 post-img referenz-block-wrapper\">\r\n                            <a href=\"https:\/\/www.turck.com\" class=\"https:\/\/www.turck.com\" target=\"_blank\" rel=\"noopener\">\r\n                                <div class=\"post\">\r\n                                    <img decoding=\"async\" loading=\"lazy\" width=\"300\" height=\"300\" src=\"\/wp-content\/uploads\/2025\/08\/Turck-logo_300x300.webp\" class=\"img-fluid\" alt=\"Turck Logo\" srcset=\"\/wp-content\/uploads\/2025\/08\/Turck-logo_300x300.webp 300w, \/wp-content\/uploads\/2025\/08\/Turck-logo_300x300-150x150.webp 150w\" sizes=\"auto, (max-width: 300px) 100vw, 300px\" \/>\r\n                                <\/div>\r\n                            <\/a>                                                                \r\n                        <\/div><div class=\"col-12 col-md-6 col-lg-4 post-img referenz-block-wrapper\">\r\n                            <a href=\"https:\/\/www.vgf-ffm.de\/en\/\" class=\"https:\/\/www.vgf-ffm.de\/en\/\" target=\"_blank\" rel=\"noopener\">\r\n                                <div class=\"post\">\r\n                                    <img decoding=\"async\" loading=\"lazy\" width=\"300\" height=\"300\" src=\"\/wp-content\/uploads\/2025\/08\/Verkehrsgesellschaft-Frankfut-logo_300x300.webp\" class=\"img-fluid\" alt=\"Verkehrsgesellschaft Frankfut Logo\" srcset=\"\/wp-content\/uploads\/2025\/08\/Verkehrsgesellschaft-Frankfut-logo_300x300.webp 300w, \/wp-content\/uploads\/2025\/08\/Verkehrsgesellschaft-Frankfut-logo_300x300-150x150.webp 150w\" sizes=\"auto, (max-width: 300px) 100vw, 300px\" \/>\r\n                                <\/div>\r\n                            <\/a>                                                                \r\n                        <\/div><div class=\"col-12 col-md-6 col-lg-4 post-img referenz-block-wrapper\">\r\n                            <a href=\"https:\/\/www.witt-sensoric.de\/en\/\" class=\"https:\/\/www.witt-sensoric.de\/en\/\" target=\"_blank\" rel=\"noopener\">\r\n                                <div class=\"post\">\r\n                                    <img decoding=\"async\" loading=\"lazy\" width=\"300\" height=\"300\" src=\"\/wp-content\/uploads\/2025\/08\/Witt-Sensoric-logo_300x300.webp\" class=\"img-fluid\" alt=\"Witt Sensoric Logo\" srcset=\"\/wp-content\/uploads\/2025\/08\/Witt-Sensoric-logo_300x300.webp 300w, \/wp-content\/uploads\/2025\/08\/Witt-Sensoric-logo_300x300-150x150.webp 150w\" sizes=\"auto, (max-width: 300px) 100vw, 300px\" \/>\r\n                                <\/div>\r\n                            <\/a>                                                                \r\n                        <\/div><div class=\"col-12 col-md-6 col-lg-4 post-img referenz-block-wrapper\">\r\n                            <a href=\"https:\/\/www.german-sport-guns.com\/\" class=\"https:\/\/www.german-sport-guns.com\/\" target=\"_blank\" rel=\"noopener\">\r\n                                <div class=\"post\">\r\n                                    <img decoding=\"async\" loading=\"lazy\" width=\"300\" height=\"300\" src=\"\/wp-content\/uploads\/2025\/08\/German-Sports-Guns-logo_300x300.webp\" class=\"img-fluid\" alt=\"German Sports Guns Logo\" srcset=\"\/wp-content\/uploads\/2025\/08\/German-Sports-Guns-logo_300x300.webp 300w, \/wp-content\/uploads\/2025\/08\/German-Sports-Guns-logo_300x300-150x150.webp 150w\" sizes=\"auto, (max-width: 300px) 100vw, 300px\" \/>\r\n                                <\/div>\r\n                            <\/a>                                                                \r\n                        <\/div><div class=\"col-12 col-md-6 col-lg-4 post-img referenz-block-wrapper\">\r\n                            <a href=\"https:\/\/www.gusti-leder.de\/\" class=\"https:\/\/www.gusti-leder.de\/\" target=\"_blank\" rel=\"noopener\">\r\n                                <div class=\"post\">\r\n                                    <img decoding=\"async\" loading=\"lazy\" width=\"500\" height=\"500\" src=\"\/wp-content\/uploads\/2025\/08\/Gusti-Leder-logo_300x300.webp\" class=\"img-fluid\" alt=\"Gusti Leder Logo\" srcset=\"\/wp-content\/uploads\/2025\/08\/Gusti-Leder-logo_300x300.webp 500w, \/wp-content\/uploads\/2025\/08\/Gusti-Leder-logo_300x300-300x300.webp 300w, \/wp-content\/uploads\/2025\/08\/Gusti-Leder-logo_300x300-150x150.webp 150w\" sizes=\"auto, (max-width: 500px) 100vw, 500px\" \/>\r\n                                <\/div>\r\n                            <\/a>                                                                \r\n                        <\/div>\r\n                        <\/div>\r\n                   \t<\/div>\r\n                   \t\r\n                   \t<div class=\"row\">\r\n                   \t    <div class=\"col\">\r\n                   \t        <div class=\"d-flex justify-content-between align-items-center\">\r\n                   \t            \r\n                                <a href=\"\/es\/acerca-aci\/referencias\/\">\r\n                                    <div class=\"wt-btn-petrol\">Ver todos<\/div>\r\n                                <\/a>\r\n                                \r\n                                <div>\r\n                   \t                <div class=\"referenz-teaser-dots\"><\/div>\r\n                                <\/div>\r\n                   \t                      \r\n                            <\/div>\r\n                        <\/div>\r\n                    <\/div>\r\n                <\/div>                \r\n                \r\n            <\/div>\n\n\n<div style=\"height:80px\" aria-hidden=\"true\" class=\"wp-block-spacer\"><\/div>\n\n\n<section id=\"news-teaser-block-default-aci\" class=\"news-teaser-block-header default-aci\">\r\n                <div class=\"container\">\r\n                    <div class=\"row\">\r\n                        <div class=\"col\">\r\n                            <div class=\"d-flex justify-content-between align-items-center\">\r\n                                <h2 class=\"main-headline wt-h1\">Noticias<\/h2>\r\n                                <div>\r\n                                    <div class=\"wt-btn-petrol news-teaser-arrow-prev\">\r\n                                        <span class=\"arrow\">\r\n                                            <span><\/span>\r\n                                            <span><\/span>\r\n                                        <\/span>\r\n                                    <\/div>\r\n                                    <div class=\"wt-btn-petrol news-teaser-arrow-next\">\r\n                                        <span class=\"arrow\">\r\n                                            <span><\/span>\r\n                                            <span><\/span>\r\n                                        <\/span>\r\n                                    <\/div>                                    \r\n                                <\/div>\r\n                            <\/div>                            \r\n                        <\/div>\r\n                    <\/div>\r\n                    \r\n                <\/div>\r\n            <\/section>\r\n\r\n            <section class=\"news-teaser-block-wrapper\">\r\n                <div class=\"container\">\r\n                \t<div class=\"row newsPost justify-content-center\">\r\n                        <div class=\"newsPost-slider\">\r\n                            <div class=\"col-12 post-img post-block-wrapper\">\r\n                            <a href=\"\/es\/aci-laser-miembro-plastico-instituto-luedenscheid\/\" class=\"post-ovelay-link\">\r\n                             \r\n                                <div class=\"post\">\r\n                                    <div class=\"post-thumbnail\">\r\n                                        <div class=\"post-thumbnail-layer\">\r\n                                        <img decoding=\"async\" loading=\"lazy\" width=\"500\" height=\"283\" src=\"\/wp-content\/uploads\/2026\/04\/Beitrags-Vorschau-Kunststoff-Institut.jpg\" class=\"attachment-500x500 size-500x500 wp-post-image\" alt=\"Primer plano de un conector o componente electr\u00f3nico marcado con l\u00e1ser en primer plano, con un fondo industrial desenfocado\" srcset=\"\/wp-content\/uploads\/2026\/04\/Beitrags-Vorschau-Kunststoff-Institut.jpg 600w, \/wp-content\/uploads\/2026\/04\/Beitrags-Vorschau-Kunststoff-Institut-300x170.jpg 300w\" sizes=\"auto, (max-width: 500px) 100vw, 500px\" \/>\r\n                                        <\/div>\r\n                                        <div class=\"post-mobile-info wt-post-mobile\">\r\n                                            \r\n                                           <p class=\"h3 mb-3 headline\" role=\"heading\" aria-level=\"3\">ACI Laser es un nuevo miembro del Instituto del&#8230;<\/p>\r\n                                            <div class=\"excerpt\">\r\n                                                Gracias a su pertenencia al Instituto del Pl\u00e1stico de L\u00fcdenscheid, ACI Laser est\u00e1 potenciando&#8230;\r\n                                            <\/div>\r\n                                        <\/div>\r\n                                    <\/div>\r\n                                    \r\n                                <\/div>\r\n                            \r\n                                <div class=\"wt-bt d-inline-block\">\r\n                                    <span class=\"arrow\">\r\n                                        <span><\/span>\r\n                                        <span><\/span>\r\n                                    <\/span>                                                \r\n                                <\/div>\r\n                            \r\n                            <\/a> \r\n                            \r\n                        <\/div><div class=\"col-12 post-img post-block-wrapper\">\r\n                            <a href=\"\/es\/umati-opc-ua-integracion-sistemas-laser\/\" class=\"post-ovelay-link\">\r\n                             \r\n                                <div class=\"post\">\r\n                                    <div class=\"post-thumbnail\">\r\n                                        <div class=\"post-thumbnail-layer\">\r\n                                        <img decoding=\"async\" loading=\"lazy\" width=\"399\" height=\"399\" src=\"\/wp-content\/uploads\/2026\/02\/umati-partner-thumb.jpg\" class=\"attachment-500x500 size-500x500 wp-post-image\" alt=\"Logotipo de socio de umati.\" srcset=\"\/wp-content\/uploads\/2026\/02\/umati-partner-thumb.jpg 399w, \/wp-content\/uploads\/2026\/02\/umati-partner-thumb-300x300.jpg 300w, \/wp-content\/uploads\/2026\/02\/umati-partner-thumb-150x150.jpg 150w\" sizes=\"auto, (max-width: 399px) 100vw, 399px\" \/>\r\n                                        <\/div>\r\n                                        <div class=\"post-mobile-info wt-post-mobile\">\r\n                                            \r\n                                           <p class=\"h3 mb-3 headline\" role=\"heading\" aria-level=\"3\">ACI Laser se convierte en socio de umati: integraci\u00f3n&#8230;<\/p>\r\n                                            <div class=\"excerpt\">\r\n                                                Como socio de umati, ACI Laser est\u00e1 reforzando la integraci\u00f3n OPC UA estandarizada de&#8230;\r\n                                            <\/div>\r\n                                        <\/div>\r\n                                    <\/div>\r\n                                    \r\n                                <\/div>\r\n                            \r\n                                <div class=\"wt-bt d-inline-block\">\r\n                                    <span class=\"arrow\">\r\n                                        <span><\/span>\r\n                                        <span><\/span>\r\n                                    <\/span>                                                \r\n                                <\/div>\r\n                            \r\n                            <\/a> \r\n                            \r\n                        <\/div><div class=\"col-12 post-img post-block-wrapper\">\r\n                            <a href=\"\/es\/claser-de-fibra-ultravioleta-para-el-tratamiento-suave-de-materiales-con-laser\/\" class=\"post-ovelay-link\">\r\n                             \r\n                                <div class=\"post\">\r\n                                    <div class=\"post-thumbnail\">\r\n                                        <div class=\"post-thumbnail-layer\">\r\n                                        <img decoding=\"async\" loading=\"lazy\" width=\"300\" height=\"170\" src=\"\/wp-content\/uploads\/2025\/09\/Produktlaunch-Business-Fiber-UV-preview-1.jpg\" class=\"attachment-500x500 size-500x500 wp-post-image\" alt=\"Product launch UV-Faserlaser DFL Nova Marker\" \/>\r\n                                        <\/div>\r\n                                        <div class=\"post-mobile-info wt-post-mobile\">\r\n                                            \r\n                                           <p class=\"h3 mb-3 headline\" role=\"heading\" aria-level=\"3\">ACI presenta el nuevo l\u00e1ser de fibra UV DFL&#8230;<\/p>\r\n                                            <div class=\"excerpt\">\r\n                                                ACI Laser ampl\u00eda su exitosa serie Business Fiber con el potente l\u00e1ser de fibra&#8230;\r\n                                            <\/div>\r\n                                        <\/div>\r\n                                    <\/div>\r\n                                    \r\n                                <\/div>\r\n                            \r\n                                <div class=\"wt-bt d-inline-block\">\r\n                                    <span class=\"arrow\">\r\n                                        <span><\/span>\r\n                                        <span><\/span>\r\n                                    <\/span>                                                \r\n                                <\/div>\r\n                            \r\n                            <\/a> \r\n                            \r\n                        <\/div><div class=\"col-12 post-img post-block-wrapper\">\r\n                            <a href=\"\/es\/marcado-por-laser-a-alta-presion\/\" class=\"post-ovelay-link\">\r\n                             \r\n                                <div class=\"post\">\r\n                                    <div class=\"post-thumbnail\">\r\n                                        <div class=\"post-thumbnail-layer\">\r\n                                        <img decoding=\"async\" loading=\"lazy\" width=\"300\" height=\"170\" src=\"\/wp-content\/uploads\/2025\/07\/Thumb_Alfotech.jpg\" class=\"attachment-500x500 size-500x500 wp-post-image\" alt=\"Mangueras con racores de acero inoxidable marcados con l\u00e1ser\" \/>\r\n                                        <\/div>\r\n                                        <div class=\"post-mobile-info wt-post-mobile\">\r\n                                            \r\n                                           <p class=\"h3 mb-3 headline\" role=\"heading\" aria-level=\"3\">Marcado l\u00e1ser a alta presi\u00f3n<\/p>\r\n                                            <div class=\"excerpt\">\r\n                                                Para el cliente Alfotech, ACI Laser desarroll\u00f3 una soluci\u00f3n de software personalizada para el&#8230;\r\n                                            <\/div>\r\n                                        <\/div>\r\n                                    <\/div>\r\n                                    \r\n                                <\/div>\r\n                            \r\n                                <div class=\"wt-bt d-inline-block\">\r\n                                    <span class=\"arrow\">\r\n                                        <span><\/span>\r\n                                        <span><\/span>\r\n                                    <\/span>                                                \r\n                                <\/div>\r\n                            \r\n                            <\/a> \r\n                            \r\n                        <\/div>\r\n                        <\/div>\r\n                   \t<\/div>\r\n                   \t\r\n                   \t<div class=\"row\">\r\n                   \t    <div class=\"col\">\r\n                   \t        <div class=\"d-flex justify-content-between align-items-center\">\r\n                   \t            \r\n                                <a href=\"\/es\/acerca-aci\/noticias\/\">\r\n                                    <div class=\"wt-btn-petrol\">Ver todos<\/div>\r\n                                <\/a>\r\n                                \r\n                                <div>\r\n                   \t                <div class=\"news-teaser-dots\"><\/div>\r\n                                <\/div>\r\n                   \t                      \r\n                            <\/div>\r\n                        <\/div>\r\n                    <\/div>\r\n                <\/div>                \r\n                \r\n            <\/section>\n\n\n<div style=\"height:80px\" aria-hidden=\"true\" class=\"wp-block-spacer\"><\/div>\n\n\n\r\n    <style>\r\n                    .testimonial-block-id-69f70e46a0e97 .testimonial-post-wrapper {\r\n                            background:url(\/wp-content\/uploads\/2024\/10\/Prismengrafik_1900x400.webp) no-repeat center center;\r\n                        }\r\n                        @media(max-width:767px) {\r\n                        .testimonial-block-id-69f70e46a0e97 .testimonial-post-wrapper {\r\n                            background-size: cover;\r\n                            background-attachment: scroll;\r\n                        }}\r\n                        \r\n                    <\/style>\r\n            \r\n            <div class=\"testimonial-block-wrapper testimonial-block-id-69f70e46a0e97\">\r\n                \r\n                <div class=\"testimonial-post-wrapper\">\r\n                    <div class=\"container\">\r\n                         <div class=\"row testimonialPost align-items-center\">\r\n                             <h2 class=\"wt-h1 text-center w-100\">Nuestros clientes<\/h2>\r\n\r\n                        <div class=\"col-1 d-flex justify-content-start align-items-center arrow-align\">\r\n                          <div class=\"testimonial-arrow-prev\">\r\n                         <span class=\"arrow\">\r\n                        <span><\/span>\r\n                        <span><\/span>\r\n                      <\/span>\r\n                      <\/div>\r\n                     <\/div>\r\n\r\n                <div class=\"col-10\">\r\n                <div class=\"testimonial-slider\">\r\n                    <div class=\"col-12 col-md-6 col-lg-4 post-img testimonial-block-wrapper\">\r\n    <div class=\"post\">\r\n        <div class=\"d-flex flex-column align-items-center\">\r\n            <div class=\"quote-wrapper\">S\u00f3lo quer\u00eda agradecerles que todo haya ido tan bien con su servicio aqu\u00ed en Jap\u00f3n. Cambiamos 5 l\u00e1seres de dongle de hardware a dongle de software y la comunicaci\u00f3n con su departamento de servicio aqu\u00ed fue muy buena.<\/div><div class=\"company-wrapper\"><p><span>Un cliente satisfecho de ACI<\/span> <\/p><\/div><div class=\"job-wrapper\"><p><\/p><\/div>\r\n            <\/div>\r\n        <\/div>\r\n      <\/div><div class=\"col-12 col-md-6 col-lg-4 post-img testimonial-block-wrapper\">\r\n    <div class=\"post\">\r\n        <div class=\"d-flex flex-column align-items-center\">\r\n            <div class=\"quote-wrapper\">Muchas gracias al Sr. Janicke por el r\u00e1pido y profesional servicio de reparaci\u00f3n y a todos los implicados por la rapidez del proceso.<\/div><div class=\"company-wrapper\"><p><span>ECOM Instruments GmbH<\/span> | Werner Gebert<\/p><\/div><div class=\"job-wrapper\"><p>Jefe de Operaciones<\/p><\/div>\r\n            <\/div>\r\n        <\/div>\r\n      <\/div><div class=\"col-12 col-md-6 col-lg-4 post-img testimonial-block-wrapper\">\r\n    <div class=\"post\">\r\n        <div class=\"d-flex flex-column align-items-center\">\r\n            <div class=\"quote-wrapper\">Agradezco la colaboraci\u00f3n con ACI y me complace que nuestros esfuerzos iniciales est\u00e9n dando sus frutos. Creo que una gran ventaja de ACI es la facilidad con que nos atienden, su cualificaci\u00f3n y la rapidez con que nos informan.<\/div><div class=\"company-wrapper\"><p><span>Pepperl+Fuchs SE<\/span> | C. Ahlheim<\/p><\/div><div class=\"job-wrapper\"><p>Experto en proyectos<\/p><\/div>\r\n            <\/div>\r\n        <\/div>\r\n      <\/div><div class=\"col-12 col-md-6 col-lg-4 post-img testimonial-block-wrapper\">\r\n    <div class=\"post\">\r\n        <div class=\"d-flex flex-column align-items-center\">\r\n            <div class=\"quote-wrapper\">El l\u00e1ser funciona de forma excelente y conseguimos muy buenos resultados. La c\u00e1mara es una herramienta maravillosa para piezas de joyer\u00eda m\u00e1s peque\u00f1as. Nuestros empleados est\u00e1n orgullosos de fabricar productos individuales con el l\u00e1ser de fibra.<\/div><div class=\"company-wrapper\"><p><span>The Engraving Crew<\/span> | T. Evans<\/p><\/div><div class=\"job-wrapper\"><p><\/p><\/div>\r\n            <\/div>\r\n        <\/div>\r\n      <\/div><div class=\"col-12 col-md-6 col-lg-4 post-img testimonial-block-wrapper\">\r\n    <div class=\"post\">\r\n        <div class=\"d-flex flex-column align-items-center\">\r\n            <div class=\"quote-wrapper\">Un producto perfecto combinado con el mejor servicio, un equipo supercompetente y el jefe m\u00e1s simp\u00e1tico del mundo, siempre disponible y totalmente comprometido con su empresa. Muy recomendable.Un producto perfecto combinado con el mejor servicio, un equipo supercompetente y el jefe m\u00e1s simp\u00e1tico del mundo, siempre disponible y totalmente comprometido con su empresa. Muy recomendable.<\/div><div class=\"company-wrapper\"><p><span>Goldschmiede Arthur M\u00fcller<\/span> | S. Thon<\/p><\/div><div class=\"job-wrapper\"><p>Soporte<\/p><\/div>\r\n            <\/div>\r\n        <\/div>\r\n      <\/div><div class=\"col-12 col-md-6 col-lg-4 post-img testimonial-block-wrapper\">\r\n    <div class=\"post\">\r\n        <div class=\"d-flex flex-column align-items-center\">\r\n            <div class=\"quote-wrapper\">Estamos muy satisfechos con el sistema l\u00e1ser de ACI desde hace muchos a\u00f1os. Opciones de configuraci\u00f3n flexibles, una amplia gama de funciones, un buen servicio y la mejora continua del software de aplicaci\u00f3n son puntos que confirman que hemos hecho la elecci\u00f3n correcta con un producto de ACI.<\/div><div class=\"company-wrapper\"><p><span>STILLE Pr\u00e4zisionsmesstechnik GmbH<\/span> | M. Leipold<\/p><\/div><div class=\"job-wrapper\"><p>Direcci\u00f3n comercial<\/p><\/div>\r\n            <\/div>\r\n        <\/div>\r\n      <\/div><div class=\"col-12 col-md-6 col-lg-4 post-img testimonial-block-wrapper\">\r\n    <div class=\"post\">\r\n        <div class=\"d-flex flex-column align-items-center\">\r\n            <div class=\"quote-wrapper\">l soporte con etiquetado de muestra gratuito para nuevos proyectos siempre se desarrolla sin problemas, con la mayor rapidez posible y con una calidad de documentaci\u00f3n que ahorra mucho trabajo y tiempo cuando el proyecto se ejecuta posteriormente. Llevamos utilizando los sistemas l\u00e1ser de ACI desde 2015 y solo podemos confirmar la buena calidad de los dispositivos.<\/div><div class=\"company-wrapper\"><p><span>Technomatik GmbH<\/span> | J. Ga\u00dfner<\/p><\/div><div class=\"job-wrapper\"><p>Jefe de Desarrollo de ProcesosJefe de Desarrollo de Procesos<\/p><\/div>\r\n            <\/div>\r\n        <\/div>\r\n      <\/div><div class=\"col-12 col-md-6 col-lg-4 post-img testimonial-block-wrapper\">\r\n    <div class=\"post\">\r\n        <div class=\"d-flex flex-column align-items-center\">\r\n            <div class=\"quote-wrapper\">Llevamos utilizando los fiables l\u00e1seres de ACI desde 2005 y con cada nuevo proyecto estoy encantado con el competente asesoramiento, los r\u00e1pidos tiempos de respuesta, los precios justos y el gran apoyo. En definitiva, \u00a1simplemente un asunto redondo y limpio!<\/div><div class=\"company-wrapper\"><p><span>Diato GmbH<\/span> | R. Heydel<\/p><\/div><div class=\"job-wrapper\"><p>Jefe de producci\u00f3n<\/p><\/div>\r\n            <\/div>\r\n        <\/div>\r\n      <\/div><div class=\"col-12 col-md-6 col-lg-4 post-img testimonial-block-wrapper\">\r\n    <div class=\"post\">\r\n        <div class=\"d-flex flex-column align-items-center\">\r\n            <div class=\"quote-wrapper\">La puesta en marcha fue como la seda. Quiero darles las gracias por la r\u00e1pida y sencilla realizaci\u00f3n de este proyecto.<\/div><div class=\"company-wrapper\"><p><span>Harmonic Drive SE<\/span> | T. Knapp<\/p><\/div><div class=\"job-wrapper\"><p>T\u00e9cnico de producci\u00f3n mec\u00e1nica<\/p><\/div>\r\n            <\/div>\r\n        <\/div>\r\n      <\/div><div class=\"col-12 col-md-6 col-lg-4 post-img testimonial-block-wrapper\">\r\n    <div class=\"post\">\r\n        <div class=\"d-flex flex-column align-items-center\">\r\n            <div class=\"quote-wrapper\">Llevamos trabajando con el sistema l\u00e1ser desde 2007 sin ning\u00fan problema y estamos muy satisfechos con el servicio competente y el asesoramiento profesional.<\/div><div class=\"company-wrapper\"><p><span>von den Steinen GmbH &#038; Co. KG Pr\u00e4zisionsschneidwerkzeuge<\/span> | U. B\u00e4cker<\/p><\/div><div class=\"job-wrapper\"><p>Asesoramiento t\u00e9cnico<\/p><\/div>\r\n            <\/div>\r\n        <\/div>\r\n      <\/div><div class=\"col-12 col-md-6 col-lg-4 post-img testimonial-block-wrapper\">\r\n    <div class=\"post\">\r\n        <div class=\"d-flex flex-column align-items-center\">\r\n            <div class=\"quote-wrapper\">En nombre de Matthias Wetzel INDUSTRIEBESCHRIFTUNGEN, quiero dar las gracias a los t\u00e9cnicos de servicio por su trabajo sencillo y concienzudo. En nuestra planta se reequip\u00f3 un p\u00f3rtico en X reforzado. Estamos muy satisfechos con esta soluci\u00f3n.<\/div><div class=\"company-wrapper\"><p><span>MAK<\/span> | T. Lammert<\/p><\/div><div class=\"job-wrapper\"><p>Dise\u00f1ador t\u00e9cnico de productos<\/p><\/div>\r\n            <\/div>\r\n        <\/div>\r\n      <\/div><div class=\"col-12 col-md-6 col-lg-4 post-img testimonial-block-wrapper\">\r\n    <div class=\"post\">\r\n        <div class=\"d-flex flex-column align-items-center\">\r\n            <div class=\"quote-wrapper\">Con un nuevo plugin de ACI, he podido ofrecer a varios clientes finales la soluci\u00f3n ideal para sus proyectos de marcado por l\u00e1ser. La nueva funci\u00f3n del software es perfecta y el equipo de ACI es sencillamente el mejor.<\/div><div class=\"company-wrapper\"><p><span>HoLaP<\/span> | L. Chalet<\/p><\/div><div class=\"job-wrapper\"><p>Director<\/p><\/div>\r\n            <\/div>\r\n        <\/div>\r\n      <\/div>\r\n                <\/div>\r\n                <\/div>\r\n\r\n                 <div class=\"col-1 d-flex justify-content-end align-items-center arrow-align\">\r\n                        <div class=\"testimonial-arrow-next\">\r\n                        <span class=\"arrow\">\r\n                        <span><\/span>\r\n                        <span><\/span>\r\n                        <\/span>\r\n                        <\/div>\r\n                    <\/div>\r\n                <\/div>\r\n                <\/div>\r\n                <\/div>              \r\n                \r\n                <div class=\"container\">\r\n                \t                   \t\r\n                   \t<div class=\"row\">\r\n                   \t    <div class=\"col\">\r\n                   \t        <div class=\"d-flex justify-content-end\">                   \t            \r\n                                <div>\r\n                   \t                <div class=\"testimonial-teaser-dots\"><\/div>\r\n                                <\/div>                   \t                      \r\n                            <\/div>\r\n                        <\/div>\r\n                    <\/div>\r\n                    \r\n                <\/div>             \r\n                \r\n            <\/div>\n\n\n<div style=\"height:60px\" aria-hidden=\"true\" class=\"wp-block-spacer\"><\/div>\n\n\n<section class=\"\">\r\n            <div class=\"container\">\r\n            <h2 class=\"main-headline wt-h1 social-wall-headline\">Social Media<\/h2>\r\n            \t<div id=\"loading-posts\" style=\"display:none;\">\r\n               \t\t<span id=\"loading-indicator\"><\/span>\r\n               \t<\/div>\r\n                <div class=\"masonry-container\" id=\"linkedin-data\">\r\n                \t<p id=\"error-linkedin-message\"><\/p>\r\n                    <span id=\"loading-indicator-massonary\" style=\"display:none;\"><\/span>\r\n                <\/div>\r\n                <div class=\"d-flex my-3 justify-content-start\">\r\n                    <a target=\"_blank\" href=\"https:\/\/de.linkedin.com\/company\/aci-laser\">\r\n                         <div class=\"wt-btn-petrol-2\">Ver todos<\/div>\r\n                    <\/a>\r\n                <\/div>\r\n            <\/div>\r\n        <\/section>","protected":false},"excerpt":{"rendered":"","protected":false},"author":1,"featured_media":0,"parent":0,"menu_order":0,"comment_status":"closed","ping_status":"closed","template":"","meta":{"footnotes":""},"class_list":["post-82","page","type-page","status-publish","hentry"],"yoast_head":"<!-- This site is optimized with the Yoast SEO plugin v27.1.1 - https:\/\/yoast.com\/product\/yoast-seo-wordpress\/ -->\n<title>Aplicaciones l\u00e1ser de alta calidad con ACI Laser<\/title>\n<meta name=\"description\" content=\"Descubra nuestras eficaces soluciones de aplicaci\u00f3n l\u00e1ser adaptadas a sus requisitos y necesidades. M\u00e1s informaci\u00f3n\" \/>\n<meta name=\"robots\" content=\"index, follow, max-snippet:-1, max-image-preview:large, max-video-preview:-1\" \/>\n<link rel=\"canonical\" href=\"https:\/\/aci-laser.com\/es\/\" \/>\n<meta property=\"og:locale\" content=\"es_ES\" \/>\n<meta property=\"og:type\" content=\"article\" \/>\n<meta property=\"og:title\" content=\"Aplicaciones l\u00e1ser de alta calidad con ACI Laser\" \/>\n<meta property=\"og:description\" content=\"Descubra nuestras eficaces soluciones de aplicaci\u00f3n l\u00e1ser adaptadas a sus requisitos y necesidades. M\u00e1s informaci\u00f3n\" \/>\n<meta property=\"og:url\" content=\"https:\/\/aci-laser.com\/es\/\" \/>\n<meta property=\"og:site_name\" content=\"ACI Laser GmbH\" \/>\n<meta property=\"article:modified_time\" content=\"2025-08-25T09:34:39+00:00\" \/>\n<meta name=\"twitter:card\" content=\"summary_large_image\" \/>\n<meta name=\"twitter:label1\" content=\"Tiempo de lectura\" \/>\n\t<meta name=\"twitter:data1\" content=\"1 minuto\" \/>\n<script type=\"application\/ld+json\" class=\"yoast-schema-graph\">{\"@context\":\"https:\/\/schema.org\",\"@graph\":[{\"@type\":\"WebPage\",\"@id\":\"https:\/\/aci-laser.com\/es\/\",\"url\":\"https:\/\/aci-laser.com\/es\/\",\"name\":\"Aplicaciones l\u00e1ser de alta calidad con ACI Laser\",\"isPartOf\":{\"@id\":\"https:\/\/aci-laser.com\/es\/#website\"},\"datePublished\":\"2023-04-17T12:21:52+00:00\",\"dateModified\":\"2025-08-25T09:34:39+00:00\",\"description\":\"Descubra nuestras eficaces soluciones de aplicaci\u00f3n l\u00e1ser adaptadas a sus requisitos y necesidades. M\u00e1s informaci\u00f3n\",\"breadcrumb\":{\"@id\":\"https:\/\/aci-laser.com\/es\/#breadcrumb\"},\"inLanguage\":\"es\",\"potentialAction\":[{\"@type\":\"ReadAction\",\"target\":[\"https:\/\/aci-laser.com\/es\/\"]}]},{\"@type\":\"BreadcrumbList\",\"@id\":\"https:\/\/aci-laser.com\/es\/#breadcrumb\",\"itemListElement\":[{\"@type\":\"ListItem\",\"position\":1,\"name\":\"Startseite\",\"item\":\"https:\/\/aci-laser.com\/es\/\"},{\"@type\":\"ListItem\",\"position\":2,\"name\":\"01_Startseite ES\"}]},{\"@type\":\"WebSite\",\"@id\":\"https:\/\/aci-laser.com\/es\/#website\",\"url\":\"https:\/\/aci-laser.com\/es\/\",\"name\":\"ACI Laser GmbH\",\"description\":\"\",\"potentialAction\":[{\"@type\":\"SearchAction\",\"target\":{\"@type\":\"EntryPoint\",\"urlTemplate\":\"https:\/\/aci-laser.com\/es\/?s={search_term_string}\"},\"query-input\":{\"@type\":\"PropertyValueSpecification\",\"valueRequired\":true,\"valueName\":\"search_term_string\"}}],\"inLanguage\":\"es\"}]}<\/script>\n<!-- \/ Yoast SEO plugin. -->","yoast_head_json":{"title":"Aplicaciones l\u00e1ser de alta calidad con ACI Laser","description":"Descubra nuestras eficaces soluciones de aplicaci\u00f3n l\u00e1ser adaptadas a sus requisitos y necesidades. M\u00e1s informaci\u00f3n","robots":{"index":"index","follow":"follow","max-snippet":"max-snippet:-1","max-image-preview":"max-image-preview:large","max-video-preview":"max-video-preview:-1"},"canonical":"https:\/\/aci-laser.com\/es\/","og_locale":"es_ES","og_type":"article","og_title":"Aplicaciones l\u00e1ser de alta calidad con ACI Laser","og_description":"Descubra nuestras eficaces soluciones de aplicaci\u00f3n l\u00e1ser adaptadas a sus requisitos y necesidades. M\u00e1s informaci\u00f3n","og_url":"https:\/\/aci-laser.com\/es\/","og_site_name":"ACI Laser GmbH","article_modified_time":"2025-08-25T09:34:39+00:00","twitter_card":"summary_large_image","twitter_misc":{"Tiempo de lectura":"1 minuto"},"schema":{"@context":"https:\/\/schema.org","@graph":[{"@type":"WebPage","@id":"https:\/\/aci-laser.com\/es\/","url":"https:\/\/aci-laser.com\/es\/","name":"Aplicaciones l\u00e1ser de alta calidad con ACI Laser","isPartOf":{"@id":"https:\/\/aci-laser.com\/es\/#website"},"datePublished":"2023-04-17T12:21:52+00:00","dateModified":"2025-08-25T09:34:39+00:00","description":"Descubra nuestras eficaces soluciones de aplicaci\u00f3n l\u00e1ser adaptadas a sus requisitos y necesidades. M\u00e1s informaci\u00f3n","breadcrumb":{"@id":"https:\/\/aci-laser.com\/es\/#breadcrumb"},"inLanguage":"es","potentialAction":[{"@type":"ReadAction","target":["https:\/\/aci-laser.com\/es\/"]}]},{"@type":"BreadcrumbList","@id":"https:\/\/aci-laser.com\/es\/#breadcrumb","itemListElement":[{"@type":"ListItem","position":1,"name":"Startseite","item":"https:\/\/aci-laser.com\/es\/"},{"@type":"ListItem","position":2,"name":"01_Startseite ES"}]},{"@type":"WebSite","@id":"https:\/\/aci-laser.com\/es\/#website","url":"https:\/\/aci-laser.com\/es\/","name":"ACI Laser GmbH","description":"","potentialAction":[{"@type":"SearchAction","target":{"@type":"EntryPoint","urlTemplate":"https:\/\/aci-laser.com\/es\/?s={search_term_string}"},"query-input":{"@type":"PropertyValueSpecification","valueRequired":true,"valueName":"search_term_string"}}],"inLanguage":"es"}]}},"_links":{"self":[{"href":"https:\/\/aci-laser.com\/es\/wp-json\/wp\/v2\/pages\/82","targetHints":{"allow":["GET"]}}],"collection":[{"href":"https:\/\/aci-laser.com\/es\/wp-json\/wp\/v2\/pages"}],"about":[{"href":"https:\/\/aci-laser.com\/es\/wp-json\/wp\/v2\/types\/page"}],"author":[{"embeddable":true,"href":"https:\/\/aci-laser.com\/es\/wp-json\/wp\/v2\/users\/1"}],"replies":[{"embeddable":true,"href":"https:\/\/aci-laser.com\/es\/wp-json\/wp\/v2\/comments?post=82"}],"version-history":[{"count":37,"href":"https:\/\/aci-laser.com\/es\/wp-json\/wp\/v2\/pages\/82\/revisions"}],"predecessor-version":[{"id":19778,"href":"https:\/\/aci-laser.com\/es\/wp-json\/wp\/v2\/pages\/82\/revisions\/19778"}],"wp:attachment":[{"href":"https:\/\/aci-laser.com\/es\/wp-json\/wp\/v2\/media?parent=82"}],"curies":[{"name":"wp","href":"https:\/\/api.w.org\/{rel}","templated":true}]}}